{"id":24889,"date":"2023-07-03T15:15:52","date_gmt":"2023-07-03T15:15:52","guid":{"rendered":"https:\/\/extension.unvm.edu.ar\/?page_id=24889"},"modified":"2024-03-26T16:57:09","modified_gmt":"2024-03-26T16:57:09","slug":"diplomatura-en-arte-y-transformacion-social-2023-segundo-semestre","status":"publish","type":"page","link":"https:\/\/extension.unvm.edu.ar\/?page_id=24889","title":{"rendered":"Diplomatura en Arte y Transformaci\u00f3n Social 2024"},"content":{"rendered":"<\/div><\/div><\/div><!-- close content main div --><\/div><\/div><div id='av_section_1' class='avia-section main_color avia-section-large avia-no-border-styling avia-bg-style-fixed   container_wrap sidebar_right' style = 'background-repeat: repeat; background-image: url(https:\/\/extension.unvm.edu.ar\/wp-content\/uploads\/2022\/03\/3_Mesa-de-trabajo-1-1-1030x392.png);background-attachment: fixed; background-position: top center; ' data-section-bg-repeat='repeat' ><div class='av-section-color-overlay-wrap'><a href='#next-section' title='' class='scroll-down-link '  aria-hidden='true' data-av_icon='\ue877' data-av_iconfont='entypo-fontello'><\/a><div class='container' ><div class='template-page content  av-content-small alpha units'><div class='post-entry post-entry-type-page post-entry-24889'><div class='entry-content-wrapper clearfix'>\n<div class='flex_column_table av-equal-height-column-flextable -flextable' ><div class=\"flex_column av_one_full  flex_column_table_cell av-equal-height-column av-align-middle av-zero-column-padding first  \" style='border-radius:0px; '><div class='avia-image-container  av-styling-    avia-align-center '  itemprop=\"ImageObject\" itemscope=\"itemscope\" itemtype=\"https:\/\/schema.org\/ImageObject\"  ><div class='avia-image-container-inner'><div class='avia-image-overlay-wrap'><img class='avia_image ' src='https:\/\/extension.unvm.edu.ar\/wp-content\/uploads\/2022\/12\/web-AFC-2023-1030x261.png' alt='' title='web AFC 2023' height=\"261\"width=\"1030\"  itemprop=\"thumbnailUrl\"  \/><\/div><\/div><\/div><\/div><\/div><!--close column table wrapper. Autoclose: 1 -->\n<\/div><\/div><\/div><!-- close content main div --><\/div><\/div><\/div><div id='after_section_1' class='main_color av_default_container_wrap container_wrap sidebar_right'   ><div class='container' ><div class='template-page content  av-content-small alpha units'><div class='post-entry post-entry-type-page post-entry-24889'><div class='entry-content-wrapper clearfix'>\n<section class=\"av_textblock_section \"  itemscope=\"itemscope\" itemtype=\"https:\/\/schema.org\/CreativeWork\" ><div class='avia_textblock  av_inherit_color '  style='color:#6477de; '  itemprop=\"text\" ><h3 style=\"text-align: center;\">El \u00c1rea de Formaci\u00f3n Continua del Instituto de Extensi\u00f3n, en articulaci\u00f3n con el Instituto Acad\u00e9mico Pedag\u00f3gico de Ciencias Humanas, ofrecen esta Diplomatura Superior para personas interesadas en formarse en la construcci\u00f3n de conocimientos que orienten procesos de transformaci\u00f3n social a trav\u00e9s del arte y la cultura.<\/h3>\n<h3 style=\"text-align: center;\"><\/h3>\n<h5 style=\"text-align: center;\"><\/h5>\n<\/div><\/section>\n<div style='height:50px' class='hr hr-invisible  '><span class='hr-inner ' ><span class='hr-inner-style'><\/span><\/span><\/div>\n<section class=\"av_textblock_section \"  itemscope=\"itemscope\" itemtype=\"https:\/\/schema.org\/CreativeWork\" ><div class='avia_textblock  av_inherit_color '  style='color:#6477de; '  itemprop=\"text\" ><h4><span style=\"font-weight: 400;\">Coordinaci\u00f3n General:\u00a0<\/span>Lic. Gabriela Redondo<\/h4>\n<h4><span style=\"font-weight: 400;\">Coordinaci\u00f3n Acad\u00e9mica: <\/span>Adriana Torriglia y Virginia Reyneri<\/h4>\n<h4><\/h4>\n<\/div><\/section>\n<div class=\"togglecontainer   toggle_close_all \" >\n<section class=\"av_toggle_section\"  itemscope=\"itemscope\" itemtype=\"https:\/\/schema.org\/CreativeWork\"  >    <div class=\"single_toggle\" data-tags=\"{Todo} \"  >        <p data-fake-id=\"#toggle-id-1\" class=\"toggler  av-inherit-font-color \"  itemprop=\"headline\"  style='background-color: #d43661; color: #ffffff; '>Formato<span class=\"toggle_icon\" style='border-color:#ffffff;'>        <span class=\"vert_icon\"><\/span><span class=\"hor_icon\"><\/span><\/span><\/p>        <div id=\"toggle-id-1-container\" class=\"toggle_wrap \"  >            <div class=\"toggle_content invers-color  av-inherit-font-color \"  itemprop=\"text\"  style='background-color: #d43661; color: #ffffff; ' ><p><span style=\"font-weight: 400;\">La Diplomatura ofrece tres m\u00f3dulos de formaci\u00f3n com\u00fan (eje troncal) y dos orientaciones con tres seminarios cada una. Cada estudiante tiene la posibilidad de optar por la orientaci\u00f3n\u00a0 \u201cCuerpos Expresivos en la Diversidad; Expresi\u00f3n Corporal Danza\u00bb o por la orientaci\u00f3n \u201cCultura Viva Comunitaria\u201d. Cada una tendr\u00e1 d\u00edas de cursado distintos, lo cual permitir\u00e1, a quien lo desee, realizar las dos orientaciones.<\/span><\/p>\n<p><span style=\"font-weight: 400;\">\u00a0<\/span><\/p>\n            <\/div>        <\/div>    <\/div><\/section>\n<section class=\"av_toggle_section\"  itemscope=\"itemscope\" itemtype=\"https:\/\/schema.org\/CreativeWork\"  >    <div class=\"single_toggle\" data-tags=\"{Todo} \"  >        <p data-fake-id=\"#toggle-id-2\" class=\"toggler  av-inherit-font-color \"  itemprop=\"headline\"  style='background-color: #d43661; color: #ffffff; '>Programa<span class=\"toggle_icon\" style='border-color:#ffffff;'>        <span class=\"vert_icon\"><\/span><span class=\"hor_icon\"><\/span><\/span><\/p>        <div id=\"toggle-id-2-container\" class=\"toggle_wrap \"  >            <div class=\"toggle_content invers-color  av-inherit-font-color \"  itemprop=\"text\"  style='background-color: #d43661; color: #ffffff; ' ><p><a href=\"https:\/\/extension.unvm.edu.ar\/wp-content\/uploads\/2024\/03\/PROGRAMA-DIPLOMATURA-EN-ARTE.pdf\">DESCARGAR PROGRAMA DIPLOMATURA EN ARTE<\/a><\/p>\n            <\/div>        <\/div>    <\/div><\/section>\n<section class=\"av_toggle_section\"  itemscope=\"itemscope\" itemtype=\"https:\/\/schema.org\/CreativeWork\"  >    <div class=\"single_toggle\" data-tags=\"{Todo} \"  >        <p data-fake-id=\"#toggle-id-3\" class=\"toggler  av-inherit-font-color \"  itemprop=\"headline\"  style='background-color: #d43661; color: #ffffff; '>Modalidad<span class=\"toggle_icon\" style='border-color:#ffffff;'>        <span class=\"vert_icon\"><\/span><span class=\"hor_icon\"><\/span><\/span><\/p>        <div id=\"toggle-id-3-container\" class=\"toggle_wrap \"  >            <div class=\"toggle_content invers-color  av-inherit-font-color \"  itemprop=\"text\"  style='background-color: #d43661; color: #ffffff; ' ><p><span style=\"font-weight: 400;\">Cursado semanal con clases sincr\u00f3nicas y asincr\u00f3nicas seg\u00fan se detalla en el Cronograma.<\/span><\/p>\n<p><span style=\"font-weight: 400;\">100% Virtual con encuentros sincr\u00f3nicos y asincr\u00f3nicos.\u00a0<\/span><\/p>\n<p><i><span style=\"font-weight: 400;\">Encuentro presencial: <\/span><\/i><span style=\"font-weight: 400;\">La orientaci\u00f3n <\/span><i><span style=\"font-weight: 400;\">\u201cCuerpos Expresivos en la Diversidad\u201d<\/span><\/i><span style=\"font-weight: 400;\"> propone la participaci\u00f3n en un encuentro presencial de tres d\u00edas de duraci\u00f3n, a realizarse los d\u00edas 12, 13 y 14 de abril. La participaci\u00f3n en el mismo, aunque de car\u00e1cter necesario dada la tem\u00e1tica, no es obligatoria para quienes opten por realizar esta orientaci\u00f3n.<\/span><\/p>\n            <\/div>        <\/div>    <\/div><\/section>\n<section class=\"av_toggle_section\"  itemscope=\"itemscope\" itemtype=\"https:\/\/schema.org\/CreativeWork\"  >    <div class=\"single_toggle\" data-tags=\"{Todo} \"  >        <p data-fake-id=\"#toggle-id-4\" class=\"toggler  av-inherit-font-color \"  itemprop=\"headline\"  style='background-color: #d43661; color: #ffffff; '>Certificado que otorga<span class=\"toggle_icon\" style='border-color:#ffffff;'>        <span class=\"vert_icon\"><\/span><span class=\"hor_icon\"><\/span><\/span><\/p>        <div id=\"toggle-id-4-container\" class=\"toggle_wrap \"  >            <div class=\"toggle_content invers-color  av-inherit-font-color \"  itemprop=\"text\"  style='background-color: #d43661; color: #ffffff; ' ><p><span style=\"font-weight: 400;\">Se podr\u00e1n otorgar certificaci\u00f3n de Aprobaci\u00f3n del Diplomado Superior o de Aprobaci\u00f3n del Diplomado (en el caso de no tener t\u00edtulo universitario). En cualquiera de los dos casos ser\u00e1 requisito cumplimentar con el 75% de la asistencia a las clases pautadas, responder las consignas de cada m\u00f3dulo te\u00f3rico, aprobar el m\u00f3dulo transversal, y aprobar el Trabajo Final.<\/span><\/p>\n<p><span style=\"font-weight: 400;\">Se podr\u00e1 otorgar certificaci\u00f3n de Asistencia al Curso, cuando los\/las inscriptos\/as cumplimenten con el 75% de la asistencia en la instancia presencial\/virtual, y no se presenten o no aprueben la instancia de evaluaci\u00f3n final.<\/span><\/p>\n<p><b><i>Diplomatura en Arte, Cultura y Transformaci\u00f3n Social con orientaci\u00f3n en<\/i><\/b><span style=\"font-weight: 400;\"> \u201cCultura Viva Comunitaria\u201d \/ \u201c Cuerpos Expresivos en la Diversidad; Expresi\u00f3n Corporal Danza\u201d<\/span><\/p>\n            <\/div>        <\/div>    <\/div><\/section>\n<section class=\"av_toggle_section\"  itemscope=\"itemscope\" itemtype=\"https:\/\/schema.org\/CreativeWork\"  >    <div class=\"single_toggle\" data-tags=\"{Todo} \"  >        <p data-fake-id=\"#toggle-id-5\" class=\"toggler  av-inherit-font-color \"  itemprop=\"headline\"  style='background-color: #d43661; color: #ffffff; '>Cuerpo docente<span class=\"toggle_icon\" style='border-color:#ffffff;'>        <span class=\"vert_icon\"><\/span><span class=\"hor_icon\"><\/span><\/span><\/p>        <div id=\"toggle-id-5-container\" class=\"toggle_wrap \"  >            <div class=\"toggle_content invers-color  av-inherit-font-color \"  itemprop=\"text\"  style='background-color: #d43661; color: #ffffff; ' ><ul>\n<li><span style=\"font-weight: 400;\">Mtr. <\/span><span style=\"font-weight: 400;\">Paula Masc\u00edas<\/span><\/li>\n<li><span style=\"font-weight: 400;\">Adriana Torrigla<\/span><\/li>\n<li><span style=\"font-weight: 400;\">Mgter. <\/span><span style=\"font-weight: 400;\">Mercedes Jatuff Bustos<\/span><\/li>\n<li><span style=\"font-weight: 400;\">Lic. Virginia Reyneri<\/span><\/li>\n<li><span style=\"font-weight: 400;\">D\u00e9borah Kalmar<\/span><\/li>\n<li><span style=\"font-weight: 400;\">Amaray Collet<\/span><\/li>\n<li><span style=\"font-weight: 400;\">Lic. Melisa Burin<\/span><\/li>\n<li><span style=\"font-weight: 400;\">Marisa Fern\u00e1ndez<\/span><span style=\"font-weight: 400;\"><br \/>\n<\/span><\/li>\n<\/ul>\n            <\/div>        <\/div>    <\/div><\/section>\n<section class=\"av_toggle_section\"  itemscope=\"itemscope\" itemtype=\"https:\/\/schema.org\/CreativeWork\"  >    <div class=\"single_toggle\" data-tags=\"{Todo} \"  >        <p data-fake-id=\"#toggle-id-6\" class=\"toggler  av-inherit-font-color \"  itemprop=\"headline\"  style='background-color: #d43661; color: #ffffff; '>Cronograma<span class=\"toggle_icon\" style='border-color:#ffffff;'>        <span class=\"vert_icon\"><\/span><span class=\"hor_icon\"><\/span><\/span><\/p>        <div id=\"toggle-id-6-container\" class=\"toggle_wrap \"  >            <div class=\"toggle_content invers-color  av-inherit-font-color \"  itemprop=\"text\"  style='background-color: #d43661; color: #ffffff; ' ><div><strong>Inicia:<\/strong> Lunes 29 de abril<\/div>\n<div><\/div>\n<div><strong>Duraci\u00f3n:<\/strong>\u00a04 meses<\/div>\n<div>\n<div><strong>Cursado: <\/strong>Encuentros sincr\u00f3nicos y asincr\u00f3nicos<\/div>\n<\/div>\n<div><\/div>\n<div><a href=\"https:\/\/extension.unvm.edu.ar\/wp-content\/uploads\/2024\/03\/CRONOGRAMA-DIPLO.pdf\">Descargar cronograma completo<\/a><\/div>\n<div><\/div>\n            <\/div>        <\/div>    <\/div><\/section>\n<section class=\"av_toggle_section\"  itemscope=\"itemscope\" itemtype=\"https:\/\/schema.org\/CreativeWork\"  >    <div class=\"single_toggle\" data-tags=\"{Todo} \"  >        <p data-fake-id=\"#toggle-id-7\" class=\"toggler  av-inherit-font-color \"  itemprop=\"headline\"  style='background-color: #d43661; color: #ffffff; '>Arancel<span class=\"toggle_icon\" style='border-color:#ffffff;'>        <span class=\"vert_icon\"><\/span><span class=\"hor_icon\"><\/span><\/span><\/p>        <div id=\"toggle-id-7-container\" class=\"toggle_wrap \"  >            <div class=\"toggle_content invers-color  av-inherit-font-color \"  itemprop=\"text\"  style='background-color: #d43661; color: #ffffff; ' ><p><strong>P\u00fablico en general: $120.000\u00a0<\/strong><\/p>\n<p>10% de descuento en un pago de contado<\/p>\n<p>20% de descuento para la comunidad UNVM<\/p>\n            <\/div>        <\/div>    <\/div><\/section>\n<\/div>\n<div style='height:50px' class='hr hr-invisible  '><span class='hr-inner ' ><span class='hr-inner-style'><\/span><\/span><\/div>\n<\/div><\/div><\/div><!-- close content main div --><\/div><\/div><div id='av_section_2' class='avia-section main_color avia-section-no-padding avia-no-border-styling avia-bg-style-scroll   container_wrap sidebar_right' style = 'background-color: 6477DE; background-repeat: repeat; background-image: url(https:\/\/extension.unvm.edu.ar\/wp-content\/uploads\/2022\/03\/3_Mesa-de-trabajo-1-1-1030x392.png);background-attachment: scroll; background-position: top left; ' data-section-bg-repeat='repeat' ><div class='container' ><div class='template-page content  av-content-small alpha units'><div class='post-entry post-entry-type-page post-entry-24889'><div class='entry-content-wrapper clearfix'>\n<div style='height:50px' class='hr hr-invisible  '><span class='hr-inner ' ><span class='hr-inner-style'><\/span><\/span><\/div>\n<div class=\"flex_column av_one_half  flex_column_div av-zero-column-padding first  \" style='border-radius:0px; '><article class=\"iconbox iconbox_top main_color    \"  itemscope=\"itemscope\" itemtype=\"https:\/\/schema.org\/CreativeWork\" ><div class=\"iconbox_content\"><header class=\"entry-content-header\"><div class=\"iconbox_icon heading-color \" aria-hidden='true' data-av_icon='\ue811' data-av_iconfont='entypo-fontello'  style='background-color:#d43661; color:#ffffff; ' ><\/div><h3 class='iconbox_content_title '  itemprop=\"headline\"   style='color:#d43661; '>INSCRIPCI\u00d3N<\/h3><\/header><div class='iconbox_content_container  '  itemprop=\"text\"  ><p><a href=\"https:\/\/forms.gle\/C4bXiP8mtNr9qx1L7\">Link de Inscripci\u00f3n<\/a><\/p>\n<p><a href=\"https:\/\/forms.gle\/RtzPhgfKsBhPijur7\">CHARLA INFORMATIVA : Martes 19\/03 &#8211; 19.30 hs.<\/a><\/p>\n<\/div><\/div><footer class=\"entry-footer\"><\/footer><\/article><\/div><div class=\"flex_column av_one_half  flex_column_div av-zero-column-padding   \" style='border-radius:0px; '><article class=\"iconbox iconbox_top main_color    \"  itemscope=\"itemscope\" itemtype=\"https:\/\/schema.org\/CreativeWork\" ><div class=\"iconbox_content\"><header class=\"entry-content-header\"><div class=\"iconbox_icon heading-color \" aria-hidden='true' data-av_icon='\ue862' data-av_iconfont='entypo-fontello'  style='background-color:#d43661; ' ><\/div><h3 class='iconbox_content_title '  itemprop=\"headline\"   style='color:#d43661; '>DURACI\u00d3N<\/h3><\/header><div class='iconbox_content_container  '  itemprop=\"text\"  ><p><span style=\"color: #000000;\">4 meses<\/span><\/p>\n<\/div><\/div><footer class=\"entry-footer\"><\/footer><\/article><\/div><div class=\"flex_column av_one_half  flex_column_div av-zero-column-padding first  \" style='border-radius:0px; '><article class=\"iconbox iconbox_top main_color    \"  itemscope=\"itemscope\" itemtype=\"https:\/\/schema.org\/CreativeWork\" ><div class=\"iconbox_content\"><header class=\"entry-content-header\"><div class=\"iconbox_icon heading-color \" aria-hidden='true' data-av_icon='\ue85b' data-av_iconfont='entypo-fontello'  style='background-color:#d43661; ' ><\/div><h3 class='iconbox_content_title '  itemprop=\"headline\"   style='color:#d43661; '>INICIO DE CLASES<\/h3><\/header><div class='iconbox_content_container  '  itemprop=\"text\"  ><p><span style=\"color: #000000;\">Lunes 29 de Abril 2024<\/span><\/p>\n<\/div><\/div><footer class=\"entry-footer\"><\/footer><\/article><\/div><div class=\"flex_column av_one_half  flex_column_div av-zero-column-padding   \" style='border-radius:0px; '><article class=\"iconbox iconbox_top main_color    \"  itemscope=\"itemscope\" itemtype=\"https:\/\/schema.org\/CreativeWork\" ><div class=\"iconbox_content\"><header class=\"entry-content-header\"><div class=\"iconbox_icon heading-color \" aria-hidden='true' data-av_icon='\ue8ab' data-av_iconfont='entypo-fontello'  style='background-color:#d43661; ' ><\/div><h3 class='iconbox_content_title '  itemprop=\"headline\"   style='color:#d43661; '>MODALIDAD<\/h3><\/header><div class='iconbox_content_container  '  itemprop=\"text\"  ><p>100% Virtual<\/p>\n<\/div><\/div><footer class=\"entry-footer\"><\/footer><\/article><\/div><div style='height:50px' class='hr hr-invisible  '><span class='hr-inner ' ><span class='hr-inner-style'><\/span><\/span><\/div>\n<\/div><\/div><\/div><!-- close content main div --><\/div><\/div><div id='after_section_2' class='main_color av_default_container_wrap container_wrap sidebar_right'   ><div class='container' ><div class='template-page content  av-content-small alpha units'><div class='post-entry post-entry-type-page post-entry-24889'><div class='entry-content-wrapper clearfix'>\n<div style='height:50px' class='hr hr-invisible  '><span class='hr-inner ' ><span class='hr-inner-style'><\/span><\/span><\/div>\n<div class=\"flex_column av_one_full  flex_column_div av-zero-column-padding first  \" style='border-radius:0px; '><div class='avia-button-wrap avia-button-center '><a href='https:\/\/wa.me\/5493534063192'  class='avia-button   avia-icon_select-no avia-color-custom avia-size-x-large avia-position-center '  target=\"_blank\"  style='background-color:#d43661; border-color:#d43661; color:#ffffff; ' ><span class='avia_iconbox_title' >CONSULTAS<\/span><\/a><\/div><\/div>\n<div style='height:50px' class='hr hr-invisible  '><span class='hr-inner ' ><span class='hr-inner-style'><\/span><\/span><\/div>\n<div class='avia-button-wrap avia-button-center '><a href='https:\/\/extension.unvm.edu.ar\/?page_id=11600'  class='avia-button   avia-icon_select-yes-left-icon avia-color-theme-color avia-size-medium avia-position-center '  target=\"_blank\"   ><span class='avia_button_icon avia_button_icon_left ' aria-hidden='true' data-av_icon='\ue880' data-av_iconfont='entypo-fontello'><\/span><span class='avia_iconbox_title' >Volver <\/span><\/a><\/div>\n<div style='height:50px' class='hr hr-invisible  '><span class='hr-inner ' ><span class='hr-inner-style'><\/span><\/span><\/div>\n<\/div><\/div><\/div><!-- close content main div --><\/div><\/div><div id='av_section_3' class='avia-section main_color avia-section-default avia-no-shadow av-section-color-overlay-active avia-bg-style-fixed   av-minimum-height av-minimum-height-25 container_wrap sidebar_right' style = 'background-repeat: repeat; background-image: url(https:\/\/extension.unvm.edu.ar\/wp-content\/uploads\/2022\/03\/3_Mesa-de-trabajo-1-1-1030x392.png);background-attachment: fixed; background-position: center center; ' data-section-bg-repeat='repeat' ><div class='av-section-color-overlay-wrap'><div class='av-section-color-overlay' style='opacity: 0.5; background-color: #003f7a; '><\/div><div class='container' ><div class='template-page content  av-content-small alpha units'><div class='post-entry post-entry-type-page post-entry-24889'><div class='entry-content-wrapper clearfix'><\/div><\/div><\/div><!-- close content main div --><\/div><\/div><\/div><div id='after_section_3' class='main_color av_default_container_wrap container_wrap sidebar_right'   ><div class='container' ><div class='template-page content  av-content-small alpha units'><div class='post-entry post-entry-type-page post-entry-24889'><div class='entry-content-wrapper clearfix'>\n","protected":false},"excerpt":{"rendered":"","protected":false},"author":12,"featured_media":0,"parent":0,"menu_order":0,"comment_status":"closed","ping_status":"closed","template":"","meta":{"_exactmetrics_skip_tracking":false,"_exactmetrics_sitenote_active":false,"_exactmetrics_sitenote_note":"","_exactmetrics_sitenote_category":0,"footnotes":""},"class_list":["post-24889","page","type-page","status-publish","hentry"],"_links":{"self":[{"href":"https:\/\/extension.unvm.edu.ar\/index.php?rest_route=\/wp\/v2\/pages\/24889"}],"collection":[{"href":"https:\/\/extension.unvm.edu.ar\/index.php?rest_route=\/wp\/v2\/pages"}],"about":[{"href":"https:\/\/extension.unvm.edu.ar\/index.php?rest_route=\/wp\/v2\/types\/page"}],"author":[{"embeddable":true,"href":"https:\/\/extension.unvm.edu.ar\/index.php?rest_route=\/wp\/v2\/users\/12"}],"replies":[{"embeddable":true,"href":"https:\/\/extension.unvm.edu.ar\/index.php?rest_route=%2Fwp%2Fv2%2Fcomments&post=24889"}],"version-history":[{"count":20,"href":"https:\/\/extension.unvm.edu.ar\/index.php?rest_route=\/wp\/v2\/pages\/24889\/revisions"}],"predecessor-version":[{"id":27238,"href":"https:\/\/extension.unvm.edu.ar\/index.php?rest_route=\/wp\/v2\/pages\/24889\/revisions\/27238"}],"wp:attachment":[{"href":"https:\/\/extension.unvm.edu.ar\/index.php?rest_route=%2Fwp%2Fv2%2Fmedia&parent=24889"}],"curies":[{"name":"wp","href":"https:\/\/api.w.org\/{rel}","templated":true}]}}