{"id":21994,"date":"2022-08-16T17:00:45","date_gmt":"2022-08-16T17:00:45","guid":{"rendered":"https:\/\/extension.unvm.edu.ar\/?page_id=21994"},"modified":"2024-08-22T13:22:55","modified_gmt":"2024-08-22T13:22:55","slug":"curso-de-oratoria","status":"publish","type":"page","link":"https:\/\/extension.unvm.edu.ar\/?page_id=21994","title":{"rendered":"Curso de ORATORIA I 2023"},"content":{"rendered":"<\/div><\/div><\/div><!-- close content main div --><\/div><\/div><div id='av_section_1' class='avia-section main_color avia-section-large avia-no-border-styling avia-bg-style-fixed   container_wrap sidebar_right' style = 'background-repeat: repeat; background-image: url(https:\/\/extension.unvm.edu.ar\/wp-content\/uploads\/2022\/08\/oratoria-12.png);background-attachment: fixed; background-position: center center; ' data-section-bg-repeat='repeat' ><div class='av-section-color-overlay-wrap'><a href='#next-section' title='' class='scroll-down-link '  aria-hidden='true' data-av_icon='\ue877' data-av_iconfont='entypo-fontello'><\/a><div class='container' ><div class='template-page content  av-content-small alpha units'><div class='post-entry post-entry-type-page post-entry-21994'><div class='entry-content-wrapper clearfix'>\n<div style='height:50px' class='hr hr-invisible  '><span class='hr-inner ' ><span class='hr-inner-style'><\/span><\/span><\/div>\n<div class='flex_column_table av-equal-height-column-flextable -flextable' ><div class=\"flex_column av_one_full  flex_column_table_cell av-equal-height-column av-align-middle av-zero-column-padding first  \" style='background: #dde094; background-color:#dde094; border-radius:0px; '><div class='avia-image-container  av-styling-    avia-align-center '  itemprop=\"ImageObject\" itemscope=\"itemscope\" itemtype=\"https:\/\/schema.org\/ImageObject\"  ><div class='avia-image-container-inner'><div class='avia-image-overlay-wrap'><img class='avia_image ' src='https:\/\/extension.unvm.edu.ar\/wp-content\/uploads\/2022\/08\/oratoria-11.png' alt='' title=''   itemprop=\"thumbnailUrl\"  \/><\/div><\/div><\/div><\/div><\/div><!--close column table wrapper. Autoclose: 1 --><div style='height:50px' class='hr hr-invisible  '><span class='hr-inner ' ><span class='hr-inner-style'><\/span><\/span><\/div>\n<\/div><\/div><\/div><!-- close content main div --><\/div><\/div><\/div><div id='after_section_1' class='main_color av_default_container_wrap container_wrap sidebar_right'   ><div class='container' ><div class='template-page content  av-content-small alpha units'><div class='post-entry post-entry-type-page post-entry-21994'><div class='entry-content-wrapper clearfix'>\n<div style='height:50px' class='hr hr-invisible  '><span class='hr-inner ' ><span class='hr-inner-style'><\/span><\/span><\/div>\n<section class=\"av_textblock_section \"  itemscope=\"itemscope\" itemtype=\"https:\/\/schema.org\/CreativeWork\" ><div class='avia_textblock  av_inherit_color '  style='color:#0b3d9f; '  itemprop=\"text\" ><h4>Coordinaci\u00f3n:<b><span style=\"font-weight: 400;\">\u00a0Lic. Melisa Tagliabue<\/span><\/b><\/h4>\n<p><a href=\"https:\/\/extension.unvm.edu.ar\/wp-content\/uploads\/2024\/08\/CBA_P1063_2024_SDFP-00000217.pdf\">Resoluci\u00f3n ministerial<\/a><\/p>\n<\/div><\/section>\n<div class=\"togglecontainer   toggle_close_all \" >\n<section class=\"av_toggle_section\"  itemscope=\"itemscope\" itemtype=\"https:\/\/schema.org\/CreativeWork\"  >    <div class=\"single_toggle\" data-tags=\"{Todo} \"  >        <p data-fake-id=\"#toggle-id-1\" class=\"toggler  av-inherit-font-color \"  itemprop=\"headline\"  style='background-color: #0b3d9f; color: #ffffff; '>Fundamento<span class=\"toggle_icon\" style='border-color:#ffffff;'>        <span class=\"vert_icon\"><\/span><span class=\"hor_icon\"><\/span><\/span><\/p>        <div id=\"toggle-id-1-container\" class=\"toggle_wrap \"  >            <div class=\"toggle_content invers-color  av-inherit-font-color \"  itemprop=\"text\"  style='background-color: #0b3d9f; color: #ffffff; ' ><p>La comunicaci\u00f3n es una fuente fundamental para poder desarrollar y estimular a trav\u00e9s de los a\u00f1os. Su correcta utilizaci\u00f3n es esencial en todos los \u00e1mbitos de la vida. Al hablar de comunicaci\u00f3n, se hace referencia no solo a lo verbal sino tambi\u00e9n a lo gestual, a las formas de expresarnos y desarrollarnos ante la comunidad. Sin la comunicaci\u00f3n el mundo no ser\u00eda posible.<\/p>\n<p>Por ello, se considera a la oratoria como un proceso meramente importante para que las personas puedan ir desarrollando sus capacidades de una manera locuaz, a trav\u00e9s de las diversas t\u00e9cnicas y herramientas que la misma persigue.<\/p>\n<p><strong><em>La oratoria es definida como el arte de hablar con elocuencia llegando al p\u00fablico de una manera eficaz de acuerdo a la utilizaci\u00f3n de las diversas herramientas que la misma otorga.<\/em><\/strong><\/p>\n            <\/div>        <\/div>    <\/div><\/section>\n<section class=\"av_toggle_section\"  itemscope=\"itemscope\" itemtype=\"https:\/\/schema.org\/CreativeWork\"  >    <div class=\"single_toggle\" data-tags=\"{Todo} \"  >        <p data-fake-id=\"#toggle-id-2\" class=\"toggler  av-inherit-font-color \"  itemprop=\"headline\"  style='background-color: #0b3d9f; color: #ffffff; '>Objetivos<span class=\"toggle_icon\" style='border-color:#ffffff;'>        <span class=\"vert_icon\"><\/span><span class=\"hor_icon\"><\/span><\/span><\/p>        <div id=\"toggle-id-2-container\" class=\"toggle_wrap \"  >            <div class=\"toggle_content invers-color  av-inherit-font-color \"  itemprop=\"text\"  style='background-color: #0b3d9f; color: #ffffff; ' ><ul>\n<li>Que la persona logre adquirir valor y confianza sobre s\u00ed mismo.<\/li>\n<li>Desarrollar de un modo efectivo cada uno de los pilares b\u00e1sicos de la oratoria (voz, gesto y construcci\u00f3n mental) y su ejecuci\u00f3n.<\/li>\n<li>Adoptar de manera natural el uso adecuado de la voz y los gestos correspondientes para cada situaci\u00f3n.<\/li>\n<li>Utilizar las diversas t\u00e9cnicas para superar las circunstancias moment\u00e1neas.<\/li>\n<\/ul>\n            <\/div>        <\/div>    <\/div><\/section>\n<section class=\"av_toggle_section\"  itemscope=\"itemscope\" itemtype=\"https:\/\/schema.org\/CreativeWork\"  >    <div class=\"single_toggle\" data-tags=\"{Todo} \"  >        <p data-fake-id=\"#toggle-id-3\" class=\"toggler  av-inherit-font-color \"  itemprop=\"headline\"  style='background-color: #0b3d9f; color: #ffffff; '>Destinatarios\/as<span class=\"toggle_icon\" style='border-color:#ffffff;'>        <span class=\"vert_icon\"><\/span><span class=\"hor_icon\"><\/span><\/span><\/p>        <div id=\"toggle-id-3-container\" class=\"toggle_wrap \"  >            <div class=\"toggle_content invers-color  av-inherit-font-color \"  itemprop=\"text\"  style='background-color: #0b3d9f; color: #ffffff; ' ><ul>\n<li>Profesionales<\/li>\n<li>Estudiantes<\/li>\n<li>P\u00fablico en general<\/li>\n<\/ul>\n            <\/div>        <\/div>    <\/div><\/section>\n<section class=\"av_toggle_section\"  itemscope=\"itemscope\" itemtype=\"https:\/\/schema.org\/CreativeWork\"  >    <div class=\"single_toggle\" data-tags=\"{Todo} \"  >        <p data-fake-id=\"#toggle-id-4\" class=\"toggler  av-inherit-font-color \"  itemprop=\"headline\"  style='background-color: #0b3d9f; color: #ffffff; '>Contenido<span class=\"toggle_icon\" style='border-color:#ffffff;'>        <span class=\"vert_icon\"><\/span><span class=\"hor_icon\"><\/span><\/span><\/p>        <div id=\"toggle-id-4-container\" class=\"toggle_wrap \"  >            <div class=\"toggle_content invers-color  av-inherit-font-color \"  itemprop=\"text\"  style='background-color: #0b3d9f; color: #ffffff; ' ><p>o La importancia de la comunicaci\u00f3n<br \/>\no Introducci\u00f3n a la oratoria<br \/>\no Miedo Oratorio<br \/>\no Reglas del buen hablar<br \/>\no La comunicaci\u00f3n del cuerpo \/ aspecto personal\/ vestimenta<br \/>\no Preparaci\u00f3n del mensaje y el discurso.<br \/>\no Improvisaci\u00f3n<br \/>\no Uso de la voz y sus cualidades<\/p>\n            <\/div>        <\/div>    <\/div><\/section>\n<section class=\"av_toggle_section\"  itemscope=\"itemscope\" itemtype=\"https:\/\/schema.org\/CreativeWork\"  >    <div class=\"single_toggle\" data-tags=\"{Todo} \"  >        <p data-fake-id=\"#toggle-id-5\" class=\"toggler  av-inherit-font-color \"  itemprop=\"headline\"  style='background-color: #0b3d9f; color: #ffffff; '>Modalidad<span class=\"toggle_icon\" style='border-color:#ffffff;'>        <span class=\"vert_icon\"><\/span><span class=\"hor_icon\"><\/span><\/span><\/p>        <div id=\"toggle-id-5-container\" class=\"toggle_wrap \"  >            <div class=\"toggle_content invers-color  av-inherit-font-color \"  itemprop=\"text\"  style='background-color: #0b3d9f; color: #ffffff; ' ><p>El curso se realizar\u00e1 de manera presencial en el Instituto de Extensi\u00f3n de la Universidad Nacional Villa Mar\u00eda (Santiago del Estero 1365, Villa Mar\u00eda).<\/p>\n            <\/div>        <\/div>    <\/div><\/section>\n<\/div>\n<div style='height:50px' class='hr hr-invisible  '><span class='hr-inner ' ><span class='hr-inner-style'><\/span><\/span><\/div>\n<\/div><\/div><\/div><!-- close content main div --><\/div><\/div><div id='av_section_2' class='avia-section main_color avia-section-no-padding avia-no-border-styling avia-bg-style-scroll   container_wrap sidebar_right' style = 'background-color: #1f1866; background-repeat: repeat; background-image: url(https:\/\/extension.unvm.edu.ar\/wp-content\/uploads\/2022\/08\/oratoria-12-1030x350.png);background-attachment: scroll; background-position: top left; ' data-section-bg-repeat='repeat' ><div class='av-section-color-overlay-wrap'><a href='#next-section' title='' class='scroll-down-link '  aria-hidden='true' data-av_icon='\ue877' data-av_iconfont='entypo-fontello'><\/a><div class='container' ><div class='template-page content  av-content-small alpha units'><div class='post-entry post-entry-type-page post-entry-21994'><div class='entry-content-wrapper clearfix'>\n<div style='height:50px' class='hr hr-invisible  '><span class='hr-inner ' ><span class='hr-inner-style'><\/span><\/span><\/div>\n<div class=\"flex_column av_one_half  flex_column_div av-zero-column-padding first  \" style='border-radius:0px; '><article class=\"iconbox iconbox_top main_color    \"  itemscope=\"itemscope\" itemtype=\"https:\/\/schema.org\/CreativeWork\" ><div class=\"iconbox_content\"><header class=\"entry-content-header\"><div class=\"iconbox_icon heading-color \" aria-hidden='true' data-av_icon='\ue811' data-av_iconfont='entypo-fontello'  style='background-color:#0b3d9f; color:#ffffff; ' ><\/div><h3 class='iconbox_content_title '  itemprop=\"headline\"   style='color:#000000; '>INSCRIPCIONES<\/h3><\/header><div class='iconbox_content_container  '  itemprop=\"text\"  ><p><a href=\"https:\/\/forms.gle\/wCsxGMZnSAxA8HU97\">Link de pre inscripci\u00f3n<\/a><\/p>\n<p><span style=\"color: #000000;\">CUPO LIMITADO<\/span><\/p>\n<\/div><\/div><footer class=\"entry-footer\"><\/footer><\/article><\/div><div class=\"flex_column av_one_half  flex_column_div av-zero-column-padding   \" style='border-radius:0px; '><article class=\"iconbox iconbox_top main_color    \"  itemscope=\"itemscope\" itemtype=\"https:\/\/schema.org\/CreativeWork\" ><div class=\"iconbox_content\"><header class=\"entry-content-header\"><div class=\"iconbox_icon heading-color \" aria-hidden='true' data-av_icon='\ue862' data-av_iconfont='entypo-fontello'  style='background-color:https:\/\/forms.gle\/qd23pAtZRbrCSS3k8; ' ><\/div><h3 class='iconbox_content_title '  itemprop=\"headline\"   style='color:#000000; '>DURACI\u00d3N<\/h3><\/header><div class='iconbox_content_container  '  itemprop=\"text\"  ><p><span style=\"color: #000000;\">4 encuentros\u00a0<\/span><\/p>\n<\/div><\/div><footer class=\"entry-footer\"><\/footer><\/article><\/div><div class=\"flex_column av_one_half  flex_column_div av-zero-column-padding first  \" style='border-radius:0px; '><article class=\"iconbox iconbox_top main_color    \"  itemscope=\"itemscope\" itemtype=\"https:\/\/schema.org\/CreativeWork\" ><div class=\"iconbox_content\"><header class=\"entry-content-header\"><div class=\"iconbox_icon heading-color \" aria-hidden='true' data-av_icon='\ue85b' data-av_iconfont='entypo-fontello'  style='background-color:https:\/\/forms.gle\/qd23pAtZRbrCSS3k8; ' ><\/div><h3 class='iconbox_content_title '  itemprop=\"headline\"   style='color:#000000; '>INICIO DE CLASES<\/h3><\/header><div class='iconbox_content_container  '  itemprop=\"text\"  ><p>Viernes 14 de abril de 2023<\/p>\n<p>De 18.30 a 20.30 hs.<\/p>\n<\/div><\/div><footer class=\"entry-footer\"><\/footer><\/article><\/div><div class=\"flex_column av_one_half  flex_column_div av-zero-column-padding   \" style='border-radius:0px; '><article class=\"iconbox iconbox_top main_color    \"  itemscope=\"itemscope\" itemtype=\"https:\/\/schema.org\/CreativeWork\" ><div class=\"iconbox_content\"><header class=\"entry-content-header\"><div class=\"iconbox_icon heading-color \" aria-hidden='true' data-av_icon='\ue8cf' data-av_iconfont='entypo-fontello'  style='background-color:https:\/\/forms.gle\/qd23pAtZRbrCSS3k8; ' ><\/div><h3 class='iconbox_content_title '  itemprop=\"headline\"   style='color:#000000; '>INVERSI\u00d3N<\/h3><\/header><div class='iconbox_content_container  '  itemprop=\"text\"  ><p><span style=\"color: #000000;\">$6000<\/span><\/p>\n<\/div><\/div><footer class=\"entry-footer\"><\/footer><\/article><\/div><div style='height:50px' class='hr hr-invisible  '><span class='hr-inner ' ><span class='hr-inner-style'><\/span><\/span><\/div>\n<\/div><\/div><\/div><!-- close content main div --><\/div><\/div><\/div><div id='after_section_2' class='main_color av_default_container_wrap container_wrap sidebar_right'   ><div class='container' ><div class='template-page content  av-content-small alpha units'><div class='post-entry post-entry-type-page post-entry-21994'><div class='entry-content-wrapper clearfix'>\n<div style='height:50px' class='hr hr-invisible  '><span class='hr-inner ' ><span class='hr-inner-style'><\/span><\/span><\/div>\n<div class='avia-button-wrap avia-button-center '><a href=''  class='avia-button   avia-icon_select-yes-left-icon avia-color-theme-color avia-size-medium avia-position-center '   ><span class='avia_button_icon avia_button_icon_left ' aria-hidden='true' data-av_icon='\ue880' data-av_iconfont='entypo-fontello'><\/span><span class='avia_iconbox_title' >Volver <\/span><\/a><\/div>\n<div style='height:50px' class='hr hr-invisible  '><span class='hr-inner ' ><span class='hr-inner-style'><\/span><\/span><\/div>\n<\/div><\/div><\/div><!-- close content main div --><\/div><\/div><div id='av_section_3' class='avia-section main_color avia-section-default avia-no-shadow av-section-color-overlay-active avia-bg-style-fixed   av-minimum-height av-minimum-height-25 container_wrap sidebar_right' style = 'background-repeat: no-repeat; background-image: url(https:\/\/extension.unvm.edu.ar\/wp-content\/uploads\/2022\/08\/oratoria-12.png);background-attachment: fixed; background-position: center center; ' data-section-bg-repeat='no-repeat' ><div class='av-section-color-overlay-wrap'><div class='av-section-color-overlay' style='opacity: 0.5; background-color: #003f7a; '><\/div><div class='container' ><div class='template-page content  av-content-small alpha units'><div class='post-entry post-entry-type-page post-entry-21994'><div class='entry-content-wrapper clearfix'><\/div><\/div><\/div><!-- close content main div --><\/div><\/div><\/div><div id='after_section_3' class='main_color av_default_container_wrap container_wrap sidebar_right'   ><div class='container' ><div class='template-page content  av-content-small alpha units'><div class='post-entry post-entry-type-page post-entry-21994'><div class='entry-content-wrapper clearfix'>\n","protected":false},"excerpt":{"rendered":"","protected":false},"author":12,"featured_media":0,"parent":0,"menu_order":0,"comment_status":"closed","ping_status":"closed","template":"","meta":{"_exactmetrics_skip_tracking":false,"_exactmetrics_sitenote_active":false,"_exactmetrics_sitenote_note":"","_exactmetrics_sitenote_category":0,"footnotes":""},"class_list":["post-21994","page","type-page","status-publish","hentry"],"_links":{"self":[{"href":"https:\/\/extension.unvm.edu.ar\/index.php?rest_route=\/wp\/v2\/pages\/21994"}],"collection":[{"href":"https:\/\/extension.unvm.edu.ar\/index.php?rest_route=\/wp\/v2\/pages"}],"about":[{"href":"https:\/\/extension.unvm.edu.ar\/index.php?rest_route=\/wp\/v2\/types\/page"}],"author":[{"embeddable":true,"href":"https:\/\/extension.unvm.edu.ar\/index.php?rest_route=\/wp\/v2\/users\/12"}],"replies":[{"embeddable":true,"href":"https:\/\/extension.unvm.edu.ar\/index.php?rest_route=%2Fwp%2Fv2%2Fcomments&post=21994"}],"version-history":[{"count":16,"href":"https:\/\/extension.unvm.edu.ar\/index.php?rest_route=\/wp\/v2\/pages\/21994\/revisions"}],"predecessor-version":[{"id":28627,"href":"https:\/\/extension.unvm.edu.ar\/index.php?rest_route=\/wp\/v2\/pages\/21994\/revisions\/28627"}],"wp:attachment":[{"href":"https:\/\/extension.unvm.edu.ar\/index.php?rest_route=%2Fwp%2Fv2%2Fmedia&parent=21994"}],"curies":[{"name":"wp","href":"https:\/\/api.w.org\/{rel}","templated":true}]}}