{"id":21836,"date":"2022-08-10T17:39:38","date_gmt":"2022-08-10T17:39:38","guid":{"rendered":"https:\/\/extension.unvm.edu.ar\/?page_id=21836"},"modified":"2023-12-15T12:22:23","modified_gmt":"2023-12-15T12:22:23","slug":"que-son-los-proyectos","status":"publish","type":"page","link":"https:\/\/extension.unvm.edu.ar\/?page_id=21836","title":{"rendered":"\u00bfQu\u00e9 son los proyectos?"},"content":{"rendered":"<\/div><\/div><\/div><!-- close content main div --><\/div><\/div><div id='av_section_1' class='avia-section main_color avia-section-large avia-no-border-styling avia-bg-style-scroll   container_wrap sidebar_right' style = 'background-image: '  ><div class='av-section-color-overlay-wrap'><a href='#next-section' title='' class='scroll-down-link '  aria-hidden='true' data-av_icon='\ue877' data-av_iconfont='entypo-fontello'><\/a><div class='container' ><div class='template-page content  av-content-small alpha units'><div class='post-entry post-entry-type-page post-entry-21836'><div class='entry-content-wrapper clearfix'>\n<div class='flex_column_table av-equal-height-column-flextable -flextable' ><div class=\"flex_column av_two_third  flex_column_table_cell av-equal-height-column av-align-middle av-zero-column-padding first  \" style='border-radius:0px; '><div style='padding-bottom:30px; color:#ff5d76;font-size:50px;' class='av-special-heading av-special-heading-h1 custom-color-heading blockquote modern-quote   av-inherit-size '><h1 class='av-special-heading-tag '  itemprop=\"headline\"  >\u00bfQu\u00e9 son los proyectos?<\/h1><div class='special-heading-border'><div class='special-heading-inner-border' style='border-color:#ff5d76'><\/div><\/div><\/div><\/div><\/div><!--close column table wrapper. Autoclose: 1 --><div class='flex_column_table av-equal-height-column-flextable -flextable' ><div class='av-flex-placeholder'><\/div><div class=\"flex_column av_one_third  flex_column_table_cell av-equal-height-column av-align-middle av-zero-column-padding   \" style='border-radius:0px; '><div class='avia-image-container  av-styling-    avia-align-center '  itemprop=\"ImageObject\" itemscope=\"itemscope\" itemtype=\"https:\/\/schema.org\/ImageObject\"  ><div class='avia-image-container-inner'><div class='avia-image-overlay-wrap'><a href='https:\/\/extension.unvm.edu.ar\/?page_id=21761' class='avia_image'  ><img class='avia_image ' src='https:\/\/extension.unvm.edu.ar\/wp-content\/uploads\/2022\/10\/Sin-t\u00edtulo-2-02-300x269.png' alt='' title='Sin t\u00edtulo-2-02'  itemprop=\"thumbnailUrl\"  \/><\/a><\/div><\/div><\/div><\/div><\/div><!--close column table wrapper. Autoclose: 1 --><\/div><\/div><\/div><!-- close content main div --><\/div><\/div><\/div><div id='after_section_1' class='main_color av_default_container_wrap container_wrap sidebar_right'   ><div class='container' ><div class='template-page content  av-content-small alpha units'><div class='post-entry post-entry-type-page post-entry-21836'><div class='entry-content-wrapper clearfix'><div style='padding-bottom:30px; color:#ff5d76;font-size:20px;' class='av-special-heading av-special-heading-h2 custom-color-heading blockquote modern-quote modern-centered   av-thin-font av-inherit-size '><h2 class='av-special-heading-tag '  itemprop=\"headline\"  ><strong> \u00abUn proyecto es la ordenaci\u00f3n de un conjunto de actividades que, combinando recursos humanos, materiales, financieros y tecnol\u00f3gicos, se realizan con el prop\u00f3sito de conseguir un resultado. En el caso de los proyectos extensionistas, intentan modificar una situaci\u00f3n, generaci\u00f3n de un cambio o avance, frecuentemente insertos en procesos a mayor escala de desarrollo territorial.\u00bb <\/strong><\/h2><div class='special-heading-border'><div class='special-heading-inner-border' style='border-color:#ff5d76'><\/div><\/div><\/div><\/p>\n<\/div><\/div><\/div><!-- close content main div --><\/div><\/div><div id='av_section_2' class='avia-section main_color avia-section-no-padding avia-no-border-styling avia-bg-style-scroll   container_wrap sidebar_right' style = 'background-image: '  ><div class='av-section-color-overlay-wrap'><a href='#next-section' title='' class='scroll-down-link '  aria-hidden='true' data-av_icon='\ue877' data-av_iconfont='entypo-fontello'><\/a><div class='container' ><div class='template-page content  av-content-small alpha units'><div class='post-entry post-entry-type-page post-entry-21836'><div class='entry-content-wrapper clearfix'>\n<div class=\"togglecontainer   toggle_close_all \" >\n<section class=\"av_toggle_section\"  itemscope=\"itemscope\" itemtype=\"https:\/\/schema.org\/CreativeWork\"  >    <div class=\"single_toggle\" data-tags=\"{Todo} \"  >        <p data-fake-id=\"#toggle-id-1\" class=\"toggler  av-inherit-font-color  av-inherit-border-color \"  itemprop=\"headline\"  style='color: #ff5d76; border-color: #ff5d76; '>Fundamento<span class=\"toggle_icon\" style='border-color:#ff5d76;'>        <span class=\"vert_icon\"><\/span><span class=\"hor_icon\"><\/span><\/span><\/p>        <div id=\"toggle-id-1-container\" class=\"toggle_wrap \"  >            <div class=\"toggle_content invers-color  av-inherit-font-color  av-inherit-border-color \"  itemprop=\"text\"  style='color: #ff5d76; border-color: #ff5d76; ' ><p>El <strong>Instituto de Extensi\u00f3n<\/strong> de la Universidad Nacional Villa Mar\u00eda (UNVM) toma como marco a la Ley Nacional de Educaci\u00f3n Superior N\u00ba 24.521 que establece\u00a0<em>\u201ccomo funciones b\u00e1sicas de las instituciones universitarias, la formaci\u00f3n y capacitaci\u00f3n de cient\u00edficos, profesionales, docentes y t\u00e9cnicos atendiendo a las demandas regionales, la promoci\u00f3n y desarrollo de la investigaci\u00f3n cient\u00edfica y tecnol\u00f3gica, los estudios human\u00edsticos y las creaciones art\u00edsticas; la creaci\u00f3n y difusi\u00f3n de conocimientos y la cultura en todas sus formas, la preservaci\u00f3n de la cultura nacional y la extensi\u00f3n de su acci\u00f3n y sus servicios a la comunidad, con el fin de contribuir a su desarrollo y transformaci\u00f3n, estudiando en particular los problemas nacionales y regionales y prestando asistencia cient\u00edfica y t\u00e9cnica al Estado y a la comunidad\u201d.<\/em><\/p>\n<p>En igual sentido, el\u00a0<strong>Consejo Interuniversitario Nacional<\/strong>\u00a0(CIN) afirma la\u00a0<em>\u201crevalorizaci\u00f3n de la Universidad como un actor m\u00e1s en la construcci\u00f3n del conocimiento y no como el \u00fanico protagonista construcci\u00f3n, lo que lleva a la conformaci\u00f3n de equipos interdisciplinarios, a la creaci\u00f3n de espacios institucionales de la sociedad, a una nueva forma de vinculaci\u00f3n con el contexto\u201d<\/em>\u00a0y establece\u00a0<em>\u201c La consecuente necesidad de reforzar desde el punto de vista presupuestario las actividades de extensi\u00f3n\u00a0<\/em><em>en las Universidades Nacionales y equipararlas con el Sistema de Ciencia y T\u00e9cnica a fin de cumplir con el compromiso social de las universidades\u201d.<\/em><\/p>\n<p>En este marco, el\u00a0<strong>Ministerio de Educaci\u00f3n de la Naci\u00f3n Argentina<\/strong>, a trav\u00e9s de la Secretaria de Pol\u00edticas Universitarias (SPU), promueve diversas pol\u00edticas y acciones para impulsar las actividades universitarias que den sustento al cumplimiento de los objetivos mencionados, plasmados en las tres funciones b\u00e1sicas de la actividad universitaria como son la Investigaci\u00f3n, la docencia y la extensi\u00f3n.<\/p>\n<p>Por todo lo ello, el Ministerio de Educaci\u00f3n, resuelve sugerir a las Universidades que integren en las instancias de evaluaci\u00f3n docente para el desarrollo de la carrera docente universitaria, una valoraci\u00f3n espec\u00edfica y positiva a los que desarrollen, adem\u00e1s del dictado de clases, tareas de investigaci\u00f3n, extensi\u00f3n, vinculaci\u00f3n y transferencia del conocimiento, acciones de acompa\u00f1amiento de\u00a0voluntariados que realicen los estudiantes.<\/p>\n            <\/div>        <\/div>    <\/div><\/section>\n<section class=\"av_toggle_section\"  itemscope=\"itemscope\" itemtype=\"https:\/\/schema.org\/CreativeWork\"  >    <div class=\"single_toggle\" data-tags=\"{Todo} \"  >        <p data-fake-id=\"#toggle-id-2\" class=\"toggler  av-inherit-font-color  av-inherit-border-color \"  itemprop=\"headline\"  style='color: #ff5d76; border-color: #ff5d76; '>Objetivos<span class=\"toggle_icon\" style='border-color:#ff5d76;'>        <span class=\"vert_icon\"><\/span><span class=\"hor_icon\"><\/span><\/span><\/p>        <div id=\"toggle-id-2-container\" class=\"toggle_wrap \"  >            <div class=\"toggle_content invers-color  av-inherit-font-color  av-inherit-border-color \"  itemprop=\"text\"  style='color: #ff5d76; border-color: #ff5d76; ' ><p>El Instituto de Extensi\u00f3n brinda apoyo econ\u00f3mico y\/o aval\u00a0acad\u00e9mico a Proyectos de Extensi\u00f3n desarrollados<br \/>\nconjuntamente entre la UNVM y organizaciones y\/o instituciones vinculadas.<\/p>\n<p>Un\u00a0proyecto es la ordenaci\u00f3n de un conjunto de actividades\u00a0que, combinando recursos humanos, materiales, financieros\u00a0y tecnol\u00f3gicos, se realizan con el prop\u00f3sito de conseguir\u00a0un resultado. En el caso de los proyectos extensionistas,\u00a0son intentos concretos de intentar modificar una\u00a0situaci\u00f3n, generaci\u00f3n de un cambio o avance,\u00a0frecuentemente insertos en procesos a mayor escala\u00a0desarrollo territorial.<\/p>\n<p>Los Proyectos de Extensi\u00f3n vinculan la universidad con la\u00a0sociedad con objetivos de mediano plazo. Cada uno atiende un proceso de construcci\u00f3n social en\u00a0particular e implica propuestas culturales, sociales,\u00a0educativas y\/o productivas.<\/p>\n            <\/div>        <\/div>    <\/div><\/section>\n<section class=\"av_toggle_section\"  itemscope=\"itemscope\" itemtype=\"https:\/\/schema.org\/CreativeWork\"  >    <div class=\"single_toggle\" data-tags=\"{Todo} \"  >        <p data-fake-id=\"#toggle-id-3\" class=\"toggler  av-inherit-font-color  av-inherit-border-color \"  itemprop=\"headline\"  style='color: #ff5d76; border-color: #ff5d76; '>Convocatoria<span class=\"toggle_icon\" style='border-color:#ff5d76;'>        <span class=\"vert_icon\"><\/span><span class=\"hor_icon\"><\/span><\/span><\/p>        <div id=\"toggle-id-3-container\" class=\"toggle_wrap \"  >            <div class=\"toggle_content invers-color  av-inherit-font-color  av-inherit-border-color \"  itemprop=\"text\"  style='color: #ff5d76; border-color: #ff5d76; ' ><p>Las\u00a0<strong>convocatorias<\/strong>\u00a0representan una importante\u00a0iniciativa\u00a0por parte del Instituto de Extensi\u00f3n, que busca\u00a0promover la verdadera articulaci\u00f3n y vinculaci\u00f3n entre la Universidad y la sociedad en la que est\u00e1 inserta.\u00a0Adem\u00e1s se apunta a contribuir la promoci\u00f3n del desarrollo local y regional con el objetivo final de mejorar la calidad de vida de la poblaci\u00f3n.<\/p>\n<p>El <strong>Consejo Asesor de Extensi\u00f3n<\/strong> (Art. 82\u00ba Estatuto de la UNVM), realizar\u00e1 las convocatorias de presentaci\u00f3n de Proyectos, definiendo en las Bases y Condiciones las particularidades en las que se enmarca cada una, cumpliendo con los requisitos establecidos en la presente reglamentaci\u00f3n. La convocatoria ser\u00e1 aprobada junto con la asignaci\u00f3n presupuestaria, los plazos para la difusi\u00f3n y la presentaci\u00f3n.<\/p>\n            <\/div>        <\/div>    <\/div><\/section>\n<section class=\"av_toggle_section\"  itemscope=\"itemscope\" itemtype=\"https:\/\/schema.org\/CreativeWork\"  >    <div class=\"single_toggle\" data-tags=\"{Todo} \"  >        <p data-fake-id=\"#toggle-id-4\" class=\"toggler  av-inherit-font-color  av-inherit-border-color \"  itemprop=\"headline\"  style='color: #ff5d76; border-color: #ff5d76; '>Modalidades<span class=\"toggle_icon\" style='border-color:#ff5d76;'>        <span class=\"vert_icon\"><\/span><span class=\"hor_icon\"><\/span><\/span><\/p>        <div id=\"toggle-id-4-container\" class=\"toggle_wrap \"  >            <div class=\"toggle_content invers-color  av-inherit-font-color  av-inherit-border-color \"  itemprop=\"text\"  style='color: #ff5d76; border-color: #ff5d76; ' ><p>Los Proyectos de Extensi\u00f3n disponen de recursos humanos, materiales y econ\u00f3micos con el objetivo\u00a0de:<\/p>\n<p>a) promover la articulaci\u00f3n y vinculaci\u00f3n entre la Universidad y el Medio Social,<\/p>\n<p>b) contribuir a la\u00a0promoci\u00f3n del desarrollo local y regional y,<\/p>\n<p>c) mejorar la calidad de vida de la poblaci\u00f3n.<\/p>\n<p>Las pr\u00e1cticas extensionistas, con el fin de articular saberes y demandas sociales, exigen un abordaje\u00a0interdisciplinar del problema a ser afrontado, pero los proyectos podr\u00e1n presentar distintas\u00a0modalidades:<\/p>\n<ol>\n<li><strong>SOCIO-COMUNITARIOS:<\/strong> est\u00e1n orientados al abordaje de la problem\u00e1tica\u00a0socio-econ\u00f3mica, socio-ambiental y\/ o socio-cultural en forma interdisciplinaria. Se busca como\u00a0finalidad contribuir a la promoci\u00f3n de las capacidades humanas de la poblaci\u00f3n, con la finalidad de\u00a0mejorar la calidad de vida a trav\u00e9s del impacto de sus acciones.<\/li>\n<li><strong>SOCIO-PRODUCTIVOS:<\/strong> son\u00a0aquellos proyectos orientados al trabajo conjunto y coordinado de la comunidad a trav\u00e9s de\u00a0organizaciones gubernamentales y no gubernamentales en la producci\u00f3n de bienes y servicios. En la\u00a0actual convocatoria, se valorar\u00e1 preferencialmente a aquellos proyectos que promuevan el\u00a0fortalecimiento de la econom\u00eda social y solidaria.<\/li>\n<li><strong>SOCIO-CULTURAL:<\/strong> aquellos proyectos\u00a0orientados al rescate, puesta en valor y promoci\u00f3n del patrimonio cultural, la producci\u00f3n art\u00edstica; la\u00a0producci\u00f3n, promoci\u00f3n y circulaci\u00f3n de bienes culturales.<\/li>\n<li><strong>DE INTER\u00c9S INSTITUCIONAL:\u00a0<\/strong>proyectos que tienen como objetivo principal formular propuestas de soluci\u00f3n frente a las diferentes\u00a0problem\u00e1ticas percibidas o emergentes ante una demanda concreta por parte de organizaciones o\u00a0instituciones del medio, qui\u00e9nes deber\u00e1n expresar su expl\u00edcito inter\u00e9s y compromiso para llevar adelante las acciones contempladas en la planificaci\u00f3n del proyecto.<\/li>\n<\/ol>\n            <\/div>        <\/div>    <\/div><\/section>\n<section class=\"av_toggle_section\"  itemscope=\"itemscope\" itemtype=\"https:\/\/schema.org\/CreativeWork\"  >    <div class=\"single_toggle\" data-tags=\"{Todo} \"  >        <p data-fake-id=\"#toggle-id-5\" class=\"toggler  av-inherit-font-color  av-inherit-border-color \"  itemprop=\"headline\"  style='color: #ff5d76; border-color: #ff5d76; '>Integrantes<span class=\"toggle_icon\" style='border-color:#ff5d76;'>        <span class=\"vert_icon\"><\/span><span class=\"hor_icon\"><\/span><\/span><\/p>        <div id=\"toggle-id-5-container\" class=\"toggle_wrap \"  >            <div class=\"toggle_content invers-color  av-inherit-font-color  av-inherit-border-color \"  itemprop=\"text\"  style='color: #ff5d76; border-color: #ff5d76; ' ><p>Podr\u00e1n presentar Proyectos de Extensi\u00f3n todos\/as los\/as docentes y nodocentes en ejercicio de la\u00a0Universidad Nacional de Villa Mar\u00eda.<\/p>\n<p>El equipo deber\u00e1 estar conformado por un\/a Director\/a que podr\u00e1 ser cualquier docente o\u00a0nodocente, un\/a Codirector\/a que por consideraci\u00f3n del Director\/a podr\u00e1 ser cualquier integrante de\u00a0la comunidad universitaria; y, un\/a Coordinador\/a (en caso de ser necesario) que puede ser cualquier\u00a0integrante de la comunidad universitaria de la UNVM (docente, nodocente, estudiante o graduado).<\/p>\n<p>Adem\u00e1s es aconsejable la incorporaci\u00f3n de docentes, nodocentes, graduados\/as, estudiantes,\u00a0integrantes responsables de las Organizaciones civiles participantes del proyecto y voluntarios. Tambi\u00e9n, podr\u00e1n formar parte del equipo del proyecto estudiantes del sistema educaci\u00f3n superior\u00a0no universitaria y de nivel medio.<\/p>\n<p>El Director del proyecto ser\u00e1 el responsable acad\u00e9mico y financiero del proyecto. En caso de\u00a0fallecimiento, enfermedad, renuncia o cualquier otra situaci\u00f3n que impida al Director continuar\u00a0ejerciendo sus funciones, las mismas ser\u00e1n asumidas por el Codirector. En caso que el Codirector\/a\u00a0no sea trabajador\/a de la UNVM (docente o nodocente) no podr\u00e1 ser responsable financiero del\u00a0Proyecto, pero s\u00ed contar\u00e1 con la potestad de designar que integrante del equipo se desempe\u00f1ar\u00e1\u00a0como responsable financiero, teniendo en cuenta que para tal fin deber\u00e1 ser un integrante del\u00a0equipo que se desempe\u00f1e como trabajador\/a en la UNVM.<\/p>\n<p>En todos los casos, el Director\/a o Codirector\/a podr\u00e1 serlo de un solo proyecto por Convocatoria. Si\u00a0podr\u00e1 formar parte en calidad de integrante de un proyecto m\u00e1s. El resto de los integrantes podr\u00e1n\u00a0participar en hasta dos proyectos.<\/p>\n<p>Para su aceptaci\u00f3n, los proyectos deber\u00e1n incorporar a sus equipos de trabajo al menos a 3 (tres)\u00a0estudiantes de la UNVM, entendiendo que esta Convocatoria se propone fortalecer la actividad\u00a0extensionista entre la comunidad universitaria, y destacando la importancia de la relaci\u00f3n de los\/as estudiantes con la extensi\u00f3n universitaria, siendo que a\u00fan esta no se encuentra curricularizada en\u00a0nuestra universidad.<\/p>\n            <\/div>        <\/div>    <\/div><\/section>\n<section class=\"av_toggle_section\"  itemscope=\"itemscope\" itemtype=\"https:\/\/schema.org\/CreativeWork\"  >    <div class=\"single_toggle\" data-tags=\"{Todo} \"  >        <p data-fake-id=\"#toggle-id-6\" class=\"toggler  av-inherit-font-color  av-inherit-border-color \"  itemprop=\"headline\"  style='color: #ff5d76; border-color: #ff5d76; '>Plazo de ejecuci\u00f3n<span class=\"toggle_icon\" style='border-color:#ff5d76;'>        <span class=\"vert_icon\"><\/span><span class=\"hor_icon\"><\/span><\/span><\/p>        <div id=\"toggle-id-6-container\" class=\"toggle_wrap \"  >            <div class=\"toggle_content invers-color  av-inherit-font-color  av-inherit-border-color \"  itemprop=\"text\"  style='color: #ff5d76; border-color: #ff5d76; ' ><p>Los proyectos podr\u00e1n tener un plazo de ejecuci\u00f3n <strong>m\u00ednimo de 6 meses y m\u00e1ximo de 12 meses.<\/strong><\/p>\n<p>La\u00a0posibilidad de prorrogar el per\u00edodo de ejecuci\u00f3n puede solicitarse con presentaci\u00f3n de informe\u00a0parcial de actividades realizadas, justificaci\u00f3n de nuevo cronograma de actividades, y la ejecuci\u00f3n\u00a0total del proyecto no podr\u00e1 superar los 15 meses.<\/p>\n            <\/div>        <\/div>    <\/div><\/section>\n<\/div>\n<\/div><\/div><\/div><!-- close content main div --><\/div><\/div><\/div><div id='after_section_2' class='main_color av_default_container_wrap container_wrap sidebar_right'   ><div class='container' ><div class='template-page content  av-content-small alpha units'><div class='post-entry post-entry-type-page post-entry-21836'><div class='entry-content-wrapper clearfix'>\n<div class='avia-button-wrap avia-button-center '><a href='https:\/\/extension.unvm.edu.ar\/?page_id=21761'  class='avia-button   avia-icon_select-no avia-color-custom avia-size-large avia-position-center '  style='background-color:#ff5d76; border-color:#ff5d76; color:#ffffff; ' ><span class='avia_iconbox_title' >VOLVER<\/span><\/a><\/div>\n<\/div><\/div><\/div><!-- close content main div --><\/div><\/div><div id='av_section_3' class='avia-section main_color avia-section-default avia-no-shadow avia-full-stretch av-parallax-section av-section-color-overlay-active avia-bg-style-parallax   av-minimum-height av-minimum-height-25 container_wrap sidebar_right'  data-section-bg-repeat='stretch' ><div class='av-parallax' data-avia-parallax-ratio='0.3' ><div class='av-parallax-inner main_color  avia-full-stretch' style = 'background-repeat: no-repeat; background-image: url(http:\/\/humanas.unvm.edu.ar\/wp-content\/uploads\/2018\/08\/1-1.jpg);background-attachment: scroll; background-position: center center; ' ><\/div><\/div><div class='av-section-color-overlay-wrap'><div class='av-section-color-overlay' style='opacity: 0.5; background-color: #003f7a; '><\/div><div class='container' ><div class='template-page content  av-content-small alpha units'><div class='post-entry post-entry-type-page post-entry-21836'><div class='entry-content-wrapper clearfix'><\/div><\/div><\/div><!-- close content main div --><\/div><\/div><\/div><div id='after_section_3' class='main_color av_default_container_wrap container_wrap sidebar_right'   ><div class='container' ><div class='template-page content  av-content-small alpha units'><div class='post-entry post-entry-type-page post-entry-21836'><div class='entry-content-wrapper clearfix'>\n","protected":false},"excerpt":{"rendered":"","protected":false},"author":12,"featured_media":0,"parent":0,"menu_order":0,"comment_status":"closed","ping_status":"closed","template":"","meta":{"_exactmetrics_skip_tracking":false,"_exactmetrics_sitenote_active":false,"_exactmetrics_sitenote_note":"","_exactmetrics_sitenote_category":0,"footnotes":""},"class_list":["post-21836","page","type-page","status-publish","hentry"],"_links":{"self":[{"href":"https:\/\/extension.unvm.edu.ar\/index.php?rest_route=\/wp\/v2\/pages\/21836"}],"collection":[{"href":"https:\/\/extension.unvm.edu.ar\/index.php?rest_route=\/wp\/v2\/pages"}],"about":[{"href":"https:\/\/extension.unvm.edu.ar\/index.php?rest_route=\/wp\/v2\/types\/page"}],"author":[{"embeddable":true,"href":"https:\/\/extension.unvm.edu.ar\/index.php?rest_route=\/wp\/v2\/users\/12"}],"replies":[{"embeddable":true,"href":"https:\/\/extension.unvm.edu.ar\/index.php?rest_route=%2Fwp%2Fv2%2Fcomments&post=21836"}],"version-history":[{"count":22,"href":"https:\/\/extension.unvm.edu.ar\/index.php?rest_route=\/wp\/v2\/pages\/21836\/revisions"}],"predecessor-version":[{"id":26066,"href":"https:\/\/extension.unvm.edu.ar\/index.php?rest_route=\/wp\/v2\/pages\/21836\/revisions\/26066"}],"wp:attachment":[{"href":"https:\/\/extension.unvm.edu.ar\/index.php?rest_route=%2Fwp%2Fv2%2Fmedia&parent=21836"}],"curies":[{"name":"wp","href":"https:\/\/api.w.org\/{rel}","templated":true}]}}