{"id":20404,"date":"2022-05-12T17:02:41","date_gmt":"2022-05-12T17:02:41","guid":{"rendered":"https:\/\/extension.unvm.edu.ar\/?page_id=20404"},"modified":"2022-06-07T12:22:50","modified_gmt":"2022-06-07T12:22:50","slug":"tusitalas","status":"publish","type":"page","link":"https:\/\/extension.unvm.edu.ar\/?page_id=20404","title":{"rendered":"TUSITALAS"},"content":{"rendered":"<div class=\"flex_column av_three_fourth  flex_column_div av-zero-column-padding avia-link-column first  \" style='border-radius:0px; ' data-link-column-url=\"https:\/\/extension.unvm.edu.ar\/?page_id=18057\" ><a class=\"av-screen-reader-only\" href=https:\/\/extension.unvm.edu.ar\/?page_id=18057 >Link to: ELENCOS ESTABLES UNVM<\/a><div style='padding-bottom:10px; ' class='av-special-heading av-special-heading-h3    '><h3 class='av-special-heading-tag '  itemprop=\"headline\"  >Elencos UNVM<\/h3><div class='special-heading-border'><div class='special-heading-inner-border' ><\/div><\/div><\/div><\/div>\n<div class=\"flex_column av_one_fourth  flex_column_div av-zero-column-padding   \" style='border-radius:0px; '><section class=\"av_textblock_section \"  itemscope=\"itemscope\" itemtype=\"https:\/\/schema.org\/CreativeWork\" ><div class='avia_textblock  '   itemprop=\"text\" ><h4><span style=\"color: #000000;\">Contacto<\/span><\/h4>\n<\/div><\/section><br \/>\n<span class=\"av_font_icon avia_animate_when_visible  av-icon-style-  avia-icon-pos-left \" style=\"color:#00176d; border-color:#00176d;\"><a href='https:\/\/www.instagram.com\/extensionunvm\/'  target=\"_blank\"   class='av-icon-char' style='font-size:30px;line-height:30px;' aria-hidden='true' data-av_icon='\ue909' data-av_iconfont='entypo-fontello' ><\/a><\/span><br \/>\n<span class=\"av_font_icon avia_animate_when_visible  av-icon-style-  avia-icon-pos-left \" style=\"color:#00176d; border-color:#00176d;\"><a href='https:\/\/www.facebook.com\/extensionunvm'  target=\"_blank\"   class='av-icon-char' style='font-size:30px;line-height:30px;' aria-hidden='true' data-av_icon='\ue8f5' data-av_iconfont='entypo-fontello' ><\/a><\/span><br \/>\n<span class=\"av_font_icon avia_animate_when_visible  av-icon-style-  avia-icon-pos-left \" style=\"color:#00176d; border-color:#00176d;\"><a href='mailto:cuentacuentos@unvm.edu.ar'  target=\"_blank\"   class='av-icon-char' style='font-size:30px;line-height:30px;' aria-hidden='true' data-av_icon='\ue805' data-av_iconfont='entypo-fontello' ><\/a><\/span><\/p><\/div>\n<\/div><\/div><\/div><!-- close content main div --><\/div><\/div><div id='av_section_1' class='avia-section main_color avia-section-large avia-no-border-styling avia-bg-style-scroll   container_wrap sidebar_right' style = 'background-image: '  ><div class='container' ><div class='template-page content  av-content-small alpha units'><div class='post-entry post-entry-type-page post-entry-20404'><div class='entry-content-wrapper clearfix'>\n<div class=\"flex_column av_one_half  flex_column_div av-zero-column-padding first  \" style='border-radius:0px; '><div class='avia-image-container  av-styling-    avia-align-center '  itemprop=\"ImageObject\" itemscope=\"itemscope\" itemtype=\"https:\/\/schema.org\/ImageObject\"  ><div class='avia-image-container-inner'><div class='avia-image-overlay-wrap'><img class='avia_image ' src='https:\/\/extension.unvm.edu.ar\/wp-content\/uploads\/2022\/05\/MG_9401-1030x687.jpg' alt='' title='_MG_9401' height=\"687\"width=\"1030\"  itemprop=\"thumbnailUrl\"  \/><\/div><\/div><\/div><\/div><div class=\"flex_column av_one_half  flex_column_div av-zero-column-padding   \" style='border-radius:0px; '><p><div class='avia-image-container  av-styling-    avia-align-center '  itemprop=\"ImageObject\" itemscope=\"itemscope\" itemtype=\"https:\/\/schema.org\/ImageObject\"  ><div class='avia-image-container-inner'><div class='avia-image-overlay-wrap'><img class='avia_image ' src='https:\/\/extension.unvm.edu.ar\/wp-content\/uploads\/2022\/05\/tusitalas-logo-04-1030x410.png' alt='' title='tusitalas logo-04' height=\"410\"width=\"1030\"  itemprop=\"thumbnailUrl\"  \/><\/div><\/div><\/div><br \/>\n<section class=\"av_textblock_section \"  itemscope=\"itemscope\" itemtype=\"https:\/\/schema.org\/CreativeWork\" ><div class='avia_textblock  '  style='font-size:15px; '  itemprop=\"text\" ><p>El Elenco de Narraci\u00f3n Oral, \u00abTusitalas\u201d, se funda en el a\u00f1o 2021 con la direcci\u00f3n de Mauro Guzm\u00e1n, bibliotecario y narrador oral.<\/p>\n<p>La b\u00fasqueda del elenco es rescatar, practicar y difundir el arte de contar historias (ya sean de tradici\u00f3n oral, literarias, familiares y hasta personales).<\/p>\n<\/div><\/section><\/p><\/div><div class='flex_column_table av-equal-height-column-flextable -flextable' ><div class=\"flex_column av_one_full  flex_column_table_cell av-equal-height-column av-align-middle av-zero-column-padding first  \" style='border-radius:0px; '><\/div><\/div><!--close column table wrapper. Autoclose: 1 --><div class=\"flex_column av_one_full  flex_column_div av-zero-column-padding first  \" style='border-radius:0px; '><div class=\"togglecontainer   \" >\n<section class=\"av_toggle_section\"  itemscope=\"itemscope\" itemtype=\"https:\/\/schema.org\/CreativeWork\"  >    <div class=\"single_toggle\" data-tags=\"{Todo} \"  >        <p data-fake-id=\"#toggle-id-1\" class=\"toggler  av-inherit-font-color  av-inherit-border-color \"  itemprop=\"headline\"  style='color: #00176d; border-color: #00176d; '>Historia<span class=\"toggle_icon\" style='border-color:#00176d;'>        <span class=\"vert_icon\"><\/span><span class=\"hor_icon\"><\/span><\/span><\/p>        <div id=\"toggle-id-1-container\" class=\"toggle_wrap \"  >            <div class=\"toggle_content invers-color  av-inherit-font-color  av-inherit-border-color \"  itemprop=\"text\"  style='color: #00176d; border-color: #00176d; ' ><p>La Narraci\u00f3n Oral, el arte de contar historias, se presume muy antigua y como un arte com\u00fan a todas las culturas. La b\u00fasqueda de este elenco es conocer y poner en pr\u00e1ctica la historia de la narraci\u00f3n oral, sus diferentes vertientes y t\u00e9cnicas. La b\u00fasqueda es te\u00f3rica y pr\u00e1ctica, como una \u00fanica moneda de dos caras inseparables.<\/p>\n<p>Con la premisa de que todos sabemos contar historias, y de que todos tenemos derecho al uso total de la palabra y tanto a escuchar como a contar historias, este proyecto comienza en el 2021 con un grupo de cuenteros y cuenteras para desarrollar y expandir esa capacidad y ese derecho de narrar y de llevar esas narraciones a diferentes espacios de la comunidad.<\/p>\n<p>Tenemos la convicci\u00f3n de que el ser humano es un viviente de palabra y que todo lo humano est\u00e1 entretejido de palabras y es en tanto que palabra. Trabajamos con la palabra porque estamos hechos de palabras, y jugar el juego de las palabras, transformar nuestras palabras, es transformar nuestra hechura. La palabra est\u00e1 viva, se mueve, es un animalito est\u00e9tico y pol\u00edtico. Afirmamos y promovemos, mediante este proyecto, el derecho de los ciudadanos al uso total de la palabra.<\/p>\n<p>Es un espacio abierto a toda la comunidad de Villa Mar\u00eda y la regi\u00f3n. Todo lo que se explora y se practica en el elenco culmina en la realizaci\u00f3n de espect\u00e1culos e intervenciones de Narraci\u00f3n Oral en diferentes sitios de la ciudad, convencionales o no convencionales: teatros, plazas, v\u00eda p\u00fablica, escuelas, canales de televisi\u00f3n, estudios de radio, redes sociales, etc\u00e9tera.<\/p>\n<p>El nombre\u00a0<em>Tusitalas<\/em>\u00a0se toma de la vida del escritor Robert Louis Stevenson quien, como ten\u00eda mala salud, se fue a vivir a la isla de Samoa, y all\u00ed escribi\u00f3 parte de su obra. Los nativos lo bautizaron \u201cTusitala\u201d, que significa \u201ccontador de historias\u201d, t\u00edtulo que para ellos es m\u00e1s importante que el del rey. Cuando muri\u00f3, los nativos cargaron su f\u00e9retro a hombro durante m\u00e1s de dos horas, por un camino escarpado, y lo enterraron en lo alto de una alta monta\u00f1a de la isla.<\/p>\n<p>Tusitalas ha contado cuentos en varias escuelas primarias, jardines de infante y merenderos de nuestra ciudad y, mes a mes, sigue visitando diversos espacios de la comunidad.<\/p>\n<p>En el 2020 el elenco se sum\u00f3 a la Marat\u00f3n de cuentos El Centro Cuenta, en C\u00f3rdoba Capital, a cargo del reconocido grupo cuentero \u201cVeniquetecuento\u201d, con narradores de la talla de Rub\u00e9n L\u00f3pez, Viviana Aguirre y Soledad Rebelles, entre muchos otros.<\/p>\n            <\/div>        <\/div>    <\/div><\/section>\n<section class=\"av_toggle_section\"  itemscope=\"itemscope\" itemtype=\"https:\/\/schema.org\/CreativeWork\"  >    <div class=\"single_toggle\" data-tags=\"{Todo} \"  >        <p data-fake-id=\"#toggle-id-2\" class=\"toggler  av-inherit-font-color  av-inherit-border-color \"  itemprop=\"headline\"  style='color: #00176d; border-color: #00176d; '>Integrantes<span class=\"toggle_icon\" style='border-color:#00176d;'>        <span class=\"vert_icon\"><\/span><span class=\"hor_icon\"><\/span><\/span><\/p>        <div id=\"toggle-id-2-container\" class=\"toggle_wrap \"  >            <div class=\"toggle_content invers-color  av-inherit-font-color  av-inherit-border-color \"  itemprop=\"text\"  style='color: #00176d; border-color: #00176d; ' ><ul>\n<li>Adriana Depetris<\/li>\n<li>Anal\u00edaRenaudo<\/li>\n<li>Antonio Gudi\u00f1o<\/li>\n<li>Fabiana Sosa<\/li>\n<li>Mat\u00edas S\u00e1nchez<\/li>\n<li>Miriam Quinayas<\/li>\n<li>Natacha Miguel<\/li>\n<li>Sandra Br\u00f3ndolo<\/li>\n<\/ul>\n            <\/div>        <\/div>    <\/div><\/section>\n<section class=\"av_toggle_section\"  itemscope=\"itemscope\" itemtype=\"https:\/\/schema.org\/CreativeWork\"  >    <div class=\"single_toggle\" data-tags=\"{Todo} \"  >        <p data-fake-id=\"#toggle-id-3\" class=\"toggler  av-inherit-font-color  av-inherit-border-color \"  itemprop=\"headline\"  style='color: #00176d; border-color: #00176d; '>Director<span class=\"toggle_icon\" style='border-color:#00176d;'>        <span class=\"vert_icon\"><\/span><span class=\"hor_icon\"><\/span><\/span><\/p>        <div id=\"toggle-id-3-container\" class=\"toggle_wrap \"  >            <div class=\"toggle_content invers-color  av-inherit-font-color  av-inherit-border-color \"  itemprop=\"text\"  style='color: #00176d; border-color: #00176d; ' ><p><b>Mauro Guzm\u00e1n<\/b><\/p>\n<p>Es bibliotecario, narrador oral y escritor. Coordina el taller de Cuentacuentos de la Municipalidad de Villa Mar\u00eda desde el a\u00f1o 2016. Coordin\u00f3 el taller de Escritura Creativa del Instituto de Extensi\u00f3n desde el 2014 hasta el 2019.<\/p>\n<p>Coordina talleres de escritura y narraci\u00f3n oral en diversos espacios p\u00fablicos y privados, como la Biblioteca P\u00fablica Mariano Moreno, centros culturales, espacios de salud mental y escuelas de Villa Mar\u00eda y otras localidades de la provincia de C\u00f3rdoba.<\/p>\n<p>Estudi\u00f3 literatura y teolog\u00eda. Se form\u00f3 y se sigue formando con referentes de la narraci\u00f3n oral como Juan Tapia, Manuel de la Serna y el d\u00fao Verdevioleta Cuentos (entre otros).<\/p>\n<p>Dicta la materia Taller de Narraci\u00f3n Oral en la UNVM, dentro del Profesorado en Lengua y Literatura y tambi\u00e9n como curso de extensi\u00f3n abierto a docentes y a la comunidad en general. En 2022 public\u00f3 el libro de poemas \u201cLos corazones de los tigres\u201d con el sello editorial Eduvim.<\/p>\n            <\/div>        <\/div>    <\/div><\/section>\n<\/div><\/div>\n<\/div><\/div><\/div><!-- close content main div --><\/div><\/div><div id='after_section_1' class='main_color av_default_container_wrap container_wrap sidebar_right'   ><div class='container' ><div class='template-page content  av-content-small alpha units'><div class='post-entry post-entry-type-page post-entry-20404'><div class='entry-content-wrapper clearfix'>\n<div class=\"flex_column av_one_half  flex_column_div av-zero-column-padding first  \" style='border-radius:0px; '><div class='avia-image-container  av-styling-    avia-align-center '  itemprop=\"ImageObject\" itemscope=\"itemscope\" itemtype=\"https:\/\/schema.org\/ImageObject\"  ><div class='avia-image-container-inner'><div class='avia-image-overlay-wrap'><img class='avia_image ' src='https:\/\/extension.unvm.edu.ar\/wp-content\/uploads\/2022\/05\/MG_9269-300x200.jpg' alt='' title='_MG_9269' height=\"200\"width=\"300\"  itemprop=\"thumbnailUrl\"  \/><\/div><\/div><\/div><\/div>\n<div class=\"flex_column av_one_half  flex_column_div av-zero-column-padding   \" style='border-radius:0px; '><p><div style='padding-bottom:10px; ' class='av-special-heading av-special-heading-h1  blockquote modern-quote   '><h1 class='av-special-heading-tag '  itemprop=\"headline\"  >Director<\/h1><div class='special-heading-border'><div class='special-heading-inner-border' ><\/div><\/div><\/div><br \/>\n<section class=\"av_textblock_section \"  itemscope=\"itemscope\" itemtype=\"https:\/\/schema.org\/CreativeWork\" ><div class='avia_textblock  '   itemprop=\"text\" ><ul>\n<li>\u00a0Mauro Guzm\u00e1n<\/li>\n<\/ul>\n<\/div><\/section><\/p><\/div><div  class='hr hr-default  '><span class='hr-inner ' ><span class='hr-inner-style'><\/span><\/span><\/div><\/p>\n<\/div><\/div><\/div><!-- close content main div --><\/div><\/div><div id='av_section_2' class='avia-section main_color avia-section-no-padding avia-no-border-styling avia-bg-style-scroll   container_wrap sidebar_right' style = 'background-image: '  ><div class='av-section-color-overlay-wrap'><a href='#next-section' title='' class='scroll-down-link '  aria-hidden='true' data-av_icon='\ue877' data-av_iconfont='entypo-fontello'><\/a><div class='container' ><div class='template-page content  av-content-small alpha units'><div class='post-entry post-entry-type-page post-entry-20404'><div class='entry-content-wrapper clearfix'>\n<div class=\"flex_column av_two_fifth  flex_column_div av-zero-column-padding first  \" style='border-radius:0px; '><p><div style='padding-bottom:10px; ' class='av-special-heading av-special-heading-h1  blockquote modern-quote  '><h1 class='av-special-heading-tag '  itemprop=\"headline\"  >Nuestras producciones<\/h1><div class='special-heading-border'><div class='special-heading-inner-border' ><\/div><\/div><\/div><br \/>\n<div  class='hr hr-default  '><span class='hr-inner ' ><span class='hr-inner-style'><\/span><\/span><\/div><br \/>\n<article class=\"iconbox iconbox_left    \"  itemscope=\"itemscope\" itemtype=\"https:\/\/schema.org\/CreativeWork\" ><div class=\"iconbox_content\"><header class=\"entry-content-header\"><div class=\"iconbox_icon heading-color \" aria-hidden='true' data-av_icon='\ue921' data-av_iconfont='entypo-fontello'  ><\/div><h3 class='iconbox_content_title '  itemprop=\"headline\"  ><a href='https:\/\/www.youtube.com\/watch?v=09S96L2AGf4&amp;list=PL6xxaP7C-kd3-Fw0KhhmXhCNywkEbNk1Q' title='Detr\u00e1s de Escena'  >Detr\u00e1s de Escena<\/a><\/h3><\/header><div class='iconbox_content_container  '  itemprop=\"text\"  ><p>Ciclo de 10 cap\u00edtulos que expone las particularidades de los elencos estables de la UNVM, su historia, procesos de trabajo, integrantes y proyectos.<\/p>\n<p>Este cap\u00edtulo da a conocer a Tusitalas, el elenco de narraci\u00f3n oral. De la mano de su director, Mauro Guzm\u00e1n, descubrimos el universo de los \u00abcuentacuentos\u00bb.<\/p>\n<\/div><\/div><footer class=\"entry-footer\"><\/footer><\/article><\/p><\/div><div class=\"flex_column av_three_fifth  flex_column_div av-zero-column-padding   \" style='border-radius:0px; '><div class='avia-gallery  avia-gallery-1 avia_lazyload avia_animate_when_visible '  itemprop=\"ImageObject\" itemscope=\"itemscope\" itemtype=\"https:\/\/schema.org\/ImageObject\" ><div class='avia-gallery-thumb'> <a href='https:\/\/extension.unvm.edu.ar\/wp-content\/uploads\/2022\/05\/MG_9408-1030x687.jpg' data-rel='gallery-1' data-prev-img='https:\/\/extension.unvm.edu.ar\/wp-content\/uploads\/2022\/05\/MG_9408-495x400.jpg' class='first_thumb lightbox ' data-onclick='1' title=''  itemprop=\"thumbnailUrl\" ><img  src='https:\/\/extension.unvm.edu.ar\/wp-content\/uploads\/2022\/05\/MG_9408-495x400.jpg' width='495' height='400'  title='_MG_9408' alt='' \/><\/a> <a href='https:\/\/extension.unvm.edu.ar\/wp-content\/uploads\/2022\/05\/MG_9091-1030x687.jpg' data-rel='gallery-1' data-prev-img='https:\/\/extension.unvm.edu.ar\/wp-content\/uploads\/2022\/05\/MG_9091-495x400.jpg' class='lightbox ' data-onclick='2' title=''  itemprop=\"thumbnailUrl\" ><img  src='https:\/\/extension.unvm.edu.ar\/wp-content\/uploads\/2022\/05\/MG_9091-495x400.jpg' width='495' height='400'  title='_MG_9091' alt='' \/><\/a> <a href='https:\/\/extension.unvm.edu.ar\/wp-content\/uploads\/2022\/05\/MG_9057-1030x687.jpg' data-rel='gallery-1' data-prev-img='https:\/\/extension.unvm.edu.ar\/wp-content\/uploads\/2022\/05\/MG_9057-495x400.jpg' class='lightbox ' data-onclick='3' title=''  itemprop=\"thumbnailUrl\" ><img  src='https:\/\/extension.unvm.edu.ar\/wp-content\/uploads\/2022\/05\/MG_9057-495x400.jpg' width='495' height='400'  title='_MG_9057' alt='' \/><\/a> <a href='https:\/\/extension.unvm.edu.ar\/wp-content\/uploads\/2022\/05\/MG_9137-1030x687.jpg' data-rel='gallery-1' data-prev-img='https:\/\/extension.unvm.edu.ar\/wp-content\/uploads\/2022\/05\/MG_9137-495x400.jpg' class='lightbox ' data-onclick='4' title=''  itemprop=\"thumbnailUrl\" ><img  src='https:\/\/extension.unvm.edu.ar\/wp-content\/uploads\/2022\/05\/MG_9137-495x400.jpg' width='495' height='400'  title='_MG_9137' alt='' \/><\/a> <a href='https:\/\/extension.unvm.edu.ar\/wp-content\/uploads\/2022\/05\/MG_9205-1030x687.jpg' data-rel='gallery-1' data-prev-img='https:\/\/extension.unvm.edu.ar\/wp-content\/uploads\/2022\/05\/MG_9205-495x400.jpg' class='lightbox ' data-onclick='5' title=''  itemprop=\"thumbnailUrl\" ><img  src='https:\/\/extension.unvm.edu.ar\/wp-content\/uploads\/2022\/05\/MG_9205-495x400.jpg' width='495' height='400'  title='_MG_9205' alt='' \/><\/a> <a href='https:\/\/extension.unvm.edu.ar\/wp-content\/uploads\/2022\/05\/MG_9130-1030x687.jpg' data-rel='gallery-1' data-prev-img='https:\/\/extension.unvm.edu.ar\/wp-content\/uploads\/2022\/05\/MG_9130-495x400.jpg' class='first_thumb lightbox ' data-onclick='6' title=''  itemprop=\"thumbnailUrl\" ><img  src='https:\/\/extension.unvm.edu.ar\/wp-content\/uploads\/2022\/05\/MG_9130-495x400.jpg' width='495' height='400'  title='_MG_9130' alt='' \/><\/a> <a href='https:\/\/extension.unvm.edu.ar\/wp-content\/uploads\/2022\/05\/MG_9174-1030x687.jpg' data-rel='gallery-1' data-prev-img='https:\/\/extension.unvm.edu.ar\/wp-content\/uploads\/2022\/05\/MG_9174-495x400.jpg' class='lightbox ' data-onclick='7' title=''  itemprop=\"thumbnailUrl\" ><img  src='https:\/\/extension.unvm.edu.ar\/wp-content\/uploads\/2022\/05\/MG_9174-495x400.jpg' width='495' height='400'  title='_MG_9174' alt='' \/><\/a> <a href='https:\/\/extension.unvm.edu.ar\/wp-content\/uploads\/2022\/05\/MG_9168-1030x687.jpg' data-rel='gallery-1' data-prev-img='https:\/\/extension.unvm.edu.ar\/wp-content\/uploads\/2022\/05\/MG_9168-495x400.jpg' class='lightbox ' data-onclick='8' title=''  itemprop=\"thumbnailUrl\" ><img  src='https:\/\/extension.unvm.edu.ar\/wp-content\/uploads\/2022\/05\/MG_9168-495x400.jpg' width='495' height='400'  title='_MG_9168' alt='' \/><\/a><\/div><\/div><\/div><div style='height:50px' class='hr hr-invisible  '><span class='hr-inner ' ><span class='hr-inner-style'><\/span><\/span><\/div>\n<\/div><\/div><\/div><!-- close content main div --><\/div><\/div><\/div><div id='after_section_2' class='main_color av_default_container_wrap container_wrap sidebar_right'   ><div class='container' ><div class='template-page content  av-content-small alpha units'><div class='post-entry post-entry-type-page post-entry-20404'><div class='entry-content-wrapper clearfix'><\/div><\/div><\/div><!-- close content main div --><\/div><\/div><div id='av_section_3' class='avia-section main_color avia-section-default avia-no-shadow avia-full-stretch av-parallax-section av-section-color-overlay-active avia-bg-style-parallax   av-minimum-height av-minimum-height-25 container_wrap sidebar_right'  data-section-bg-repeat='stretch' ><div class='av-parallax' data-avia-parallax-ratio='0.3' ><div class='av-parallax-inner main_color  avia-full-stretch' style = 'background-repeat: no-repeat; background-image: url(http:\/\/humanas.unvm.edu.ar\/wp-content\/uploads\/2018\/08\/1-1.jpg);background-attachment: scroll; background-position: center center; ' ><\/div><\/div><div class='av-section-color-overlay-wrap'><div class='av-section-color-overlay' style='opacity: 0.5; background-color: #003f7a; '><\/div><div class='container' ><div class='template-page content  av-content-small alpha units'><div class='post-entry post-entry-type-page post-entry-20404'><div class='entry-content-wrapper clearfix'><\/div><\/div><\/div><!-- close content main div --><\/div><\/div><\/div><div id='after_section_3' class='main_color av_default_container_wrap container_wrap sidebar_right'   ><div class='container' ><div class='template-page content  av-content-small alpha units'><div class='post-entry post-entry-type-page post-entry-20404'><div class='entry-content-wrapper clearfix'><\/p>\n","protected":false},"excerpt":{"rendered":"","protected":false},"author":12,"featured_media":0,"parent":8013,"menu_order":0,"comment_status":"closed","ping_status":"closed","template":"","meta":{"_exactmetrics_skip_tracking":false,"_exactmetrics_sitenote_active":false,"_exactmetrics_sitenote_note":"","_exactmetrics_sitenote_category":0,"footnotes":""},"class_list":["post-20404","page","type-page","status-publish","hentry"],"_links":{"self":[{"href":"https:\/\/extension.unvm.edu.ar\/index.php?rest_route=\/wp\/v2\/pages\/20404"}],"collection":[{"href":"https:\/\/extension.unvm.edu.ar\/index.php?rest_route=\/wp\/v2\/pages"}],"about":[{"href":"https:\/\/extension.unvm.edu.ar\/index.php?rest_route=\/wp\/v2\/types\/page"}],"author":[{"embeddable":true,"href":"https:\/\/extension.unvm.edu.ar\/index.php?rest_route=\/wp\/v2\/users\/12"}],"replies":[{"embeddable":true,"href":"https:\/\/extension.unvm.edu.ar\/index.php?rest_route=%2Fwp%2Fv2%2Fcomments&post=20404"}],"version-history":[{"count":13,"href":"https:\/\/extension.unvm.edu.ar\/index.php?rest_route=\/wp\/v2\/pages\/20404\/revisions"}],"predecessor-version":[{"id":20761,"href":"https:\/\/extension.unvm.edu.ar\/index.php?rest_route=\/wp\/v2\/pages\/20404\/revisions\/20761"}],"up":[{"embeddable":true,"href":"https:\/\/extension.unvm.edu.ar\/index.php?rest_route=\/wp\/v2\/pages\/8013"}],"wp:attachment":[{"href":"https:\/\/extension.unvm.edu.ar\/index.php?rest_route=%2Fwp%2Fv2%2Fmedia&parent=20404"}],"curies":[{"name":"wp","href":"https:\/\/api.w.org\/{rel}","templated":true}]}}