{"id":19021,"date":"2022-04-11T16:09:05","date_gmt":"2022-04-11T16:09:05","guid":{"rendered":"https:\/\/extension.unvm.edu.ar\/?page_id=19021"},"modified":"2023-03-13T16:27:25","modified_gmt":"2023-03-13T16:27:25","slug":"coram-unvm","status":"publish","type":"page","link":"https:\/\/extension.unvm.edu.ar\/?page_id=19021","title":{"rendered":"CORAM UNVM"},"content":{"rendered":"<div class=\"flex_column av_three_fourth  flex_column_div av-zero-column-padding avia-link-column first  \" style='border-radius:0px; ' data-link-column-url=\"https:\/\/extension.unvm.edu.ar\/?page_id=18057\" ><a class=\"av-screen-reader-only\" href=https:\/\/extension.unvm.edu.ar\/?page_id=18057 >Link to: ELENCOS ESTABLES UNVM<\/a><div style='padding-bottom:10px; ' class='av-special-heading av-special-heading-h3    '><h3 class='av-special-heading-tag '  itemprop=\"headline\"  >Elencos UNVM<\/h3><div class='special-heading-border'><div class='special-heading-inner-border' ><\/div><\/div><\/div><\/div>\n<div class=\"flex_column av_one_fourth  flex_column_div av-zero-column-padding   \" style='border-radius:0px; '><section class=\"av_textblock_section \"  itemscope=\"itemscope\" itemtype=\"https:\/\/schema.org\/CreativeWork\" ><div class='avia_textblock  '   itemprop=\"text\" ><h4><span style=\"color: #000000;\">Contacto<\/span><\/h4>\n<\/div><\/section><br \/>\n<span class=\"av_font_icon avia_animate_when_visible  av-icon-style-  avia-icon-pos-left \" style=\"color:#00176d; border-color:#00176d;\"><a href='https:\/\/www.instagram.com\/coram.unvm\/?hl=es-la'  target=\"_blank\"   class='av-icon-char' style='font-size:30px;line-height:30px;' aria-hidden='true' data-av_icon='\ue909' data-av_iconfont='entypo-fontello' ><\/a><\/span><br \/>\n<span class=\"av_font_icon avia_animate_when_visible  av-icon-style-  avia-icon-pos-left \" style=\"color:#00176d; border-color:#00176d;\"><a href='https:\/\/www.facebook.com\/coramvm'  target=\"_blank\"   class='av-icon-char' style='font-size:30px;line-height:30px;' aria-hidden='true' data-av_icon='\ue8f5' data-av_iconfont='entypo-fontello' ><\/a><\/span><br \/>\n<span class=\"av_font_icon avia_animate_when_visible  av-icon-style-  avia-icon-pos-left \" style=\"color:#00176d; border-color:#00176d;\"><a href='mailto:coram@unvm.edu.ar'  target=\"_blank\"   class='av-icon-char' style='font-size:30px;line-height:30px;' aria-hidden='true' data-av_icon='\ue805' data-av_iconfont='entypo-fontello' ><\/a><\/span><\/p><\/div>\n<\/div><\/div><\/div><!-- close content main div --><\/div><\/div><div id='av_section_1' class='avia-section main_color avia-section-large avia-no-border-styling avia-bg-style-scroll   container_wrap sidebar_right' style = 'background-image: '  ><div class='container' ><div class='template-page content  av-content-small alpha units'><div class='post-entry post-entry-type-page post-entry-19021'><div class='entry-content-wrapper clearfix'>\n<div class=\"flex_column av_one_half  flex_column_div av-zero-column-padding first  \" style='border-radius:0px; '><div class='avia-image-container  av-styling-    avia-align-center '  itemprop=\"ImageObject\" itemscope=\"itemscope\" itemtype=\"https:\/\/schema.org\/ImageObject\"  ><div class='avia-image-container-inner'><div class='avia-image-overlay-wrap'><img class='avia_image ' src='https:\/\/extension.unvm.edu.ar\/wp-content\/uploads\/2023\/03\/DSC_0259-1030x687.jpg' alt='' title='DSC_0259' height=\"687\"width=\"1030\"  itemprop=\"thumbnailUrl\"  \/><\/div><\/div><\/div><\/div><div class=\"flex_column av_one_half  flex_column_div av-zero-column-padding   \" style='border-radius:0px; '><p><div class='avia-image-container  av-styling-    avia-align-center '  itemprop=\"ImageObject\" itemscope=\"itemscope\" itemtype=\"https:\/\/schema.org\/ImageObject\"  ><div class='avia-image-container-inner'><div class='avia-image-overlay-wrap'><img class='avia_image ' src='https:\/\/extension.unvm.edu.ar\/wp-content\/uploads\/2021\/08\/coram-para-web_Mesa-de-trabajo-1-300x134.png' alt='' title='coram para web_Mesa de trabajo 1' height=\"134\"width=\"300\"  itemprop=\"thumbnailUrl\"  \/><\/div><\/div><\/div><br \/>\n<section class=\"av_textblock_section \"  itemscope=\"itemscope\" itemtype=\"https:\/\/schema.org\/CreativeWork\" ><div class='avia_textblock  '  style='font-size:15px; '  itemprop=\"text\" ><p><span style=\"color: #000000;\">El Coro de Adultos Mayores (CORAM) surge en 1999 como proyecto vocal de la magister Cristina Gallo y, desde el 2011, est\u00e1 a cargo de la licenciada Laura Alberti.<\/span><\/p>\n<p><span style=\"color: #000000;\">Tiene como finalidad la difusi\u00f3n de la m\u00fasica folkl\u00f3rica y popular argentina; y desde hace varios a\u00f1os trabaja en su formaci\u00f3n musical con repertorio navide\u00f1o tradicional.<\/span><\/p>\n<\/div><\/section><\/p><\/div><div class='flex_column_table av-equal-height-column-flextable -flextable' ><div class=\"flex_column av_one_full  flex_column_table_cell av-equal-height-column av-align-middle av-zero-column-padding first  \" style='border-radius:0px; '><\/div><\/div><!--close column table wrapper. Autoclose: 1 --><div class=\"flex_column av_one_full  flex_column_div av-zero-column-padding first  \" style='border-radius:0px; '><div class=\"togglecontainer   \" >\n<section class=\"av_toggle_section\"  itemscope=\"itemscope\" itemtype=\"https:\/\/schema.org\/CreativeWork\"  >    <div class=\"single_toggle\" data-tags=\"{Todo} \"  >        <p data-fake-id=\"#toggle-id-1\" class=\"toggler  av-inherit-font-color  av-inherit-border-color \"  itemprop=\"headline\"  style='color: #00176d; border-color: #00176d; '>Historia<span class=\"toggle_icon\" style='border-color:#00176d;'>        <span class=\"vert_icon\"><\/span><span class=\"hor_icon\"><\/span><\/span><\/p>        <div id=\"toggle-id-1-container\" class=\"toggle_wrap \"  >            <div class=\"toggle_content invers-color  av-inherit-font-color  av-inherit-border-color \"  itemprop=\"text\"  style='color: #00176d; border-color: #00176d; ' ><p><span style=\"font-weight: 400;\">El <strong>CORAM<\/strong> es el Coro de Adultos\/as Mayores perteneciente a los elencos estables del Instituto de Extensi\u00f3n de la UNVM.\u00a0<\/span><\/p>\n<p><span style=\"font-weight: 400;\">Constituye un instrumento de educaci\u00f3n musical, desarrollo cultural y de aporte a la salud integral para quienes participan de la actividad, pilares de los objetivos institucionales.\u00a0<\/span><\/p>\n<p><span style=\"font-weight: 400;\">El coro, est\u00e1 conformado por personas mayores de 60 a\u00f1os, que traen una pr\u00e1ctica musical espont\u00e1nea y que se encuentran transitando una nueva etapa desde el contexto psico social.<\/span><\/p>\n<p><span style=\"font-weight: 400;\">Su repertorio y el trabajo realizado responde a las necesidades y caracter\u00edsticas del grupo que se va modificando a\u00f1o tras a\u00f1o. Abarca en su mayor\u00eda m\u00fasica Argentina y de Latinoam\u00e9rica, a la que se suman tradicionales navide\u00f1os.\u00a0<\/span><\/p>\n<p><span style=\"font-weight: 400;\">En lo que respecta a sus comienzos, se proyectan desde el a\u00f1o 1999 como proyecto coral de la Mgter. Cristina Gallo integrando el Programa de Extensi\u00f3n Universitaria para Adultos Mayores (PEUAM). En el per\u00edodo del a\u00f1o 2001 hasta 2010, en orden cronol\u00f3gico, se sucedieron la Mtra. Miriam Ferreyra, el Mtro. Gustavo Espada y la Mtra. Marianela Bordese. <\/span><\/p>\n<p><span style=\"font-weight: 400;\">A partir del a\u00f1o 2011 el grupo queda a cargo de la Lic. Laura Alberti como taller coral de los talleres que ofrece el PEUAM. En 2016 por iniciativa de su directora se le presenta a los directivos del Instituto de Extensi\u00f3n la necesidad de contar con un Coro de Adultos\/as Mayores que represente a la instituci\u00f3n debido al trabajo realizado, por su trayectoria y por el espacio que ocupan en la sociedad las personas mayores y su relaci\u00f3n con la universidad. De esta manera, el proyecto se incorpor\u00f3 a los elencos estables del Instituto de Extensi\u00f3n de la UNVM como Coro del PEUAM y, en 2019, a ra\u00edz de las modificaciones en los cargos directivos tom\u00f3 el nombre de CORAM como resultante de las siglas de Coro de Adultos\/as Mayores. <\/span><\/p>\n<p><span style=\"font-weight: 400;\">Actualmente cuenta con el siguiente equipo de trabajo: directora, sub director, instrumentista, preparador vocal, secretaria y trabajadora social.\u00a0<\/span><\/p>\n<p><span style=\"font-weight: 400;\">En su larga trayectoria ha participado del gran festival de Canta Pueblo en Mendoza y ha recorrido las provincias de San Juan y C\u00f3rdoba, con diversos encuentros corales siendo los viajes uno de los motores principales del grupo. Ha integrado el coro piloto del Taller de M\u00fasica de Bs. As. en diferentes formaciones vocales\/corales a cargo del Mtro. Javier Zentner. <\/span><\/p>\n<p><span style=\"font-weight: 400;\">Adem\u00e1s, ha organizado conciertos en la ciudad de Villa Mar\u00eda recibiendo a coros de distintas localidades y realizado el Encuentro Sinf\u00f3nico Coral junto a la Banda Filo Musical F\u00e9lix Frutos de General Deheza. <\/span><span style=\"font-weight: 400;\">En el a\u00f1o 2019 form\u00f3 parte de los coros que recibi\u00f3 el Teatro del Libertador San Mart\u00edn de C\u00f3rdoba Capital con el evento Canto Compartido. Desde 2016 hasta a actualidad participa del UNVM Canta, que re\u00fane a los 3 elencos corales de la UNVM como celebraci\u00f3n del D\u00eda de la M\u00fasica.\u00a0<\/span><\/p>\n<p><span style=\"font-weight: 400;\">Con el deseo de compartir y vivir la m\u00fasica ha sido generador de encuentros corales como as\u00ed tambi\u00e9n de recorrer diferentes rincones de nuestro pa\u00eds en su extenso recorrido hist\u00f3rico.\u00a0<\/span><\/p>\n            <\/div>        <\/div>    <\/div><\/section>\n<section class=\"av_toggle_section\"  itemscope=\"itemscope\" itemtype=\"https:\/\/schema.org\/CreativeWork\"  >    <div class=\"single_toggle\" data-tags=\"{Todo} \"  >        <p data-fake-id=\"#toggle-id-2\" class=\"toggler  av-inherit-font-color  av-inherit-border-color \"  itemprop=\"headline\"  style='color: #00176d; border-color: #00176d; '>Integrantes<span class=\"toggle_icon\" style='border-color:#00176d;'>        <span class=\"vert_icon\"><\/span><span class=\"hor_icon\"><\/span><\/span><\/p>        <div id=\"toggle-id-2-container\" class=\"toggle_wrap \"  >            <div class=\"toggle_content invers-color  av-inherit-font-color  av-inherit-border-color \"  itemprop=\"text\"  style='color: #00176d; border-color: #00176d; ' ><p><strong>Sopranos<\/strong><\/p>\n<p><span style=\"font-weight: 400;\">Susana Cabrera &#8211; Nilda Cordero \u2013 Perla Ferreyra \u2013 Graciela Ferrero \u2013 N\u00e9lida Rigui \u2013 Nelvi Tinnirello \u2013 Ana Zamudio<\/span><\/p>\n<p><strong>Contraltos<\/strong><\/p>\n<p><span style=\"font-weight: 400;\">Blanca Dur\u00e9 &#8211; Rosa Faner \u2013 Olga Coniglio \u2013 Graciela Nolte &#8211; Nelly Rodr\u00edguez\u00a0<\/span><\/p>\n<p><strong>Tenoras<\/strong><\/p>\n<p><span style=\"font-weight: 400;\">Alicia Biedequini \u2013 Adriana Depetris &#8211; Nina Frola \u2013 Delia Estevez &#8211; Alba Mana<\/span><\/p>\n<p><strong>Tenores<\/strong><\/p>\n<p><span style=\"font-weight: 400;\">Oscar Abrate \u2013 Rudy Audisio<\/span><\/p>\n<p><strong>Bajos<\/strong><\/p>\n<p><span style=\"font-weight: 400;\">Jos\u00e9 G\u00f3mez \u2013 Jos\u00e9 Ocampo\u00a0<\/span><\/p>\n            <\/div>        <\/div>    <\/div><\/section>\n<section class=\"av_toggle_section\"  itemscope=\"itemscope\" itemtype=\"https:\/\/schema.org\/CreativeWork\"  >    <div class=\"single_toggle\" data-tags=\"{Todo} \"  >        <p data-fake-id=\"#toggle-id-3\" class=\"toggler  av-inherit-font-color  av-inherit-border-color \"  itemprop=\"headline\"  style='color: #00176d; border-color: #00176d; '>Directora<span class=\"toggle_icon\" style='border-color:#00176d;'>        <span class=\"vert_icon\"><\/span><span class=\"hor_icon\"><\/span><\/span><\/p>        <div id=\"toggle-id-3-container\" class=\"toggle_wrap \"  >            <div class=\"toggle_content invers-color  av-inherit-font-color  av-inherit-border-color \"  itemprop=\"text\"  style='color: #00176d; border-color: #00176d; ' ><p><strong>Laura Alberti<\/strong><\/p>\n<p><span style=\"font-weight: 400;\">Directora de coros, cantante, compositora y arregladora.\u00a0<\/span><\/p>\n<p><span style=\"font-weight: 400;\">Es Licenciada en Composici\u00f3n Musical con Orientaci\u00f3n en M\u00fasica Popular de la Universidad Nacional de Villa Mar\u00eda. Ha sido directora y fundadora del Coro de Ni\u00f1os de la ciudad de Leones desde el a\u00f1o 2002 a 2004. Dirigi\u00f3 el Coro Polif\u00f3nico Municipal del Pozo del Molle desde el a\u00f1o 2005 a 2008, como as\u00ed tambi\u00e9n el Coro de la Asociaci\u00f3n Civil Familia Piamontesa de Villa Mar\u00eda entre 2011 y 2012. Desde 2011 dirige el CORAM UNVM.\u00a0\u00a0<\/span><\/p>\n<p><span style=\"font-weight: 400;\">Como cantante, ha conformado diversos elencos, entre ellos el Coro Nonino de la UNVM desde el a\u00f1o 2000 a 2007 siendo a su vez Asistente de Direcci\u00f3n entre los a\u00f1os 2004 y 2007. Desde el a\u00f1o 2009 hasta la actualidad forma parte del Coral Mediterr\u00e1neo a cargo de la Mgter. Cristina Gallo y es integrante del grupo vocal instrumental La Cantarola con quien ha realizado giras internacionales y por el interior del pa\u00eds.<\/span><\/p>\n<p><span style=\"font-weight: 400;\">Integra el Coro ADICORA NACIONAL con quien particip\u00f3 en el IX Simposio Mundial Coral en Barcelona 2017, del XIX Festival Mundial de Coros en Puebla, M\u00e9xico en 2018, y del proyecto virtual organizado en 2020. De 2016 a 2019 cre\u00f3 y dirigi\u00f3 el grupo vocal mixto de m\u00fasica del R\u00edo de La Plata, Yacumenza.<\/span><\/p>\n<p><span style=\"font-weight: 400;\">Ha participado en el \u00e1rea de investigaci\u00f3n de la UNVM en diferentes proyectos entre los a\u00f1os 2012 y 2019.<\/span><\/p>\n<p><span style=\"font-weight: 400;\">Ha dictado capacitaciones sobre Interpretaci\u00f3n en M\u00fasica Popular Latinoamericana, Preparaci\u00f3n de Obras para Grupos de Canto Coral Vocacional en Etapa Inicial y el taller Canto Vincular en el programa Ser Arte y Parte de la Municipalidad de Villa Mar\u00eda.\u00a0<\/span><\/p>\n<p><span style=\"font-weight: 400;\">Desde el a\u00f1o 2020 forma parte del Foro Argentino de Compositoras y del Grupo de Estudio Coral Tactus a cargo de la Mtra. Virginia Bono.\u00a0<\/span><\/p>\n<p><span style=\"font-weight: 400;\">Durante 2021 se encuentra cursando el seminario de Lectura a primera vista para cantantes, directores y compositores dictado por la Lic. Anal\u00eda Miranda del DAMus en la UN y estudios particulares con el Mtro. Eduardo Ferraudi de arreglos corales y armon\u00eda.\u00a0<\/span><\/p>\n            <\/div>        <\/div>    <\/div><\/section>\n<\/div><\/div>\n<\/div><\/div><\/div><!-- close content main div --><\/div><\/div><div id='after_section_1' class='main_color av_default_container_wrap container_wrap sidebar_right'   ><div class='container' ><div class='template-page content  av-content-small alpha units'><div class='post-entry post-entry-type-page post-entry-19021'><div class='entry-content-wrapper clearfix'>\n<div style='height:50px' class='hr hr-invisible  '><span class='hr-inner ' ><span class='hr-inner-style'><\/span><\/span><\/div>\n<div class=\"flex_column av_one_half  flex_column_div av-zero-column-padding first  \" style='border-radius:0px; '><div class='av-horizontal-gallery av-horizontal-gallery-large-gap av-horizontal-gallery-enlarge-effect av-horizontal-gallery-1  av-control-default '  itemprop=\"ImageObject\" itemscope=\"itemscope\" itemtype=\"https:\/\/schema.org\/ImageObject\"  style='padding: 4.5% 0px;' data-av-enlarge='1.3'  ><div class='avia-slideshow-arrows avia-slideshow-controls'><a href='#prev' class='prev-slide av-horizontal-gallery-prev' aria-hidden='true' data-av_icon='\ue87c' data-av_iconfont='entypo-fontello'>Anterior<\/a><a href='#next' class='next-slide av-horizontal-gallery-next' aria-hidden='true' data-av_icon='\ue87d' data-av_iconfont='entypo-fontello'>Posterior<\/a><\/div><div class='av-horizontal-gallery-inner' style='padding-bottom:30%' data-av-height='30'><div class='av-horizontal-gallery-slider'><div class='av-horizontal-gallery-wrap noHover'><img class='av-horizontal-gallery-img' width='1030' height='687' src='https:\/\/extension.unvm.edu.ar\/wp-content\/uploads\/2023\/03\/DSC_0274-1030x687.jpg' title='DSC_0274' alt='' \/><a href='https:\/\/extension.unvm.edu.ar\/wp-content\/uploads\/2023\/03\/DSC_0274-1030x687.jpg'  class='av-horizontal-gallery-link' aria-hidden='true' data-av_icon='\ue869' data-av_iconfont='entypo-fontello' title='DSC_0274'><\/a><\/div><div class='av-horizontal-gallery-wrap noHover'><img class='av-horizontal-gallery-img' width='1030' height='687' src='https:\/\/extension.unvm.edu.ar\/wp-content\/uploads\/2023\/03\/DSC_0284-1030x687.jpg' title='DSC_0284' alt='' \/><a href='https:\/\/extension.unvm.edu.ar\/wp-content\/uploads\/2023\/03\/DSC_0284-1030x687.jpg'  class='av-horizontal-gallery-link' aria-hidden='true' data-av_icon='\ue869' data-av_iconfont='entypo-fontello' title='DSC_0284'><\/a><\/div><\/div><\/div><\/div><\/div>\n<div class=\"flex_column av_one_half  flex_column_div av-zero-column-padding   \" style='border-radius:0px; '><p><div style='padding-bottom:10px; ' class='av-special-heading av-special-heading-h1  blockquote modern-quote   '><h1 class='av-special-heading-tag '  itemprop=\"headline\"  >Equipo de trabajo<\/h1><div class='special-heading-border'><div class='special-heading-inner-border' ><\/div><\/div><\/div><br \/>\n<section class=\"av_textblock_section \"  itemscope=\"itemscope\" itemtype=\"https:\/\/schema.org\/CreativeWork\" ><div class='avia_textblock  '   itemprop=\"text\" ><ul>\n<li>Director: Sebasti\u00e1n Tello<\/li>\n<li>Asistente de direcci\u00f3n:\u00a0Liz Girelli<\/li>\n<li>Preparador Vocal:\u00a0Joaqu\u00edn Molina<\/li>\n<li>Trabajadora Social: Jimena Gianinetto<\/li>\n<\/ul>\n<\/div><\/section><\/p><\/div><div  class='hr hr-default  '><span class='hr-inner ' ><span class='hr-inner-style'><\/span><\/span><\/div><\/p>\n<\/div><\/div><\/div><!-- close content main div --><\/div><\/div><div id='av_section_2' class='avia-section main_color avia-section-no-padding avia-no-border-styling avia-bg-style-scroll   container_wrap sidebar_right' style = 'background-image: '  ><div class='av-section-color-overlay-wrap'><a href='#next-section' title='' class='scroll-down-link '  aria-hidden='true' data-av_icon='\ue877' data-av_iconfont='entypo-fontello'><\/a><div class='container' ><div class='template-page content  av-content-small alpha units'><div class='post-entry post-entry-type-page post-entry-19021'><div class='entry-content-wrapper clearfix'>\n<div class=\"flex_column av_two_fifth  flex_column_div av-zero-column-padding first  \" style='border-radius:0px; '><p><div style='padding-bottom:10px; ' class='av-special-heading av-special-heading-h1  blockquote modern-quote   '><h1 class='av-special-heading-tag '  itemprop=\"headline\"  >Nuestras producciones<\/h1><div class='special-heading-border'><div class='special-heading-inner-border' ><\/div><\/div><\/div><br \/>\n<div style='height:50px' class='hr hr-invisible  '><span class='hr-inner ' ><span class='hr-inner-style'><\/span><\/span><\/div><br \/>\n<article class=\"iconbox iconbox_left    \"  itemscope=\"itemscope\" itemtype=\"https:\/\/schema.org\/CreativeWork\" ><div class=\"iconbox_content\"><header class=\"entry-content-header\"><div class=\"iconbox_icon heading-color \" aria-hidden='true' data-av_icon='\ue921' data-av_iconfont='entypo-fontello'  ><\/div><h3 class='iconbox_content_title '  itemprop=\"headline\"   style='color:#000000; '><a href='https:\/\/youtu.be\/NdikibMUllA' title='Jornadas en vivo | UNVM CANTA'  target=\"_blank\"  >Jornadas en vivo | UNVM CANTA<\/a><\/h3><\/header><div class='iconbox_content_container  '  itemprop=\"text\"  ><p>El CORAM particip\u00f3 del UNVM Canta- Cuarta edici\u00f3n en el marcos de las Jornadas en Vivo de los Elencos UNVM.<\/p>\n<hr \/>\n<h6><\/h6>\n<\/div><\/div><footer class=\"entry-footer\"><\/footer><\/article><br \/>\n<article class=\"iconbox iconbox_left    \"  itemscope=\"itemscope\" itemtype=\"https:\/\/schema.org\/CreativeWork\" ><div class=\"iconbox_content\"><header class=\"entry-content-header\"><div class=\"iconbox_icon heading-color \" aria-hidden='true' data-av_icon='\ue921' data-av_iconfont='entypo-fontello'  ><\/div><h3 class='iconbox_content_title '  itemprop=\"headline\"   style='color:#000000; '><a href='https:\/\/youtu.be\/uwQ6nV_fMqw' title='Video Esencia | CANCIONES INFANTILES'  target=\"_blank\"  >Video Esencia | CANCIONES INFANTILES<\/a><\/h3><\/header><div class='iconbox_content_container  '  itemprop=\"text\"  ><p>Video realizado durante Febrero 2021<\/p>\n<hr \/>\n<h6><\/h6>\n<\/div><\/div><footer class=\"entry-footer\"><\/footer><\/article><\/p><\/div><div class=\"flex_column av_three_fifth  flex_column_div av-zero-column-padding   \" style='border-radius:0px; '><div class='avia-gallery  avia-gallery-1 avia_lazyload avia_animate_when_visible '  itemprop=\"ImageObject\" itemscope=\"itemscope\" itemtype=\"https:\/\/schema.org\/ImageObject\" ><div class='avia-gallery-thumb'> <a href='https:\/\/extension.unvm.edu.ar\/wp-content\/uploads\/2021\/08\/MG_8315-1030x687.jpg' data-rel='gallery-1' data-prev-img='https:\/\/extension.unvm.edu.ar\/wp-content\/uploads\/2021\/08\/MG_8315-495x400.jpg' class='first_thumb lightbox ' data-onclick='1' title=''  itemprop=\"thumbnailUrl\" ><img  src='https:\/\/extension.unvm.edu.ar\/wp-content\/uploads\/2021\/08\/MG_8315-495x400.jpg' width='495' height='400'  title='_MG_8315' alt='' \/><\/a> <a href='https:\/\/extension.unvm.edu.ar\/wp-content\/uploads\/2021\/08\/MG_8326-1030x687.jpg' data-rel='gallery-1' data-prev-img='https:\/\/extension.unvm.edu.ar\/wp-content\/uploads\/2021\/08\/MG_8326-495x400.jpg' class='lightbox ' data-onclick='2' title=''  itemprop=\"thumbnailUrl\" ><img  src='https:\/\/extension.unvm.edu.ar\/wp-content\/uploads\/2021\/08\/MG_8326-495x400.jpg' width='495' height='400'  title='_MG_8326' alt='' \/><\/a> <a href='https:\/\/extension.unvm.edu.ar\/wp-content\/uploads\/2021\/08\/MG_8329-1030x687.jpg' data-rel='gallery-1' data-prev-img='https:\/\/extension.unvm.edu.ar\/wp-content\/uploads\/2021\/08\/MG_8329-495x400.jpg' class='lightbox ' data-onclick='3' title=''  itemprop=\"thumbnailUrl\" ><img  src='https:\/\/extension.unvm.edu.ar\/wp-content\/uploads\/2021\/08\/MG_8329-495x400.jpg' width='495' height='400'  title='_MG_8329' alt='' \/><\/a> <a href='https:\/\/extension.unvm.edu.ar\/wp-content\/uploads\/2021\/08\/MG_8332-1030x687.jpg' data-rel='gallery-1' data-prev-img='https:\/\/extension.unvm.edu.ar\/wp-content\/uploads\/2021\/08\/MG_8332-495x400.jpg' class='lightbox ' data-onclick='4' title=''  itemprop=\"thumbnailUrl\" ><img  src='https:\/\/extension.unvm.edu.ar\/wp-content\/uploads\/2021\/08\/MG_8332-495x400.jpg' width='495' height='400'  title='_MG_8332' alt='' \/><\/a> <a href='https:\/\/extension.unvm.edu.ar\/wp-content\/uploads\/2021\/08\/MG_8340-1030x687.jpg' data-rel='gallery-1' data-prev-img='https:\/\/extension.unvm.edu.ar\/wp-content\/uploads\/2021\/08\/MG_8340-495x400.jpg' class='lightbox ' data-onclick='5' title=''  itemprop=\"thumbnailUrl\" ><img  src='https:\/\/extension.unvm.edu.ar\/wp-content\/uploads\/2021\/08\/MG_8340-495x400.jpg' width='495' height='400'  title='_MG_8340' alt='' \/><\/a> <a href='https:\/\/extension.unvm.edu.ar\/wp-content\/uploads\/2021\/08\/MG_8342-1030x687.jpg' data-rel='gallery-1' data-prev-img='https:\/\/extension.unvm.edu.ar\/wp-content\/uploads\/2021\/08\/MG_8342-495x400.jpg' class='first_thumb lightbox ' data-onclick='6' title=''  itemprop=\"thumbnailUrl\" ><img  src='https:\/\/extension.unvm.edu.ar\/wp-content\/uploads\/2021\/08\/MG_8342-495x400.jpg' width='495' height='400'  title='_MG_8342' alt='' \/><\/a> <a href='https:\/\/extension.unvm.edu.ar\/wp-content\/uploads\/2021\/08\/MG_8345-1030x687.jpg' data-rel='gallery-1' data-prev-img='https:\/\/extension.unvm.edu.ar\/wp-content\/uploads\/2021\/08\/MG_8345-495x400.jpg' class='lightbox ' data-onclick='7' title=''  itemprop=\"thumbnailUrl\" ><img  src='https:\/\/extension.unvm.edu.ar\/wp-content\/uploads\/2021\/08\/MG_8345-495x400.jpg' width='495' height='400'  title='_MG_8345' alt='' \/><\/a> <a href='https:\/\/extension.unvm.edu.ar\/wp-content\/uploads\/2021\/08\/MG_9295-1030x687.jpg' data-rel='gallery-1' data-prev-img='https:\/\/extension.unvm.edu.ar\/wp-content\/uploads\/2021\/08\/MG_9295-495x400.jpg' class='lightbox ' data-onclick='8' title=''  itemprop=\"thumbnailUrl\" ><img  src='https:\/\/extension.unvm.edu.ar\/wp-content\/uploads\/2021\/08\/MG_9295-495x400.jpg' width='495' height='400'  title='_MG_9295' alt='' \/><\/a> <a href='https:\/\/extension.unvm.edu.ar\/wp-content\/uploads\/2021\/08\/MG_9308-1030x687.jpg' data-rel='gallery-1' data-prev-img='https:\/\/extension.unvm.edu.ar\/wp-content\/uploads\/2021\/08\/MG_9308-495x400.jpg' class='lightbox ' data-onclick='9' title=''  itemprop=\"thumbnailUrl\" ><img  src='https:\/\/extension.unvm.edu.ar\/wp-content\/uploads\/2021\/08\/MG_9308-495x400.jpg' width='495' height='400'  title='_MG_9308' alt='' \/><\/a> <a href='https:\/\/extension.unvm.edu.ar\/wp-content\/uploads\/2021\/08\/MG_9310-1030x687.jpg' data-rel='gallery-1' data-prev-img='https:\/\/extension.unvm.edu.ar\/wp-content\/uploads\/2021\/08\/MG_9310-495x400.jpg' class='lightbox ' data-onclick='10' title=''  itemprop=\"thumbnailUrl\" ><img  src='https:\/\/extension.unvm.edu.ar\/wp-content\/uploads\/2021\/08\/MG_9310-495x400.jpg' width='495' height='400'  title='_MG_9310' alt='' \/><\/a> <a href='https:\/\/extension.unvm.edu.ar\/wp-content\/uploads\/2021\/08\/MG_9333-1030x687.jpg' data-rel='gallery-1' data-prev-img='https:\/\/extension.unvm.edu.ar\/wp-content\/uploads\/2021\/08\/MG_9333-495x400.jpg' class='first_thumb lightbox ' data-onclick='11' title=''  itemprop=\"thumbnailUrl\" ><img  src='https:\/\/extension.unvm.edu.ar\/wp-content\/uploads\/2021\/08\/MG_9333-495x400.jpg' width='495' height='400'  title='_MG_9333' alt='' \/><\/a> <a href='https:\/\/extension.unvm.edu.ar\/wp-content\/uploads\/2021\/08\/MG_9338-1030x687.jpg' data-rel='gallery-1' data-prev-img='https:\/\/extension.unvm.edu.ar\/wp-content\/uploads\/2021\/08\/MG_9338-495x400.jpg' class='lightbox ' data-onclick='12' title=''  itemprop=\"thumbnailUrl\" ><img  src='https:\/\/extension.unvm.edu.ar\/wp-content\/uploads\/2021\/08\/MG_9338-495x400.jpg' width='495' height='400'  title='_MG_9338' alt='' \/><\/a> <a href='https:\/\/extension.unvm.edu.ar\/wp-content\/uploads\/2021\/08\/MG_9339-1030x687.jpg' data-rel='gallery-1' data-prev-img='https:\/\/extension.unvm.edu.ar\/wp-content\/uploads\/2021\/08\/MG_9339-495x400.jpg' class='lightbox ' data-onclick='13' title=''  itemprop=\"thumbnailUrl\" ><img  src='https:\/\/extension.unvm.edu.ar\/wp-content\/uploads\/2021\/08\/MG_9339-495x400.jpg' width='495' height='400'  title='_MG_9339' alt='' \/><\/a> <a href='https:\/\/extension.unvm.edu.ar\/wp-content\/uploads\/2021\/08\/MG_9301-1030x687.jpg' data-rel='gallery-1' data-prev-img='https:\/\/extension.unvm.edu.ar\/wp-content\/uploads\/2021\/08\/MG_9301-495x400.jpg' class='lightbox ' data-onclick='14' title=''  itemprop=\"thumbnailUrl\" ><img  src='https:\/\/extension.unvm.edu.ar\/wp-content\/uploads\/2021\/08\/MG_9301-495x400.jpg' width='495' height='400'  title='_MG_9301' alt='' \/><\/a> <a href='https:\/\/extension.unvm.edu.ar\/wp-content\/uploads\/2021\/08\/MG_8364-1030x687.jpg' data-rel='gallery-1' data-prev-img='https:\/\/extension.unvm.edu.ar\/wp-content\/uploads\/2021\/08\/MG_8364-495x400.jpg' class='lightbox ' data-onclick='15' title=''  itemprop=\"thumbnailUrl\" ><img  src='https:\/\/extension.unvm.edu.ar\/wp-content\/uploads\/2021\/08\/MG_8364-495x400.jpg' width='495' height='400'  title='_MG_8364' alt='' \/><\/a><\/div><\/div><\/div><div style='height:50px' class='hr hr-invisible  '><span class='hr-inner ' ><span class='hr-inner-style'><\/span><\/span><\/div>\n<\/div><\/div><\/div><!-- close content main div --><\/div><\/div><\/div><div id='after_section_2' class='main_color av_default_container_wrap container_wrap sidebar_right'   ><div class='container' ><div class='template-page content  av-content-small alpha units'><div class='post-entry post-entry-type-page post-entry-19021'><div class='entry-content-wrapper clearfix'>\n<\/div><\/div><\/div><!-- close content main div --><\/div><\/div><div id='av_section_3' class='avia-section main_color avia-section-default avia-no-shadow avia-full-stretch av-parallax-section av-section-color-overlay-active avia-bg-style-parallax   av-minimum-height av-minimum-height-25 container_wrap sidebar_right'  data-section-bg-repeat='stretch' ><div class='av-parallax' data-avia-parallax-ratio='0.3' ><div class='av-parallax-inner main_color  avia-full-stretch' style = 'background-repeat: no-repeat; background-image: url(http:\/\/humanas.unvm.edu.ar\/wp-content\/uploads\/2018\/08\/1-1.jpg);background-attachment: scroll; background-position: center center; ' ><\/div><\/div><div class='av-section-color-overlay-wrap'><div class='av-section-color-overlay' style='opacity: 0.5; background-color: #003f7a; '><\/div><div class='container' ><div class='template-page content  av-content-small alpha units'><div class='post-entry post-entry-type-page post-entry-19021'><div class='entry-content-wrapper clearfix'><\/div><\/div><\/div><!-- close content main div --><\/div><\/div><\/div><div id='after_section_3' class='main_color av_default_container_wrap container_wrap sidebar_right'   ><div class='container' ><div class='template-page content  av-content-small alpha units'><div class='post-entry post-entry-type-page post-entry-19021'><div class='entry-content-wrapper clearfix'>\n","protected":false},"excerpt":{"rendered":"","protected":false},"author":12,"featured_media":0,"parent":8013,"menu_order":0,"comment_status":"closed","ping_status":"closed","template":"","meta":{"_exactmetrics_skip_tracking":false,"_exactmetrics_sitenote_active":false,"_exactmetrics_sitenote_note":"","_exactmetrics_sitenote_category":0,"footnotes":""},"class_list":["post-19021","page","type-page","status-publish","hentry"],"_links":{"self":[{"href":"https:\/\/extension.unvm.edu.ar\/index.php?rest_route=\/wp\/v2\/pages\/19021"}],"collection":[{"href":"https:\/\/extension.unvm.edu.ar\/index.php?rest_route=\/wp\/v2\/pages"}],"about":[{"href":"https:\/\/extension.unvm.edu.ar\/index.php?rest_route=\/wp\/v2\/types\/page"}],"author":[{"embeddable":true,"href":"https:\/\/extension.unvm.edu.ar\/index.php?rest_route=\/wp\/v2\/users\/12"}],"replies":[{"embeddable":true,"href":"https:\/\/extension.unvm.edu.ar\/index.php?rest_route=%2Fwp%2Fv2%2Fcomments&post=19021"}],"version-history":[{"count":5,"href":"https:\/\/extension.unvm.edu.ar\/index.php?rest_route=\/wp\/v2\/pages\/19021\/revisions"}],"predecessor-version":[{"id":28457,"href":"https:\/\/extension.unvm.edu.ar\/index.php?rest_route=\/wp\/v2\/pages\/19021\/revisions\/28457"}],"up":[{"embeddable":true,"href":"https:\/\/extension.unvm.edu.ar\/index.php?rest_route=\/wp\/v2\/pages\/8013"}],"wp:attachment":[{"href":"https:\/\/extension.unvm.edu.ar\/index.php?rest_route=%2Fwp%2Fv2%2Fmedia&parent=19021"}],"curies":[{"name":"wp","href":"https:\/\/api.w.org\/{rel}","templated":true}]}}