{"id":18449,"date":"2022-02-24T15:03:50","date_gmt":"2022-02-24T15:03:50","guid":{"rendered":"https:\/\/extension.unvm.edu.ar\/?page_id=18449"},"modified":"2022-10-21T15:41:26","modified_gmt":"2022-10-21T15:41:26","slug":"guadal","status":"publish","type":"page","link":"https:\/\/extension.unvm.edu.ar\/?page_id=18449","title":{"rendered":"GUADAL"},"content":{"rendered":"<div class=\"flex_column av_three_fourth  flex_column_div av-zero-column-padding avia-link-column first  \" style='border-radius:0px; ' data-link-column-url=\"https:\/\/extension.unvm.edu.ar\/?page_id=18057\" ><a class=\"av-screen-reader-only\" href=https:\/\/extension.unvm.edu.ar\/?page_id=18057 >Link to: ELENCOS ESTABLES UNVM<\/a><div style='padding-bottom:10px; ' class='av-special-heading av-special-heading-h3    '><h3 class='av-special-heading-tag '  itemprop=\"headline\"  >Elencos UNVM<\/h3><div class='special-heading-border'><div class='special-heading-inner-border' ><\/div><\/div><\/div><\/div>\n<div class=\"flex_column av_one_fourth  flex_column_div av-zero-column-padding   \" style='border-radius:0px; '><section class=\"av_textblock_section \"  itemscope=\"itemscope\" itemtype=\"https:\/\/schema.org\/CreativeWork\" ><div class='avia_textblock  '   itemprop=\"text\" ><h4><span style=\"color: #000000;\">Contacto<\/span><\/h4>\n<\/div><\/section><br \/>\n<span class=\"av_font_icon avia_animate_when_visible  av-icon-style-  avia-icon-pos-left \" style=\"color:#00176d; border-color:#00176d;\"><a href='https:\/\/www.instagram.com\/guadal.oficial\/?hl=es-la'  target=\"_blank\"   class='av-icon-char' style='font-size:30px;line-height:30px;' aria-hidden='true' data-av_icon='\ue909' data-av_iconfont='entypo-fontello' ><\/a><\/span><br \/>\n<span class=\"av_font_icon avia_animate_when_visible  av-icon-style-  avia-icon-pos-left \" style=\"color:#00176d; border-color:#00176d;\"><a href='https:\/\/www.facebook.com\/profile.php?id=100063639730027'  target=\"_blank\"   class='av-icon-char' style='font-size:30px;line-height:30px;' aria-hidden='true' data-av_icon='\ue8f5' data-av_iconfont='entypo-fontello' ><\/a><\/span><br \/>\n<span class=\"av_font_icon avia_animate_when_visible  av-icon-style-  avia-icon-pos-left \" style=\"color:#00176d; border-color:#00176d;\"><a href='https:\/\/www.youtube.com\/channel\/UC6PMPV_8jrqBhG4Na-yg9Rg'  target=\"_blank\"   class='av-icon-char' style='font-size:30px;line-height:30px;' aria-hidden='true' data-av_icon='\ue921' data-av_iconfont='entypo-fontello' ><\/a><\/span><br \/>\n<span class=\"av_font_icon avia_animate_when_visible  av-icon-style-  avia-icon-pos-left \" style=\"color:#00176d; border-color:#00176d;\"><a href='https:\/\/open.spotify.com\/album\/2olQDIO2jPu2tF8zMVD56X?si=oADORARGTs6KZXqwcoG47Q'  target=\"_blank\"   class='av-icon-char' style='font-size:30px;line-height:30px;' aria-hidden='true' data-av_icon='\ue906' data-av_iconfont='entypo-fontello' ><\/a><\/span><br \/>\n<span class=\"av_font_icon avia_animate_when_visible  av-icon-style-  avia-icon-pos-left \" style=\"color:#00176d; border-color:#00176d;\"><a href='mailto:guadal@unvm.edu.ar'  target=\"_blank\"   class='av-icon-char' style='font-size:30px;line-height:30px;' aria-hidden='true' data-av_icon='\ue805' data-av_iconfont='entypo-fontello' ><\/a><\/span><\/p><\/div><\/div><\/div><\/div><!-- close content main div --><\/div><\/div><div id='av_section_1' class='avia-section main_color avia-section-large avia-no-border-styling avia-bg-style-scroll   container_wrap sidebar_right' style = 'background-image: '  ><div class='container' ><div class='template-page content  av-content-small alpha units'><div class='post-entry post-entry-type-page post-entry-18449'><div class='entry-content-wrapper clearfix'>\n<div class=\"flex_column av_one_half  flex_column_div av-zero-column-padding first  \" style='border-radius:0px; '><div class='avia-image-container avia_animated_image avia_animate_when_almost_visible fade-in av-styling-    avia-align-center '  itemprop=\"ImageObject\" itemscope=\"itemscope\" itemtype=\"https:\/\/schema.org\/ImageObject\"  ><div class='avia-image-container-inner'><div class='avia-image-overlay-wrap'><img class='avia_image ' src='https:\/\/extension.unvm.edu.ar\/wp-content\/uploads\/2022\/08\/DSC_0032.jpg' alt='' title='DSC_0032' height=\"3935\"width=\"5902\"  itemprop=\"thumbnailUrl\"  \/><\/div><\/div><\/div><\/div><div class=\"flex_column av_one_half  flex_column_div av-zero-column-padding   \" style='border-radius:0px; '><p><div class='avia-image-container  av-styling-    avia-align-center '  itemprop=\"ImageObject\" itemscope=\"itemscope\" itemtype=\"https:\/\/schema.org\/ImageObject\"  ><div class='avia-image-container-inner'><div class='avia-image-overlay-wrap'><img class='avia_image ' src='https:\/\/extension.unvm.edu.ar\/wp-content\/uploads\/2022\/02\/GUADAL-para-la-web_Mesa-de-trabajo-1-1030x461.png' alt='' title='GUADAL para la web_Mesa de trabajo 1' height=\"461\"width=\"1030\"  itemprop=\"thumbnailUrl\"  \/><\/div><\/div><\/div><br \/>\n<section class=\"av_textblock_section \"  itemscope=\"itemscope\" itemtype=\"https:\/\/schema.org\/CreativeWork\" ><div class='avia_textblock  '  style='font-size:15px; '  itemprop=\"text\" ><p><span style=\"font-weight: 400;\">La agrupaci\u00f3n fue rescatando las sonoridades ac\u00fasticas t\u00edpicas del <strong>folclore argentino<\/strong>, poni\u00e9ndolas en valor con nuevos arreglos, acerc\u00e1ndose a p\u00fablicos que no se vinculan directamente con las propuestas m\u00e1s tradicionales, trabajando sobre las mismas desde la composici\u00f3n y los arreglos de manera novedosa.\u00a0<\/span><\/p>\n<\/div><\/section><\/p><\/div><div class='flex_column_table av-equal-height-column-flextable -flextable' ><div class=\"flex_column av_one_full  flex_column_table_cell av-equal-height-column av-align-middle av-zero-column-padding first  \" style='border-radius:0px; '><\/div><\/div><!--close column table wrapper. Autoclose: 1 --><div class=\"flex_column av_one_full  flex_column_div av-zero-column-padding first  \" style='border-radius:0px; '><div class=\"togglecontainer   \" >\n<section class=\"av_toggle_section\"  itemscope=\"itemscope\" itemtype=\"https:\/\/schema.org\/CreativeWork\"  >    <div class=\"single_toggle\" data-tags=\"{Todo} \"  >        <p data-fake-id=\"#toggle-id-1\" class=\"toggler  av-inherit-font-color  av-inherit-border-color \"  itemprop=\"headline\"  style='color: #00176d; border-color: #eda01c; '>Historia<span class=\"toggle_icon\" style='border-color:#00176d;'>        <span class=\"vert_icon\"><\/span><span class=\"hor_icon\"><\/span><\/span><\/p>        <div id=\"toggle-id-1-container\" class=\"toggle_wrap \"  >            <div class=\"toggle_content invers-color  av-inherit-font-color  av-inherit-border-color \"  itemprop=\"text\"  style='color: #00176d; border-color: #eda01c; ' ><p><span style=\"font-weight: 400;\">Guadal es el elenco folcl\u00f3rico estable del Instituto de Extensi\u00f3n desde el a\u00f1o 2011. <\/span><\/p>\n<p><span style=\"font-weight: 400;\">En su trayectoria, la agrupaci\u00f3n fue rescatando las sonoridades ac\u00fasticas t\u00edpicas del folclore argentino, poni\u00e9ndolas en valor con nuevos arreglos, acerc\u00e1ndose a p\u00fablicos que no se vinculan directamente con las propuestas m\u00e1s tradicionales, trabajando sobre las mismas desde la composici\u00f3n y los arreglos de manera novedosa.\u00a0<\/span><\/p>\n<p><span style=\"font-weight: 400;\">En el a\u00f1o 2015, Guadal edita el libro \u00abMelod\u00edas del Monte\u00bb, en el que se encuentran 127 obras de diversos autores de M\u00fasica Popular Argentina de ra\u00edz Folcl\u00f3rica de la regi\u00f3n Centro del pa\u00eds, plasmadas en partituras (letra y m\u00fasica).\u00a0<\/span><\/p>\n<p><span style=\"font-weight: 400;\">En el 2018 edita su primer trabajo discogr\u00e1fico titulado H\u00c1BITAT, el cual contiene versiones de obras que pertenecen al cancionero popular argentino, como as\u00ed tambi\u00e9n composiciones propias. Tambi\u00e9n, present\u00f3 \u00ab<\/span><span style=\"font-weight: 400;\">Patio Santiague\u00f1o\u00bb, concierto en el que se articula m\u00fasica, danza y tradiciones propias de la Regi\u00f3n Centro con sus g\u00e9neros m\u00e1s representativos (Chacarera, gato, escondido, zamba y vidala).<\/span><\/p>\n            <\/div>        <\/div>    <\/div><\/section>\n<section class=\"av_toggle_section\"  itemscope=\"itemscope\" itemtype=\"https:\/\/schema.org\/CreativeWork\"  >    <div class=\"single_toggle\" data-tags=\"{Todo} \"  >        <p data-fake-id=\"#toggle-id-2\" class=\"toggler  av-inherit-font-color  av-inherit-border-color \"  itemprop=\"headline\"  style='color: #00176d; border-color: #eda01c; '>Integrantes<span class=\"toggle_icon\" style='border-color:#00176d;'>        <span class=\"vert_icon\"><\/span><span class=\"hor_icon\"><\/span><\/span><\/p>        <div id=\"toggle-id-2-container\" class=\"toggle_wrap \"  >            <div class=\"toggle_content invers-color  av-inherit-font-color  av-inherit-border-color \"  itemprop=\"text\"  style='color: #00176d; border-color: #eda01c; ' ><p><b>Mar\u00eda Fernanda Quint\u00e1s<\/b><\/p>\n<p><span style=\"font-weight: 400;\">Lic. en Composici\u00f3n con Or. en M\u00fasica Popular de la UNVM. Cantante, guitarrista y percusionista. Arregladora y compositora. Docente de Nivel primario. Docente auxiliar de Canto solista de la Lic. Interpretaci\u00f3n vocal de la U.N.V.M.<\/span> <span style=\"font-weight: 400;\">Adem\u00e1s de Guadal, integra el grupo vocal femenino \u00abLa Cantarola\u00bb y trabaja en su proyecto solista \u00abFer Quint\u00e1s set tr\u00edo\u00bb.<\/span><\/p>\n<p><b>Gerardo Luis Miotti<\/b><\/p>\n<p><span style=\"font-weight: 400;\">M\u00fasico, cantante, guitarrista y sesionista. Integrante y acompa\u00f1ante de diversos proyectos musicales de folklore y rock. Docente de nivel medio.\u00a0<\/span><\/p>\n<p><b>Jos\u00e9 Manuel Santill\u00e1n<\/b><\/p>\n<p><span style=\"font-weight: 400;\">Lic. en Composici\u00f3n con Or. en M\u00fasica Popular. Docente Conservatorio Sup de M\u00fasica Gilardo Gilardi. Docente Taller Folklore Canto y Acompa\u00f1amiento musical PEUAM. Bajista, Instrumentista vientos (flauta y saxo), guitarrista, percusionista.\u00a0<\/span><\/p>\n<p><b>Alfredo Ezequiel Infante<\/b><\/p>\n<p><span style=\"font-weight: 400;\">Lic. en Composici\u00f3n con Or. en M\u00fasica Popular de la UNVM. Docente de la carrera de Composici\u00f3n con Or. en M\u00fasica Popular de la UNVM, codirector de la Orquesta Esc. La Cabulera de la UNVM y coordinador de la Esc. de m\u00fasica municipal de VM. Se desempe\u00f1a c\u00f3mo Guitarrista y bandoneonista de diversas propuestas musicales de VM y la regi\u00f3n.<\/span><\/p>\n<p><b>Federico Joaqu\u00edn Aguilar<\/b><\/p>\n<p><span style=\"font-weight: 400;\">M\u00fasico bandoneonista integrante y acompa\u00f1ante de diversos proyectos musicales de folklore y tango. Docente del Taller de Folklore Canto y Acompa\u00f1amiento Musical PEUAM.<\/span><\/p>\n            <\/div>        <\/div>    <\/div><\/section>\n<\/div><\/div>\n<\/div><\/div><\/div><!-- close content main div --><\/div><\/div><div id='after_section_1' class='main_color av_default_container_wrap container_wrap sidebar_right'   ><div class='container' ><div class='template-page content  av-content-small alpha units'><div class='post-entry post-entry-type-page post-entry-18449'><div class='entry-content-wrapper clearfix'><\/p>\n<div style='height:50px' class='hr hr-invisible  '><span class='hr-inner ' ><span class='hr-inner-style'><\/span><\/span><\/div>\n<div class=\"flex_column av_one_half  flex_column_div av-zero-column-padding first  \" style='border-radius:0px; '><div class='av-horizontal-gallery av-horizontal-gallery-large-gap av-horizontal-gallery-enlarge-effect av-horizontal-gallery-1  av-control-default '  itemprop=\"ImageObject\" itemscope=\"itemscope\" itemtype=\"https:\/\/schema.org\/ImageObject\"  style='padding: 3.75% 0px;' data-av-enlarge='1.3'  ><div class='avia-slideshow-arrows avia-slideshow-controls'><a href='#prev' class='prev-slide av-horizontal-gallery-prev' aria-hidden='true' data-av_icon='\ue87c' data-av_iconfont='entypo-fontello'>Anterior<\/a><a href='#next' class='next-slide av-horizontal-gallery-next' aria-hidden='true' data-av_icon='\ue87d' data-av_iconfont='entypo-fontello'>Posterior<\/a><\/div><div class='av-horizontal-gallery-inner' style='padding-bottom:25%' data-av-height='25'><div class='av-horizontal-gallery-slider'><div class='av-horizontal-gallery-wrap noHover'><img class='av-horizontal-gallery-img' width='1030' height='687' src='https:\/\/extension.unvm.edu.ar\/wp-content\/uploads\/2022\/02\/IMG_1739-1030x687.jpg' title='IMG_1739' alt='' \/><a href='https:\/\/extension.unvm.edu.ar\/wp-content\/uploads\/2022\/02\/IMG_1739-1030x687.jpg'  class='av-horizontal-gallery-link' aria-hidden='true' data-av_icon='\ue869' data-av_iconfont='entypo-fontello' title='IMG_1739'><\/a><\/div><div class='av-horizontal-gallery-wrap noHover'><img class='av-horizontal-gallery-img' width='1030' height='687' src='https:\/\/extension.unvm.edu.ar\/wp-content\/uploads\/2022\/02\/IMG_1678-1-1030x687.jpg' title='IMG_1678' alt='' \/><a href='https:\/\/extension.unvm.edu.ar\/wp-content\/uploads\/2022\/02\/IMG_1678-1-1030x687.jpg'  class='av-horizontal-gallery-link' aria-hidden='true' data-av_icon='\ue869' data-av_iconfont='entypo-fontello' title='IMG_1678'><\/a><\/div><\/div><\/div><\/div><\/div>\n<div class=\"flex_column av_one_half  flex_column_div av-zero-column-padding   \" style='border-radius:0px; '><p><div style='padding-bottom:10px; ' class='av-special-heading av-special-heading-h1  blockquote modern-quote  '><h1 class='av-special-heading-tag '  itemprop=\"headline\"  >Integrantes<\/h1><div class='special-heading-border'><div class='special-heading-inner-border' ><\/div><\/div><\/div><br \/>\n<section class=\"av_textblock_section \"  itemscope=\"itemscope\" itemtype=\"https:\/\/schema.org\/CreativeWork\" ><div class='avia_textblock  '   itemprop=\"text\" ><ul>\n<li><b>Mar\u00eda Fernanda Quint\u00e1s<\/b><\/li>\n<li><b>Gerardo Luis Miotti<\/b><\/li>\n<li><b>Jos\u00e9 Manuel Santill\u00e1n<\/b><\/li>\n<li><b>Alfredo Ezequiel Infante<\/b><\/li>\n<li><b>Federico Joaqu\u00edn Aguilar<\/b><\/li>\n<\/ul>\n<\/div><\/section><\/p><\/div>\n<div  class='hr hr-default  '><span class='hr-inner ' ><span class='hr-inner-style'><\/span><\/span><\/div>\n<\/div><\/div><\/div><!-- close content main div --><\/div><\/div><div id='av_section_2' class='avia-section main_color avia-section-no-padding avia-no-border-styling avia-bg-style-scroll   container_wrap sidebar_right' style = 'background-image: '  ><div class='av-section-color-overlay-wrap'><a href='#next-section' title='' class='scroll-down-link '  aria-hidden='true' data-av_icon='\ue877' data-av_iconfont='entypo-fontello'><\/a><div class='container' ><div class='template-page content  av-content-small alpha units'><div class='post-entry post-entry-type-page post-entry-18449'><div class='entry-content-wrapper clearfix'>\n<div class=\"flex_column av_two_fifth  flex_column_div av-zero-column-padding first  \" style='border-radius:0px; '><p><div style='padding-bottom:10px; ' class='av-special-heading av-special-heading-h1  blockquote modern-quote   '><h1 class='av-special-heading-tag '  itemprop=\"headline\"  >Nuestras producciones<\/h1><div class='special-heading-border'><div class='special-heading-inner-border' ><\/div><\/div><\/div><br \/>\n<div style='height:50px' class='hr hr-invisible  '><span class='hr-inner ' ><span class='hr-inner-style'><\/span><\/span><\/div><br \/>\n<article class=\"iconbox iconbox_left    \"  itemscope=\"itemscope\" itemtype=\"https:\/\/schema.org\/CreativeWork\" ><div class=\"iconbox_content\"><header class=\"entry-content-header\"><div class=\"iconbox_icon heading-color \" aria-hidden='true' data-av_icon='\ue921' data-av_iconfont='entypo-fontello'  ><\/div><h3 class='iconbox_content_title '  itemprop=\"headline\"   style='color:#000000; '><a href='https:\/\/www.youtube.com\/watch?v=W6q9y4ILbSg&amp;ab_channel=Guadal%2CElencoFolkl%C3%B3ricoInst.Extensi%C3%B3nUNVM' title='Video Esencia | Soy de la tierra'  target=\"_blank\"  >Video Esencia | Soy de la tierra<\/a><\/h3><\/header><div class='iconbox_content_container  '  itemprop=\"text\"  ><p>Video realizado durante el 2020<\/p>\n<hr \/>\n<h6><\/h6>\n<\/div><\/div><footer class=\"entry-footer\"><\/footer><\/article><br \/>\n<article class=\"iconbox iconbox_left    \"  itemscope=\"itemscope\" itemtype=\"https:\/\/schema.org\/CreativeWork\" ><div class=\"iconbox_content\"><header class=\"entry-content-header\"><div class=\"iconbox_icon heading-color \" aria-hidden='true' data-av_icon='\ue921' data-av_iconfont='entypo-fontello'  ><\/div><h3 class='iconbox_content_title '  itemprop=\"headline\"   style='color:#000000; '><a href='https:\/\/www.youtube.com\/watch?v=QzVkrSteduE&amp;ab_channel=Guadal%2CElencoFolkl%C3%B3ricoInst.Extensi%C3%B3nUNVM' title='Patio santiague\u00f1o'  target=\"_blank\"  >Patio santiague\u00f1o<\/a><\/h3><\/header><div class='iconbox_content_container  '  itemprop=\"text\"  ><p>Grabado en Febrero de 2020<\/p>\n<hr \/>\n<h6><\/h6>\n<\/div><\/div><footer class=\"entry-footer\"><\/footer><\/article><\/p><\/div><div class=\"flex_column av_three_fifth  flex_column_div av-zero-column-padding   \" style='border-radius:0px; '><div class='avia-gallery  avia-gallery-1 avia_lazyload avia_animate_when_visible '  itemprop=\"ImageObject\" itemscope=\"itemscope\" itemtype=\"https:\/\/schema.org\/ImageObject\" ><div class='avia-gallery-thumb'> <a href='https:\/\/extension.unvm.edu.ar\/wp-content\/uploads\/2022\/02\/IMG_1668-1030x687.jpg' data-rel='gallery-1' data-prev-img='https:\/\/extension.unvm.edu.ar\/wp-content\/uploads\/2022\/02\/IMG_1668-495x400.jpg' class='first_thumb lightbox ' data-onclick='1' title=''  itemprop=\"thumbnailUrl\" ><img  src='https:\/\/extension.unvm.edu.ar\/wp-content\/uploads\/2022\/02\/IMG_1668-495x400.jpg' width='495' height='400'  title='IMG_1668' alt='' \/><\/a> <a href='https:\/\/extension.unvm.edu.ar\/wp-content\/uploads\/2022\/02\/IMG_1730-1030x687.jpg' data-rel='gallery-1' data-prev-img='https:\/\/extension.unvm.edu.ar\/wp-content\/uploads\/2022\/02\/IMG_1730-495x400.jpg' class='lightbox ' data-onclick='2' title=''  itemprop=\"thumbnailUrl\" ><img  src='https:\/\/extension.unvm.edu.ar\/wp-content\/uploads\/2022\/02\/IMG_1730-495x400.jpg' width='495' height='400'  title='IMG_1730' alt='' \/><\/a> <a href='https:\/\/extension.unvm.edu.ar\/wp-content\/uploads\/2022\/02\/IMG_1678-2-1030x687.jpg' data-rel='gallery-1' data-prev-img='https:\/\/extension.unvm.edu.ar\/wp-content\/uploads\/2022\/02\/IMG_1678-2-495x400.jpg' class='lightbox ' data-onclick='3' title=''  itemprop=\"thumbnailUrl\" ><img  src='https:\/\/extension.unvm.edu.ar\/wp-content\/uploads\/2022\/02\/IMG_1678-2-495x400.jpg' width='495' height='400'  title='IMG_1678' alt='' \/><\/a> <a href='https:\/\/extension.unvm.edu.ar\/wp-content\/uploads\/2022\/02\/IMG_1732-1030x687.jpg' data-rel='gallery-1' data-prev-img='https:\/\/extension.unvm.edu.ar\/wp-content\/uploads\/2022\/02\/IMG_1732-495x400.jpg' class='lightbox ' data-onclick='4' title=''  itemprop=\"thumbnailUrl\" ><img  src='https:\/\/extension.unvm.edu.ar\/wp-content\/uploads\/2022\/02\/IMG_1732-495x400.jpg' width='495' height='400'  title='IMG_1732' alt='' \/><\/a> <a href='https:\/\/extension.unvm.edu.ar\/wp-content\/uploads\/2022\/02\/IMG_1680-1030x654.jpg' data-rel='gallery-1' data-prev-img='https:\/\/extension.unvm.edu.ar\/wp-content\/uploads\/2022\/02\/IMG_1680-495x400.jpg' class='lightbox ' data-onclick='5' title=''  itemprop=\"thumbnailUrl\" ><img  src='https:\/\/extension.unvm.edu.ar\/wp-content\/uploads\/2022\/02\/IMG_1680-495x400.jpg' width='495' height='400'  title='IMG_1680' alt='' \/><\/a> <a href='https:\/\/extension.unvm.edu.ar\/wp-content\/uploads\/2022\/02\/IMG_1689-1030x687.jpg' data-rel='gallery-1' data-prev-img='https:\/\/extension.unvm.edu.ar\/wp-content\/uploads\/2022\/02\/IMG_1689-495x400.jpg' class='first_thumb lightbox ' data-onclick='6' title=''  itemprop=\"thumbnailUrl\" ><img  src='https:\/\/extension.unvm.edu.ar\/wp-content\/uploads\/2022\/02\/IMG_1689-495x400.jpg' width='495' height='400'  title='IMG_1689' alt='' \/><\/a> <a href='https:\/\/extension.unvm.edu.ar\/wp-content\/uploads\/2022\/02\/IMG_1694-1030x687.jpg' data-rel='gallery-1' data-prev-img='https:\/\/extension.unvm.edu.ar\/wp-content\/uploads\/2022\/02\/IMG_1694-495x400.jpg' class='lightbox ' data-onclick='7' title=''  itemprop=\"thumbnailUrl\" ><img  src='https:\/\/extension.unvm.edu.ar\/wp-content\/uploads\/2022\/02\/IMG_1694-495x400.jpg' width='495' height='400'  title='IMG_1694' alt='' \/><\/a> <a href='https:\/\/extension.unvm.edu.ar\/wp-content\/uploads\/2022\/02\/IMG_1700-1030x687.jpg' data-rel='gallery-1' data-prev-img='https:\/\/extension.unvm.edu.ar\/wp-content\/uploads\/2022\/02\/IMG_1700-495x400.jpg' class='lightbox ' data-onclick='8' title=''  itemprop=\"thumbnailUrl\" ><img  src='https:\/\/extension.unvm.edu.ar\/wp-content\/uploads\/2022\/02\/IMG_1700-495x400.jpg' width='495' height='400'  title='IMG_1700' alt='' \/><\/a> <a href='https:\/\/extension.unvm.edu.ar\/wp-content\/uploads\/2022\/02\/IMG_1713-1030x687.jpg' data-rel='gallery-1' data-prev-img='https:\/\/extension.unvm.edu.ar\/wp-content\/uploads\/2022\/02\/IMG_1713-495x400.jpg' class='lightbox ' data-onclick='9' title=''  itemprop=\"thumbnailUrl\" ><img  src='https:\/\/extension.unvm.edu.ar\/wp-content\/uploads\/2022\/02\/IMG_1713-495x400.jpg' width='495' height='400'  title='IMG_1713' alt='' \/><\/a> <a href='https:\/\/extension.unvm.edu.ar\/wp-content\/uploads\/2022\/02\/IMG_1739-1-1030x687.jpg' data-rel='gallery-1' data-prev-img='https:\/\/extension.unvm.edu.ar\/wp-content\/uploads\/2022\/02\/IMG_1739-1-495x400.jpg' class='lightbox ' data-onclick='10' title=''  itemprop=\"thumbnailUrl\" ><img  src='https:\/\/extension.unvm.edu.ar\/wp-content\/uploads\/2022\/02\/IMG_1739-1-495x400.jpg' width='495' height='400'  title='IMG_1739' alt='' \/><\/a> <a href='https:\/\/extension.unvm.edu.ar\/wp-content\/uploads\/2022\/02\/IMG_1740-1030x687.jpg' data-rel='gallery-1' data-prev-img='https:\/\/extension.unvm.edu.ar\/wp-content\/uploads\/2022\/02\/IMG_1740-495x400.jpg' class='first_thumb lightbox ' data-onclick='11' title=''  itemprop=\"thumbnailUrl\" ><img  src='https:\/\/extension.unvm.edu.ar\/wp-content\/uploads\/2022\/02\/IMG_1740-495x400.jpg' width='495' height='400'  title='IMG_1740' alt='' \/><\/a> <a href='https:\/\/extension.unvm.edu.ar\/wp-content\/uploads\/2022\/02\/IMG_1742-1030x687.jpg' data-rel='gallery-1' data-prev-img='https:\/\/extension.unvm.edu.ar\/wp-content\/uploads\/2022\/02\/IMG_1742-495x400.jpg' class='lightbox ' data-onclick='12' title=''  itemprop=\"thumbnailUrl\" ><img  src='https:\/\/extension.unvm.edu.ar\/wp-content\/uploads\/2022\/02\/IMG_1742-495x400.jpg' width='495' height='400'  title='IMG_1742' alt='' \/><\/a> <a href='https:\/\/extension.unvm.edu.ar\/wp-content\/uploads\/2022\/02\/IMG_1744-1030x687.jpg' data-rel='gallery-1' data-prev-img='https:\/\/extension.unvm.edu.ar\/wp-content\/uploads\/2022\/02\/IMG_1744-495x400.jpg' class='lightbox ' data-onclick='13' title=''  itemprop=\"thumbnailUrl\" ><img  src='https:\/\/extension.unvm.edu.ar\/wp-content\/uploads\/2022\/02\/IMG_1744-495x400.jpg' width='495' height='400'  title='IMG_1744' alt='' \/><\/a> <a href='https:\/\/extension.unvm.edu.ar\/wp-content\/uploads\/2022\/02\/IMG_1745-1030x687.jpg' data-rel='gallery-1' data-prev-img='https:\/\/extension.unvm.edu.ar\/wp-content\/uploads\/2022\/02\/IMG_1745-495x400.jpg' class='lightbox ' data-onclick='14' title=''  itemprop=\"thumbnailUrl\" ><img  src='https:\/\/extension.unvm.edu.ar\/wp-content\/uploads\/2022\/02\/IMG_1745-495x400.jpg' width='495' height='400'  title='IMG_1745' alt='' \/><\/a> <a href='https:\/\/extension.unvm.edu.ar\/wp-content\/uploads\/2022\/02\/IMG_1747-1030x687.jpg' data-rel='gallery-1' data-prev-img='https:\/\/extension.unvm.edu.ar\/wp-content\/uploads\/2022\/02\/IMG_1747-495x400.jpg' class='lightbox ' data-onclick='15' title=''  itemprop=\"thumbnailUrl\" ><img  src='https:\/\/extension.unvm.edu.ar\/wp-content\/uploads\/2022\/02\/IMG_1747-495x400.jpg' width='495' height='400'  title='IMG_1747' alt='' \/><\/a> <a href='https:\/\/extension.unvm.edu.ar\/wp-content\/uploads\/2022\/02\/IMG_1755-1030x687.jpg' data-rel='gallery-1' data-prev-img='https:\/\/extension.unvm.edu.ar\/wp-content\/uploads\/2022\/02\/IMG_1755-495x400.jpg' class='first_thumb lightbox ' data-onclick='16' title=''  itemprop=\"thumbnailUrl\" ><img  src='https:\/\/extension.unvm.edu.ar\/wp-content\/uploads\/2022\/02\/IMG_1755-495x400.jpg' width='495' height='400'  title='IMG_1755' alt='' \/><\/a><\/div><\/div><\/div><div style='height:50px' class='hr hr-invisible  '><span class='hr-inner ' ><span class='hr-inner-style'><\/span><\/span><\/div>\n<\/div><\/div><\/div><!-- close content main div --><\/div><\/div><\/div><div id='after_section_2' class='main_color av_default_container_wrap container_wrap sidebar_right'   ><div class='container' ><div class='template-page content  av-content-small alpha units'><div class='post-entry post-entry-type-page post-entry-18449'><div class='entry-content-wrapper clearfix'>\n<\/div><\/div><\/div><!-- close content main div --><\/div><\/div><div id='av_section_3' class='avia-section main_color avia-section-default avia-no-shadow avia-full-stretch av-parallax-section av-section-color-overlay-active avia-bg-style-parallax   av-minimum-height av-minimum-height-25 container_wrap sidebar_right'  data-section-bg-repeat='stretch' ><div class='av-parallax' data-avia-parallax-ratio='0.3' ><div class='av-parallax-inner main_color  avia-full-stretch' style = 'background-repeat: no-repeat; background-image: url(http:\/\/humanas.unvm.edu.ar\/wp-content\/uploads\/2018\/08\/1-1.jpg);background-attachment: scroll; background-position: center center; ' ><\/div><\/div><div class='av-section-color-overlay-wrap'><div class='av-section-color-overlay' style='opacity: 0.5; background-color: #003f7a; '><\/div><div class='container' ><div class='template-page content  av-content-small alpha units'><div class='post-entry post-entry-type-page post-entry-18449'><div class='entry-content-wrapper clearfix'><\/div><\/div><\/div><!-- close content main div --><\/div><\/div><\/div><div id='after_section_3' class='main_color av_default_container_wrap container_wrap sidebar_right'   ><div class='container' ><div class='template-page content  av-content-small alpha units'><div class='post-entry post-entry-type-page post-entry-18449'><div class='entry-content-wrapper clearfix'>\n","protected":false},"excerpt":{"rendered":"","protected":false},"author":12,"featured_media":0,"parent":8013,"menu_order":0,"comment_status":"closed","ping_status":"closed","template":"","meta":{"_exactmetrics_skip_tracking":false,"_exactmetrics_sitenote_active":false,"_exactmetrics_sitenote_note":"","_exactmetrics_sitenote_category":0,"footnotes":""},"class_list":["post-18449","page","type-page","status-publish","hentry"],"_links":{"self":[{"href":"https:\/\/extension.unvm.edu.ar\/index.php?rest_route=\/wp\/v2\/pages\/18449"}],"collection":[{"href":"https:\/\/extension.unvm.edu.ar\/index.php?rest_route=\/wp\/v2\/pages"}],"about":[{"href":"https:\/\/extension.unvm.edu.ar\/index.php?rest_route=\/wp\/v2\/types\/page"}],"author":[{"embeddable":true,"href":"https:\/\/extension.unvm.edu.ar\/index.php?rest_route=\/wp\/v2\/users\/12"}],"replies":[{"embeddable":true,"href":"https:\/\/extension.unvm.edu.ar\/index.php?rest_route=%2Fwp%2Fv2%2Fcomments&post=18449"}],"version-history":[{"count":18,"href":"https:\/\/extension.unvm.edu.ar\/index.php?rest_route=\/wp\/v2\/pages\/18449\/revisions"}],"predecessor-version":[{"id":23371,"href":"https:\/\/extension.unvm.edu.ar\/index.php?rest_route=\/wp\/v2\/pages\/18449\/revisions\/23371"}],"up":[{"embeddable":true,"href":"https:\/\/extension.unvm.edu.ar\/index.php?rest_route=\/wp\/v2\/pages\/8013"}],"wp:attachment":[{"href":"https:\/\/extension.unvm.edu.ar\/index.php?rest_route=%2Fwp%2Fv2%2Fmedia&parent=18449"}],"curies":[{"name":"wp","href":"https:\/\/api.w.org\/{rel}","templated":true}]}}