{"id":11158,"date":"2020-03-20T20:45:35","date_gmt":"2020-03-20T20:45:35","guid":{"rendered":"http:\/\/extension.unvm.edu.ar\/?page_id=11158"},"modified":"2020-03-22T00:28:27","modified_gmt":"2020-03-22T00:28:27","slug":"presentaciones","status":"publish","type":"page","link":"https:\/\/extension.unvm.edu.ar\/?page_id=11158","title":{"rendered":"#QuedateEnCasa"},"content":{"rendered":"<div class=\"flex_column av_three_fifth  no_margin flex_column_div av-zero-column-padding first  \" style='border-radius:0px; '><div style='padding-bottom:10px; font-size:70px;' class='av-special-heading av-special-heading-h1  blockquote modern-quote modern-centered  av-inherit-size '><h1 class='av-special-heading-tag '  itemprop=\"headline\"  >\u00a1CONOC\u00c9 A LOS ELENCOS DE LA UNVM!<\/h1><div class='special-heading-border'><div class='special-heading-inner-border' ><\/div><\/div><\/div><\/div>\n<div class=\"flex_column av_two_fifth  no_margin flex_column_div av-zero-column-padding   \" style='border-radius:0px; '><div class='avia-image-container  av-styling-    avia-align-center '  itemprop=\"ImageObject\" itemscope=\"itemscope\" itemtype=\"https:\/\/schema.org\/ImageObject\"  ><div class='avia-image-container-inner'><div class='avia-image-overlay-wrap'><img class='avia_image ' src='https:\/\/extension.unvm.edu.ar\/wp-content\/uploads\/2020\/02\/Guadal-5-300x200.jpg' alt='' title='Guadal (5)' height=\"200\"width=\"300\"  itemprop=\"thumbnailUrl\"  \/><\/div><\/div><\/div><\/div>\n<div style='height:50px' class='hr hr-invisible  '><span class='hr-inner ' ><span class='hr-inner-style'><\/span><\/span><\/div>\n<div class=\"flex_column av_two_third  flex_column_div av-zero-column-padding first  \" style='border-radius:0px; '><div style='padding-bottom:10px; font-size:22px;' class='av-special-heading av-special-heading-h2  blockquote modern-quote modern-centered  av-inherit-size '><h2 class='av-special-heading-tag '  itemprop=\"headline\"  >Los elencos estables de la UNVM comparten sus presentaciones, conciertos, discos y videodanzas para que disfrutes en tu casa.<\/h2><div class='special-heading-border'><div class='special-heading-inner-border' ><\/div><\/div><\/div><\/div>\n<\/div><\/div><\/div><!-- close content main div --><\/div><\/div><div id='av-tab-section-1' class='av-tab-section-container entry-content-wrapper main_color av-tab-no-transition   av-tab-above-content  container_wrap sidebar_right'   ><div class='av-tab-section-outer-container'><div class='av-tab-section-tab-title-container avia-tab-title-padding-default ' style='background-color:#af0c0c; '><a href='#danzamble' data-av-tab-section-title='1' class='av-section-tab-title av-active-tab-title av-tab-no-icon av-tab-no-image  '><span class='av-outer-tab-title'><span class='av-inner-tab-title'>DANZAMBLE<\/span><\/span><span class='av-tab-arrow-container'><span><\/span><\/span><\/a><a href='#ballet-folclrico' data-av-tab-section-title='2' class='av-section-tab-title  av-tab-no-icon av-tab-no-image  '><span class='av-outer-tab-title'><span class='av-inner-tab-title'>BALLET FOLCL\u00d3RICO<\/span><\/span><span class='av-tab-arrow-container'><span><\/span><\/span><\/a><a href='#guadal' data-av-tab-section-title='3' class='av-section-tab-title  av-tab-no-icon av-tab-no-image  '><span class='av-outer-tab-title'><span class='av-inner-tab-title'>GUADAL<\/span><\/span><span class='av-tab-arrow-container'><span><\/span><\/span><\/a><a href='#la-cabulera' data-av-tab-section-title='4' class='av-section-tab-title  av-tab-no-icon av-tab-no-image  '><span class='av-outer-tab-title'><span class='av-inner-tab-title'>LA CABULERA<\/span><\/span><span class='av-tab-arrow-container'><span><\/span><\/span><\/a><\/div><div class='av-tab-section-inner-container avia-section-default' style='width:400vw; left:0%;'><span class='av_prev_tab_section av_tab_navigation'><\/span><span class='av_next_tab_section av_tab_navigation'><\/span>\n<div data-av-tab-section-content=\"1\" class=\"av-layout-tab av-animation-delay-container av-active-tab-content __av_init_open   \" style='vertical-align:middle; ' data-av-tab-color='#ffffff'  data-tab-section-id=\"danzamble\"><div class='av-layout-tab-inner'><div class='container'><p><div class=\"flex_column av_one_full  flex_column_div av-zero-column-padding first  \" style='border-radius:0px; '><section class=\"av_textblock_section \"  itemscope=\"itemscope\" itemtype=\"https:\/\/schema.org\/CreativeWork\" ><div class='avia_textblock  '   itemprop=\"text\" ><p class=\"av-special-heading-tag \">El <strong>Danzamble<\/strong> se funda en un proyecto pedag\u00f3gico que comprende el lenguaje art\u00edstico de manera transversal en la formaci\u00f3n acad\u00e9mica de sus estudiantes.<\/p>\n<p>Creado en 1998 bajo la direcci\u00f3n de la licenciada Gabriela Redondo, y actualmente con la co-direcci\u00f3n de Nadia Durruty Brambilla, el Danzamble se funda en un proyecto pedag\u00f3gico que comprende el lenguaje art\u00edstico de manera transversal en la formaci\u00f3n acad\u00e9mica de sus estudiantes.<\/p>\n<\/div><\/section><\/div><div class=\"flex_column av_one_third  flex_column_div av-zero-column-padding first  \" style='border-radius:0px; '><p><div style='padding-bottom:10px; ' class='av-special-heading av-special-heading-h3  blockquote modern-quote   '><h3 class='av-special-heading-tag '  itemprop=\"headline\"  > \u00abYo no tengo una personalidad\u00bb Visita a Girondo<\/h3><div class ='av-subheading av-subheading_below  ' style='font-size:15px;'><p>Propuesta dirigida por Nadia Durruty Brambilla, que combina m\u00fasica en vivo, con danza y poes\u00eda.<\/p>\n<p>Participan tambi\u00e9n: Antonela Turletti, Mauro Guzman, Alexis Scarponi y Juan Maldonado.<\/p>\n<p>Filmado por Daro Ceballos en la Usina Cultural de Villa Maria.<\/p>\n<\/div><div class='special-heading-border'><div class='special-heading-inner-border' ><\/div><\/div><\/div><br \/>\n<div class='avia-video avia-video-16-9   av-lazyload-immediate  av-lazyload-video-embed  '   itemprop=\"video\" itemtype=\"https:\/\/schema.org\/VideoObject\"  data-original_url='https:\/\/www.youtube.com\/watch?v=tR_pa9ARQ54&amp;t=4s' ><script type='text\/html' class='av-video-tmpl'><div class='avia-iframe-wrap'><iframe loading=\"lazy\" width=\"1500\" height=\"844\" src=\"https:\/\/www.youtube.com\/embed\/tR_pa9ARQ54?start=4&feature=oembed\" frameborder=\"0\" allow=\"accelerometer; autoplay; encrypted-media; gyroscope; picture-in-picture\" allowfullscreen><\/iframe><\/div><\/script><div class='av-click-to-play-overlay'><div class=\"avia_playpause_icon\"><\/div><\/div><\/div><\/p><\/div><div class=\"flex_column av_one_third  flex_column_div av-zero-column-padding   \" style='border-radius:0px; '><p><div style='padding-bottom:10px; ' class='av-special-heading av-special-heading-h3  blockquote modern-quote   '><h3 class='av-special-heading-tag '  itemprop=\"headline\"  >INSURRECTAS<\/h3><div class ='av-subheading av-subheading_below  ' style='font-size:15px;'><p>Interpretado por el Danzamble.<br \/>\nDirigo por Gabriela Redondo y Leandro Navall.<\/p>\n<\/div><div class='special-heading-border'><div class='special-heading-inner-border' ><\/div><\/div><\/div><br \/>\n<div class='avia-video avia-video-16-9   av-lazyload-immediate  av-lazyload-video-embed  '   itemprop=\"video\" itemtype=\"https:\/\/schema.org\/VideoObject\"  data-original_url='https:\/\/www.youtube.com\/watch?v=YGN22WGOyf8' ><script type='text\/html' class='av-video-tmpl'><div class='avia-iframe-wrap'><iframe loading=\"lazy\" width=\"1500\" height=\"844\" src=\"https:\/\/www.youtube.com\/embed\/YGN22WGOyf8?feature=oembed\" frameborder=\"0\" allow=\"accelerometer; autoplay; encrypted-media; gyroscope; picture-in-picture\" allowfullscreen><\/iframe><\/div><\/script><div class='av-click-to-play-overlay'><div class=\"avia_playpause_icon\"><\/div><\/div><\/div><\/p><\/div><div class=\"flex_column av_one_third  flex_column_div av-zero-column-padding   \" style='border-radius:0px; '><p><div style='padding-bottom:10px; ' class='av-special-heading av-special-heading-h3  blockquote modern-quote   '><h3 class='av-special-heading-tag '  itemprop=\"headline\"  >DANS LA TRACE DE L\u2019ANCRE :: En la huella del Ancla<\/h3><div class ='av-subheading av-subheading_below  ' style='font-size:15px;'><p>Interpretado por Danzamble y Bruno Degrines-<br \/>\nDirigido por Leandro Navall y Mercedes Chaquia Aguirre (Universidad de Saint Denis \u2013 Paris 8 &#8211; Francia) producido por Masiva Cortisona y Teatro del Interior, con la colaboraci\u00f3n de la U.N.V.M.<\/p>\n<p>A trav\u00e9s de la hibridez de la danza, el teatro f\u00edsico y el video; denuncia las aberraciones que sufren los que migran huyendo de las calamidades humanas, para llegar a un destino incierto, sin nombre, sin casa, sin rumbo.<\/p>\n<\/div><div class='special-heading-border'><div class='special-heading-inner-border' ><\/div><\/div><\/div><br \/>\n<div class='avia-video avia-video-16-9   av-lazyload-immediate  av-lazyload-video-embed  '   itemprop=\"video\" itemtype=\"https:\/\/schema.org\/VideoObject\"  data-original_url='https:\/\/www.youtube.com\/watch?v=3kUshIvH3uc&amp;t=5s' ><script type='text\/html' class='av-video-tmpl'><div class='avia-iframe-wrap'><iframe loading=\"lazy\" width=\"1500\" height=\"844\" src=\"https:\/\/www.youtube.com\/embed\/3kUshIvH3uc?start=5&feature=oembed\" frameborder=\"0\" allow=\"accelerometer; autoplay; encrypted-media; gyroscope; picture-in-picture\" allowfullscreen><\/iframe><\/div><\/script><div class='av-click-to-play-overlay'><div class=\"avia_playpause_icon\"><\/div><\/div><\/div><\/p><\/div><\/p>\n<\/div><\/div><\/div><div data-av-tab-section-content=\"2\" class=\"av-layout-tab av-animation-delay-container    \" style='vertical-align:middle; ' data-av-tab-color='#ffffff'  data-tab-section-id=\"ballet-folclrico\"><div class='av-layout-tab-inner'><div class='container'><p><div class=\"flex_column av_one_full  flex_column_div av-zero-column-padding first  \" style='border-radius:0px; '><section class=\"av_textblock_section \"  itemscope=\"itemscope\" itemtype=\"https:\/\/schema.org\/CreativeWork\" ><div class='avia_textblock  '   itemprop=\"text\" ><div class=\"flex_column av_three_fifth flex_column_table_cell av-equal-height-column av-align-middle av-zero-column-padding first avia-builder-el-5 el_before_av_two_fifth avia-builder-el-first \">\n<div class=\"av-special-heading av-special-heading-h2 blockquote modern-quote avia-builder-el-6 avia-builder-el-no-sibling av-inherit-size \">El <strong>Ballet Folkl\u00f3rico Universitario<\/strong>, nace en 2002 como espacio inserto dentro del claustro junto a la Pe\u00f1a Universitaria\u00a0<span class=\"special_amp\">\u201c<\/span>La Minga<span class=\"special_amp\">\u201d<\/span>. Desde all\u00ed consolida su accionar y convence a las autoridades universitarias para jerarquizarlo y transformarlo en un grupo de danza folkl\u00f3rica.\u00a0La direcci\u00f3n del elenco nativista se encuentra a cargo de la profesora Carina Bonoris.<\/div>\n<\/div>\n<\/div><\/section><\/div><div class=\"flex_column av_one_full  flex_column_div av-zero-column-padding first  \" style='border-radius:0px; '><p><div style='padding-bottom:10px; ' class='av-special-heading av-special-heading-h3  blockquote modern-quote   '><h3 class='av-special-heading-tag '  itemprop=\"headline\"  >Cierre PEUAM 2013<\/h3><div class ='av-subheading av-subheading_below  ' style='font-size:15px;'><p>Club Parroquial<br \/>\n10\/11\/2013<\/p>\n<\/div><div class='special-heading-border'><div class='special-heading-inner-border' ><\/div><\/div><\/div><br \/>\n<div class='avia-video avia-video-16-9   av-lazyload-immediate  av-lazyload-video-embed  '   itemprop=\"video\" itemtype=\"https:\/\/schema.org\/VideoObject\"  data-original_url='https:\/\/www.youtube.com\/watch?v=9dcsGVBTCTM&amp;feature=youtu.be' ><script type='text\/html' class='av-video-tmpl'><div class='avia-iframe-wrap'><iframe loading=\"lazy\" width=\"1500\" height=\"844\" src=\"https:\/\/www.youtube.com\/embed\/9dcsGVBTCTM?feature=oembed\" frameborder=\"0\" allow=\"accelerometer; autoplay; encrypted-media; gyroscope; picture-in-picture\" allowfullscreen><\/iframe><\/div><\/script><div class='av-click-to-play-overlay'><div class=\"avia_playpause_icon\"><\/div><\/div><\/div><\/p><\/div><\/p>\n<\/div><\/div><\/div><div data-av-tab-section-content=\"3\" class=\"av-layout-tab av-animation-delay-container    \" style='vertical-align:middle; ' data-av-tab-color='#ffffff'  data-tab-section-id=\"guadal\"><div class='av-layout-tab-inner'><div class='container'><p><div class=\"flex_column av_one_full  flex_column_div av-zero-column-padding first  \" style='border-radius:0px; '><section class=\"av_textblock_section \"  itemscope=\"itemscope\" itemtype=\"https:\/\/schema.org\/CreativeWork\" ><div class='avia_textblock  '   itemprop=\"text\" ><p><strong>Guadal<\/strong> es el elenco folkl\u00f3rico estable de la Universidad Nacional Villa Mar\u00eda (UNVM) integrado por Jos\u00e9 Santill\u00e1n (bajo el\u00e9ctrico y voz), Joaqu\u00edn Aguilar (bandone\u00f3n), Ezequiel Infante (guitarra), Gerardo Miotti (guitarra y voz) y Fernanda Quint\u00e1s (percusi\u00f3n y voz).<\/p>\n<\/div><\/section><\/div><div class=\"flex_column av_one_half  flex_column_div av-zero-column-padding first  \" style='border-radius:0px; '><p><div style='padding-bottom:10px; ' class='av-special-heading av-special-heading-h3  blockquote modern-quote   '><h3 class='av-special-heading-tag '  itemprop=\"headline\"  >H\u00c1BITAT<\/h3><div class ='av-subheading av-subheading_below  ' style='font-size:15px;'><p>Primer disco del elenco estable de la UNVM.<\/p>\n<p>Canciones:<br \/>\n00:00 Soy de la Tierra (Horacio Banegas)<br \/>\n06:42 Narita (Fernanda Quint\u00e1s)<br \/>\n10:46 Impresiones Sacheras (Joaquin Aguilar)<br \/>\n15:21 Posade\u00f1a linda (Ram\u00f3n Ayala)<br \/>\n20:44 El \u00faltimo tren (Ricardo Vilca)<br \/>\n27:15 El buen lugar (Jacinto Piedra)<br \/>\n31:34 Entre la Infancia y el hombre (Felipe Rojas\/ \u201cCali\u201d Carabajal)<\/p>\n<p>Integrantes:<br \/>\nFernanda Quint\u00e1s (voz y bombo)<br \/>\nGerardo Miotti (voz y guitarra)<br \/>\nJos\u00e9 Santill\u00e1n (voz y bajo)<br \/>\nEzequiel Infante (guitarra de 7 cuerdas)<br \/>\nJoaqu\u00edn Aguilar (bandone\u00f3n)<\/p>\n<\/div><div class='special-heading-border'><div class='special-heading-inner-border' ><\/div><\/div><\/div><br \/>\n<div class='avia-video avia-video-16-9   av-lazyload-immediate  av-lazyload-video-embed  '   itemprop=\"video\" itemtype=\"https:\/\/schema.org\/VideoObject\"  data-original_url='https:\/\/www.youtube.com\/watch?v=MvGmV9kH4T8' ><script type='text\/html' class='av-video-tmpl'><div class='avia-iframe-wrap'><iframe loading=\"lazy\" width=\"1500\" height=\"844\" src=\"https:\/\/www.youtube.com\/embed\/MvGmV9kH4T8?feature=oembed\" frameborder=\"0\" allow=\"accelerometer; autoplay; encrypted-media; gyroscope; picture-in-picture\" allowfullscreen><\/iframe><\/div><\/script><div class='av-click-to-play-overlay'><div class=\"avia_playpause_icon\"><\/div><\/div><\/div><\/p><\/div><div class=\"flex_column av_one_half  flex_column_div av-zero-column-padding   \" style='border-radius:0px; '><p><div style='padding-bottom:10px; ' class='av-special-heading av-special-heading-h3  blockquote modern-quote   '><h3 class='av-special-heading-tag '  itemprop=\"headline\"  >Guadal<\/h3><div class ='av-subheading av-subheading_below  ' style='font-size:15px;'><p>Grabado en vivo por La P\u00faa en el Auditorio de Rectorado de la UNVM en 2015.<br \/>\nFernanda Quint\u00e1s (voz y bombo)<br \/>\nGerardo Miotti (voz y guitarra)<br \/>\nJos\u00e9 Santill\u00e1n (voz y bajo)<br \/>\nEzequiel Infante (guitarra de 7 cuerdas)<br \/>\nJoaqu\u00edn Aguilar (bandone\u00f3n)<\/p>\n<\/div><div class='special-heading-border'><div class='special-heading-inner-border' ><\/div><\/div><\/div><br \/>\n<div class='avia-video avia-video-16-9   av-lazyload-immediate  av-lazyload-video-embed  '   itemprop=\"video\" itemtype=\"https:\/\/schema.org\/VideoObject\"  data-original_url='https:\/\/www.youtube.com\/watch?v=Vvsq5byjzpI&amp;feature=youtu.be' ><script type='text\/html' class='av-video-tmpl'><div class='avia-iframe-wrap'><iframe loading=\"lazy\" width=\"1500\" height=\"844\" src=\"https:\/\/www.youtube.com\/embed\/Vvsq5byjzpI?feature=oembed\" frameborder=\"0\" allow=\"accelerometer; autoplay; encrypted-media; gyroscope; picture-in-picture\" allowfullscreen><\/iframe><\/div><\/script><div class='av-click-to-play-overlay'><div class=\"avia_playpause_icon\"><\/div><\/div><\/div><\/p><\/div><\/p>\n<\/div><\/div><\/div><div data-av-tab-section-content=\"4\" class=\"av-layout-tab av-animation-delay-container    \" style='vertical-align:middle; ' data-av-tab-color='#ffffff'  data-tab-section-id=\"la-cabulera\"><div class='av-layout-tab-inner'><div class='container'><p><div class=\"flex_column av_one_full  flex_column_div av-zero-column-padding first  \" style='border-radius:0px; '><section class=\"av_textblock_section \"  itemscope=\"itemscope\" itemtype=\"https:\/\/schema.org\/CreativeWork\" ><div class='avia_textblock  '   itemprop=\"text\" ><div class=\"flex_column av_three_fifth flex_column_table_cell av-equal-height-column av-align-middle av-zero-column-padding first avia-builder-el-5 el_before_av_two_fifth avia-builder-el-first \">\n<div class=\"av-special-heading av-special-heading-h2 blockquote modern-quote avia-builder-el-6 avia-builder-el-no-sibling av-inherit-size \">\n<p class=\"av-special-heading-tag \">La <strong>Orquesta Escuela de Tango<\/strong> se constituye como elenco estable dependiente del Instituto de Extensi\u00f3n de la Universidad Nacional Villa Mar\u00eda (UNVM) en marzo del 2017.<\/p>\n<p>El director y bandoneonista es Pablo Jaurena y est\u00e1 integrado por\u00a015 m\u00fasicos, todos\/as estudiantes y docentes, que reciben capacitaci\u00f3n en distintos estilos del g\u00e9nero y realizan presentaciones en diversos espacios de la comunidad.<\/p>\n<\/div>\n<\/div>\n<\/div><\/section><\/div><div class=\"flex_column av_one_full  flex_column_div av-zero-column-padding first  \" style='border-radius:0px; '><p><div style='padding-bottom:10px; ' class='av-special-heading av-special-heading-h3  blockquote modern-quote   '><h3 class='av-special-heading-tag '  itemprop=\"headline\"  >Desencuentro &#8211; Tango<\/h3><div class ='av-subheading av-subheading_below  ' style='font-size:15px;'><p>Medioteca Municipal, Villa Mar\u00eda 2019-<\/p>\n<\/div><div class='special-heading-border'><div class='special-heading-inner-border' ><\/div><\/div><\/div><br \/>\n<div class='avia-video avia-video-16-9   av-lazyload-immediate  av-lazyload-video-embed  '   itemprop=\"video\" itemtype=\"https:\/\/schema.org\/VideoObject\"  data-original_url='https:\/\/www.youtube.com\/watch?v=fZBaX2dsj_k' ><script type='text\/html' class='av-video-tmpl'><div class='avia-iframe-wrap'><iframe loading=\"lazy\" width=\"1500\" height=\"844\" src=\"https:\/\/www.youtube.com\/embed\/fZBaX2dsj_k?feature=oembed\" frameborder=\"0\" allow=\"accelerometer; autoplay; encrypted-media; gyroscope; picture-in-picture\" allowfullscreen><\/iframe><\/div><\/script><div class='av-click-to-play-overlay'><div class=\"avia_playpause_icon\"><\/div><\/div><\/div><\/p><\/div><\/p>\n<\/div><\/div><\/div><\/div><\/div><\/div><\/div><\/div><\/div><!-- close content main div --><\/div><\/div><div id='av-tab-section-2' class='av-tab-section-container entry-content-wrapper main_color av-tab-no-transition   av-tab-above-content  container_wrap sidebar_right'   ><div class='av-tab-section-outer-container'><div class='av-tab-section-tab-title-container avia-tab-title-padding-default ' style='background-color:#af0c0c; '><a href='#coro-nonino' data-av-tab-section-title='1' class='av-section-tab-title av-active-tab-title av-tab-no-icon av-tab-no-image  '><span class='av-outer-tab-title'><span class='av-inner-tab-title'>CORO NONINO<\/span><\/span><span class='av-tab-arrow-container'><span><\/span><\/span><\/a><a href='#coro-de-nios-y-nias' data-av-tab-section-title='2' class='av-section-tab-title  av-tab-no-icon av-tab-no-image  '><span class='av-outer-tab-title'><span class='av-inner-tab-title'>CORO DE NI\u00d1OS Y NI\u00d1AS<\/span><\/span><span class='av-tab-arrow-container'><span><\/span><\/span><\/a><a href='#coram' data-av-tab-section-title='3' class='av-section-tab-title  av-tab-no-icon av-tab-no-image  '><span class='av-outer-tab-title'><span class='av-inner-tab-title'>CORAM<\/span><\/span><span class='av-tab-arrow-container'><span><\/span><\/span><\/a><a href='#la-comedia' data-av-tab-section-title='4' class='av-section-tab-title  av-tab-no-icon av-tab-no-image  '><span class='av-outer-tab-title'><span class='av-inner-tab-title'>LA COMEDIA<\/span><\/span><span class='av-tab-arrow-container'><span><\/span><\/span><\/a><\/div><div class='av-tab-section-inner-container avia-section-default' style='width:400vw; left:0%;'><span class='av_prev_tab_section av_tab_navigation'><\/span><span class='av_next_tab_section av_tab_navigation'><\/span>\n<div data-av-tab-section-content=\"1\" class=\"av-layout-tab av-animation-delay-container av-active-tab-content __av_init_open   \" style='vertical-align:middle; ' data-av-tab-color='#ffffff'  data-tab-section-id=\"coro-nonino\"><div class='av-layout-tab-inner'><div class='container'><p><div class=\"flex_column av_one_full  flex_column_div av-zero-column-padding first  \" style='border-radius:0px; '><section class=\"av_textblock_section \"  itemscope=\"itemscope\" itemtype=\"https:\/\/schema.org\/CreativeWork\" ><div class='avia_textblock  '   itemprop=\"text\" ><p>Desde su fundaci\u00f3n, el <strong>Coro Nonino<\/strong> es dirigido por la Magister Cristina Gallo, y est\u00e1 integrado en su mayor parte por alumnos de la Licenciatura en Composici\u00f3n Musical con Orientaci\u00f3n en M\u00fasica Popular y alumnos de otras carreras de la UNVM. El preparador vocal del coro es el lic. Federico L\u00f3pez Gaviola y la secretaria la lic. Julieta Delarolle.<\/p>\n<\/div><\/section><\/div><div class=\"flex_column av_one_fifth  flex_column_div av-zero-column-padding first  \" style='border-radius:0px; '><p><div style='padding-bottom:10px; ' class='av-special-heading av-special-heading-h3  blockquote modern-quote   '><h3 class='av-special-heading-tag '  itemprop=\"headline\"  >Eiti Leda &#8211; concierto \u00abGracias Charly\u00bb<\/h3><div class ='av-subheading av-subheading_below  ' style='font-size:15px;'><p>M\u00fasica y Letra: Charly Garc\u00eda<br \/>\nDirecci\u00f3n: Mgtr. Cristina Gallo<br \/>\nArreglo coral: Lic. Federico L\u00f3pez Gaviola<\/p>\n<p>Concierto \u00abGracias Charly (Nonino canta Garc\u00eda)<br \/>\nAlta Gracia &#8211; 12\/08\/17<\/p>\n<\/div><div class='special-heading-border'><div class='special-heading-inner-border' ><\/div><\/div><\/div><br \/>\n<div class='avia-video avia-video-16-9   av-lazyload-immediate  av-lazyload-video-embed  '   itemprop=\"video\" itemtype=\"https:\/\/schema.org\/VideoObject\"  data-original_url='https:\/\/www.youtube.com\/watch?v=Kzd4D2GfxtA' ><script type='text\/html' class='av-video-tmpl'><div class='avia-iframe-wrap'><iframe loading=\"lazy\" width=\"1500\" height=\"844\" src=\"https:\/\/www.youtube.com\/embed\/Kzd4D2GfxtA?feature=oembed\" frameborder=\"0\" allow=\"accelerometer; autoplay; encrypted-media; gyroscope; picture-in-picture\" allowfullscreen><\/iframe><\/div><\/script><div class='av-click-to-play-overlay'><div class=\"avia_playpause_icon\"><\/div><\/div><\/div><\/p><\/div><div class=\"flex_column av_one_fifth  flex_column_div av-zero-column-padding   \" style='border-radius:0px; '><p><div style='padding-bottom:10px; ' class='av-special-heading av-special-heading-h3  blockquote modern-quote   '><h3 class='av-special-heading-tag '  itemprop=\"headline\"  >Desarma y Sangra &#8211; concierto \u00abGracias Charly\u00bb<\/h3><div class ='av-subheading av-subheading_below  ' style='font-size:15px;'><p>M\u00fasica y Letra: Charly Garc\u00eda<br \/>\nDirecci\u00f3n: Mgtr. Cristina Gallo<br \/>\nArreglo coral: Lic. Julieta Dellarole<\/p>\n<p>Concierto \u00abGracias Charly (Nonino canta Garc\u00eda)<br \/>\nAlta Gracia &#8211; 12\/08\/17<\/p>\n<\/div><div class='special-heading-border'><div class='special-heading-inner-border' ><\/div><\/div><\/div><br \/>\n<div class='avia-video avia-video-16-9   av-lazyload-immediate  av-lazyload-video-embed  '   itemprop=\"video\" itemtype=\"https:\/\/schema.org\/VideoObject\"  data-original_url='https:\/\/www.youtube.com\/watch?v=eDmrOp6PLoc' ><script type='text\/html' class='av-video-tmpl'><div class='avia-iframe-wrap'><iframe loading=\"lazy\" width=\"1500\" height=\"844\" src=\"https:\/\/www.youtube.com\/embed\/eDmrOp6PLoc?feature=oembed\" frameborder=\"0\" allow=\"accelerometer; autoplay; encrypted-media; gyroscope; picture-in-picture\" allowfullscreen><\/iframe><\/div><\/script><div class='av-click-to-play-overlay'><div class=\"avia_playpause_icon\"><\/div><\/div><\/div><\/p><\/div><div class=\"flex_column av_one_fifth  flex_column_div av-zero-column-padding   \" style='border-radius:0px; '><p><div style='padding-bottom:10px; ' class='av-special-heading av-special-heading-h3  blockquote modern-quote   '><h3 class='av-special-heading-tag '  itemprop=\"headline\"  >Plateado sobre plateado (Huellas en el mar) de Charly Garc\u00eda <\/h3><div class ='av-subheading av-subheading_below  ' style='font-size:15px;'><p>Direcci\u00f3n: Mgter. Cristina Gallo<br \/>\nArreglo coral: Lic. de Juieta Dellarole<br \/>\nDirige: Lic. Federico L\u00f3pez Gaviola<\/p>\n<p>Grabado en Diciembre de 2016 en Patrimonio Hist\u00f3rico de Villa Mar\u00eda<\/p>\n<\/div><div class='special-heading-border'><div class='special-heading-inner-border' ><\/div><\/div><\/div><br \/>\n<div class='avia-video avia-video-16-9   av-lazyload-immediate  av-lazyload-video-embed  '   itemprop=\"video\" itemtype=\"https:\/\/schema.org\/VideoObject\"  data-original_url='https:\/\/www.youtube.com\/watch?v=W6iL8cO53Kc' ><script type='text\/html' class='av-video-tmpl'><div class='avia-iframe-wrap'><iframe loading=\"lazy\" width=\"1500\" height=\"844\" src=\"https:\/\/www.youtube.com\/embed\/W6iL8cO53Kc?feature=oembed\" frameborder=\"0\" allow=\"accelerometer; autoplay; encrypted-media; gyroscope; picture-in-picture\" allowfullscreen><\/iframe><\/div><\/script><div class='av-click-to-play-overlay'><div class=\"avia_playpause_icon\"><\/div><\/div><\/div><\/p><\/div><div class=\"flex_column av_one_fifth  flex_column_div av-zero-column-padding   \" style='border-radius:0px; '><p><div style='padding-bottom:10px; ' class='av-special-heading av-special-heading-h3  blockquote modern-quote   '><h3 class='av-special-heading-tag '  itemprop=\"headline\"  >El Necio<\/h3><div class ='av-subheading av-subheading_below  ' style='font-size:15px;'><p>Letra y m\u00fasica: Silvio Rodriguez<\/p>\n<p>Arr. coral: Federico L\u00f3pez Gaviola<\/p>\n<p>Directora: Mgter. Cristina Gallo<\/p>\n<p>Asistente de Direcci\u00f3n: Julieta Dellarole<\/p>\n<p>Grabado en sede Patrimonio Hist\u00f3rico Municipalidad de Villa Mar\u00eda 4 de diciembre de 2016<\/p>\n<p>* Grabaci\u00f3n: Mat\u00edas Trento &#8211; PROMASTER<\/p>\n<p>* Video: Qu\u00e9 Flash!<\/p>\n<\/div><div class='special-heading-border'><div class='special-heading-inner-border' ><\/div><\/div><\/div><br \/>\n<div class='avia-video avia-video-16-9   av-lazyload-immediate  av-lazyload-video-embed  '   itemprop=\"video\" itemtype=\"https:\/\/schema.org\/VideoObject\"  data-original_url='https:\/\/www.youtube.com\/watch?v=WRlTB0Wkf_k' ><script type='text\/html' class='av-video-tmpl'><div class='avia-iframe-wrap'><iframe loading=\"lazy\" width=\"1500\" height=\"844\" src=\"https:\/\/www.youtube.com\/embed\/WRlTB0Wkf_k?feature=oembed\" frameborder=\"0\" allow=\"accelerometer; autoplay; encrypted-media; gyroscope; picture-in-picture\" allowfullscreen><\/iframe><\/div><\/script><div class='av-click-to-play-overlay'><div class=\"avia_playpause_icon\"><\/div><\/div><\/div><\/p><\/div><div class=\"flex_column av_one_fifth  flex_column_div av-zero-column-padding   \" style='border-radius:0px; '><p><div style='padding-bottom:10px; ' class='av-special-heading av-special-heading-h3  blockquote modern-quote   '><h3 class='av-special-heading-tag '  itemprop=\"headline\"  >Superh\u00e9roes de Charly Garc\u00eda <\/h3><div class ='av-subheading av-subheading_below  ' style='font-size:15px;'><p>Direcci\u00f3n: Mgtr. Cristina Gallo<br \/>\nArreglo coral: Lic. Fernanda Quint\u00e1s<\/p>\n<p>Grabado en diciembre del 2015 por Que Flash! Producciones.<\/p>\n<\/div><div class='special-heading-border'><div class='special-heading-inner-border' ><\/div><\/div><\/div><br \/>\n<div class='avia-video avia-video-16-9   av-lazyload-immediate  av-lazyload-video-embed  '   itemprop=\"video\" itemtype=\"https:\/\/schema.org\/VideoObject\"  data-original_url='https:\/\/www.youtube.com\/watch?v=tfmoQtE4aE4' ><script type='text\/html' class='av-video-tmpl'><div class='avia-iframe-wrap'><iframe loading=\"lazy\" width=\"1500\" height=\"844\" src=\"https:\/\/www.youtube.com\/embed\/tfmoQtE4aE4?feature=oembed\" frameborder=\"0\" allow=\"accelerometer; autoplay; encrypted-media; gyroscope; picture-in-picture\" allowfullscreen><\/iframe><\/div><\/script><div class='av-click-to-play-overlay'><div class=\"avia_playpause_icon\"><\/div><\/div><\/div><\/p><\/div><\/p>\n<\/div><\/div><\/div><div data-av-tab-section-content=\"2\" class=\"av-layout-tab av-animation-delay-container    \" style='vertical-align:middle; ' data-av-tab-color='#ffffff'  data-tab-section-id=\"coro-de-nios-y-nias\"><div class='av-layout-tab-inner'><div class='container'><p><div class=\"flex_column av_one_full  flex_column_div av-zero-column-padding first  \" style='border-radius:0px; '><section class=\"av_textblock_section \"  itemscope=\"itemscope\" itemtype=\"https:\/\/schema.org\/CreativeWork\" ><div class='avia_textblock  '   itemprop=\"text\" ><p>El <strong>Coro de Ni\u00f1os y Ni\u00f1as<\/strong> se constituye en una herramienta que permite, no solo el desarrollo personal en las \u00e1reas psicol\u00f3gica, social y expresivo-art\u00edstica, sino tambi\u00e9n que la m\u00fasica sea un espacio productivo de creaci\u00f3n y transformaci\u00f3n social. Est\u00e1\u00a0dirigido por la directora Ivana Perren. Como preparador vocal, se encuentra el lic. Federico L\u00f3pez Gaviola, en guitarra Juan Mur\u00faa y tambi\u00e9n la Trabajadora Social, Jimena Gianinetto.<\/p>\n<\/div><\/section><\/div><div class=\"flex_column av_one_full  flex_column_div av-zero-column-padding first  \" style='border-radius:0px; '><p><div style='padding-bottom:10px; ' class='av-special-heading av-special-heading-h3  blockquote modern-quote   '><h3 class='av-special-heading-tag '  itemprop=\"headline\"  >Himno Nacional Argentino<\/h3><div class ='av-subheading av-subheading_below  ' style='font-size:15px;'><p>El Coro de Ni\u00f1os y Ni\u00f1as del Instituto de Extensi\u00f3n de la UNVM junto a alumnos y alumnas de la Escuela Pablo VI Anexo IDA, grabaron una versi\u00f3n del Himno Nacional Argentino con interpretaci\u00f3n en LSA-E.<\/p>\n<\/div><div class='special-heading-border'><div class='special-heading-inner-border' ><\/div><\/div><\/div><br \/>\n<div class='avia-video avia-video-16-9   av-lazyload-immediate  av-lazyload-video-embed  '   itemprop=\"video\" itemtype=\"https:\/\/schema.org\/VideoObject\"  data-original_url='https:\/\/www.youtube.com\/watch?v=PHY_uWpaSWE' ><script type='text\/html' class='av-video-tmpl'><div class='avia-iframe-wrap'><iframe loading=\"lazy\" width=\"1500\" height=\"844\" src=\"https:\/\/www.youtube.com\/embed\/PHY_uWpaSWE?feature=oembed\" frameborder=\"0\" allow=\"accelerometer; autoplay; encrypted-media; gyroscope; picture-in-picture\" allowfullscreen><\/iframe><\/div><\/script><div class='av-click-to-play-overlay'><div class=\"avia_playpause_icon\"><\/div><\/div><\/div><\/p><\/div><\/p>\n<\/div><\/div><\/div><div data-av-tab-section-content=\"3\" class=\"av-layout-tab av-animation-delay-container    \" style='vertical-align:middle; ' data-av-tab-color='#ffffff'  data-tab-section-id=\"coram\"><div class='av-layout-tab-inner'><div class='container'><p><div class=\"flex_column av_one_full  flex_column_div av-zero-column-padding first  \" style='border-radius:0px; '><section class=\"av_textblock_section \"  itemscope=\"itemscope\" itemtype=\"https:\/\/schema.org\/CreativeWork\" ><div class='avia_textblock  '   itemprop=\"text\" ><p>El <strong>Coro de Adultos Mayores (CORAM)<\/strong> surge en 1999 como proyecto vocal de la magister Cristina Gallo y, desde el 2011, est\u00e1 a cargo de la licenciada Laura Alberti. Tiene como finalidad la difusi\u00f3n de la m\u00fasica folkl\u00f3rica y popular argentina; y desde hace varios a\u00f1os trabaja en su formaci\u00f3n musical con repertorio navide\u00f1o tradicional.<\/p>\n<\/div><\/section><\/div><div class=\"flex_column av_one_full  flex_column_div av-zero-column-padding first  \" style='border-radius:0px; '><p><div style='padding-bottom:10px; ' class='av-special-heading av-special-heading-h3  blockquote modern-quote   '><h3 class='av-special-heading-tag '  itemprop=\"headline\"  >Zamba para olvidar<\/h3><div class ='av-subheading av-subheading_below  ' style='font-size:15px;'><p>Direcci\u00f3n: Laura Alberti<\/p>\n<p>Encuentro en La Falda<br \/>\n2018<\/p>\n<\/div><div class='special-heading-border'><div class='special-heading-inner-border' ><\/div><\/div><\/div><br \/>\n<div class='avia-video avia-video-16-9   av-lazyload-immediate  av-lazyload-video-embed  '   itemprop=\"video\" itemtype=\"https:\/\/schema.org\/VideoObject\"  data-original_url='https:\/\/www.youtube.com\/watch?v=9d_1k9QNCHo' ><script type='text\/html' class='av-video-tmpl'><div class='avia-iframe-wrap'><iframe loading=\"lazy\" width=\"1500\" height=\"844\" src=\"https:\/\/www.youtube.com\/embed\/9d_1k9QNCHo?feature=oembed\" frameborder=\"0\" allow=\"accelerometer; autoplay; encrypted-media; gyroscope; picture-in-picture\" allowfullscreen><\/iframe><\/div><\/script><div class='av-click-to-play-overlay'><div class=\"avia_playpause_icon\"><\/div><\/div><\/div><\/p><\/div><\/p>\n<\/div><\/div><\/div><div data-av-tab-section-content=\"4\" class=\"av-layout-tab av-animation-delay-container    \" style='vertical-align:middle; ' data-av-tab-color='#ffffff'  data-tab-section-id=\"la-comedia\"><div class='av-layout-tab-inner'><div class='container'><p><div class=\"flex_column av_one_full  flex_column_div av-zero-column-padding first  \" style='border-radius:0px; '><section class=\"av_textblock_section \"  itemscope=\"itemscope\" itemtype=\"https:\/\/schema.org\/CreativeWork\" ><div class='avia_textblock  '   itemprop=\"text\" ><p class=\"av-special-heading-tag \">Desde el a\u00f1o 2004, bajo la direcci\u00f3n de la profesora Alicia Mouxaut y las asistentes Maria Isabel Lemonte y Valeria Plovanich, se desarrolla el elenco de Teatro, denominado <strong>La Comedia<\/strong>, en la Universidad Nacional Villa Mar\u00eda (UNVM).<\/p>\n<\/div><\/section><\/div><div class=\"flex_column av_one_full  flex_column_div av-zero-column-padding first  \" style='border-radius:0px; '><div class='avia-video avia-video-16-9   av-lazyload-immediate  av-lazyload-video-embed  '   itemprop=\"video\" itemtype=\"https:\/\/schema.org\/VideoObject\"  data-original_url='https:\/\/www.youtube.com\/watch?v=IXNy0tUjRPw' ><script type='text\/html' class='av-video-tmpl'><div class='avia-iframe-wrap'><iframe loading=\"lazy\" width=\"1500\" height=\"844\" src=\"https:\/\/www.youtube.com\/embed\/IXNy0tUjRPw?feature=oembed\" frameborder=\"0\" allow=\"accelerometer; autoplay; encrypted-media; gyroscope; picture-in-picture\" allowfullscreen><\/iframe><\/div><\/script><div class='av-click-to-play-overlay'><div class=\"avia_playpause_icon\"><\/div><\/div><\/div><\/div><\/p>\n<\/div><\/div><\/div>\n<\/div><\/div><\/div><\/p>\n<div class=\"flex_column av_one_full  flex_column_div av-zero-column-padding first  \" style='border-radius:0px; '><\/div>\n","protected":false},"excerpt":{"rendered":"","protected":false},"author":12,"featured_media":0,"parent":0,"menu_order":0,"comment_status":"closed","ping_status":"closed","template":"","meta":{"_exactmetrics_skip_tracking":false,"_exactmetrics_sitenote_active":false,"_exactmetrics_sitenote_note":"","_exactmetrics_sitenote_category":0,"footnotes":""},"class_list":["post-11158","page","type-page","status-publish","hentry"],"_links":{"self":[{"href":"https:\/\/extension.unvm.edu.ar\/index.php?rest_route=\/wp\/v2\/pages\/11158"}],"collection":[{"href":"https:\/\/extension.unvm.edu.ar\/index.php?rest_route=\/wp\/v2\/pages"}],"about":[{"href":"https:\/\/extension.unvm.edu.ar\/index.php?rest_route=\/wp\/v2\/types\/page"}],"author":[{"embeddable":true,"href":"https:\/\/extension.unvm.edu.ar\/index.php?rest_route=\/wp\/v2\/users\/12"}],"replies":[{"embeddable":true,"href":"https:\/\/extension.unvm.edu.ar\/index.php?rest_route=%2Fwp%2Fv2%2Fcomments&post=11158"}],"version-history":[{"count":42,"href":"https:\/\/extension.unvm.edu.ar\/index.php?rest_route=\/wp\/v2\/pages\/11158\/revisions"}],"predecessor-version":[{"id":23923,"href":"https:\/\/extension.unvm.edu.ar\/index.php?rest_route=\/wp\/v2\/pages\/11158\/revisions\/23923"}],"wp:attachment":[{"href":"https:\/\/extension.unvm.edu.ar\/index.php?rest_route=%2Fwp%2Fv2%2Fmedia&parent=11158"}],"curies":[{"name":"wp","href":"https:\/\/api.w.org\/{rel}","templated":true}]}}